{"version":"1.0","provider_name":"FEDE - F\u00e9d\u00e9ration Europ\u00e9enne Des Ecoles","provider_url":"https:\/\/www.fede.education\/en\/","author_name":"Trang BUI","author_url":"https:\/\/www.fede.education\/en\/author\/tbui\/","title":"Michel Maffesoli:\u202f\u201cWe\u2019re living in an age of revolt\u201d - FEDE - F\u00e9d\u00e9ration Europ\u00e9enne Des Ecoles","type":"rich","width":600,"height":338,"html":"<blockquote class=\"wp-embedded-content\" data-secret=\"dmPXUYQl0s\"><a href=\"https:\/\/www.fede.education\/en\/2021\/06\/30\/michel-maffesoli-nous-vivons-a-lere-des-soulevements\/\">Michel Maffesoli:\u202f\u201cWe\u2019re living in an age of revolt\u201d<\/a><\/blockquote><iframe sandbox=\"allow-scripts\" security=\"restricted\" src=\"https:\/\/www.fede.education\/en\/2021\/06\/30\/michel-maffesoli-nous-vivons-a-lere-des-soulevements\/embed\/#?secret=dmPXUYQl0s\" width=\"600\" height=\"338\" title=\"&#8220;Michel Maffesoli:\u202f\u201cWe\u2019re living in an age of revolt\u201d&#8221; &#8212; FEDE - F\u00e9d\u00e9ration Europ\u00e9enne Des Ecoles\" data-secret=\"dmPXUYQl0s\" frameborder=\"0\" marginwidth=\"0\" marginheight=\"0\" scrolling=\"no\" class=\"wp-embedded-content\"><\/iframe><script type=\"text\/javascript\">\n\/* <![CDATA[ *\/\n\/*! This file is auto-generated *\/\n!function(d,l){\"use strict\";l.querySelector&&d.addEventListener&&\"undefined\"!=typeof URL&&(d.wp=d.wp||{},d.wp.receiveEmbedMessage||(d.wp.receiveEmbedMessage=function(e){var t=e.data;if((t||t.secret||t.message||t.value)&&!\/[^a-zA-Z0-9]\/.test(t.secret)){for(var s,r,n,a=l.querySelectorAll('iframe[data-secret=\"'+t.secret+'\"]'),o=l.querySelectorAll('blockquote[data-secret=\"'+t.secret+'\"]'),c=new RegExp(\"^https?:$\",\"i\"),i=0;i<o.length;i++)o[i].style.display=\"none\";for(i=0;i<a.length;i++)s=a[i],e.source===s.contentWindow&&(s.removeAttribute(\"style\"),\"height\"===t.message?(1e3<(r=parseInt(t.value,10))?r=1e3:~~r<200&&(r=200),s.height=r):\"link\"===t.message&&(r=new URL(s.getAttribute(\"src\")),n=new URL(t.value),c.test(n.protocol))&&n.host===r.host&&l.activeElement===s&&(d.top.location.href=t.value))}},d.addEventListener(\"message\",d.wp.receiveEmbedMessage,!1),l.addEventListener(\"DOMContentLoaded\",function(){for(var e,t,s=l.querySelectorAll(\"iframe.wp-embedded-content\"),r=0;r<s.length;r++)(t=(e=s[r]).getAttribute(\"data-secret\"))||(t=Math.random().toString(36).substring(2,12),e.src+=\"#?secret=\"+t,e.setAttribute(\"data-secret\",t)),e.contentWindow.postMessage({message:\"ready\",secret:t},\"*\")},!1)))}(window,document);\n\/* ]]> *\/\n<\/script>\n","thumbnail_url":"https:\/\/www.fede.education\/wp-content\/uploads\/2022\/06\/Maffesoli-Bandeau-FEDE.jpg","thumbnail_width":1200,"thumbnail_height":627,"description":"Michel Maffesoli, founding member of the FEDE\u2019s Academic Council, a sociologist specialised in the imaginary, a professor emeritus at the Sorbonne, and an internationally recognised author, has just published his latest book. A socio-philosophical enquiry in 190 pages, it is entitled L\u2019\u00e8re de soul\u00e8vements [the age of revolt]. 30 years after the publication of Maffesoli\u2019s prophetic political work Le temps des tribus [the time of tribes], this new book conceptualises what he calls \u2018soft totalitarianism\u2019. In explaining and justifying the meaning of this term, Professor Maffesoli argues that the totalitarianism he is referring to, which is an informed reworking of what common knowledge calls \u2018politically correct,\u2019 is set to undergo attack from various directions. Michel Maffesoli\u2019s analysis should inform our understanding of the gilets jaunes [\u2018yellow vests\u2019] movement in France [&hellip;]"}