{"id":37665,"date":"2022-06-07T01:35:54","date_gmt":"2022-06-06T23:35:54","guid":{"rendered":"https:\/\/www.fede.education\/college-dexperts-fede\/"},"modified":"2026-01-26T09:58:15","modified_gmt":"2026-01-26T08:58:15","slug":"panel-of-experts","status":"publish","type":"page","link":"https:\/\/www.fede.education\/en\/panel-of-experts\/","title":{"rendered":"Panel of Experts"},"content":{"rendered":"<p><div class=\"fusion-fullwidth fullwidth-box fusion-builder-row-1 hundred-percent-fullwidth non-hundred-percent-height-scrolling\" style=\"--awb-border-radius-top-left:0px;--awb-border-radius-top-right:0px;--awb-border-radius-bottom-right:0px;--awb-border-radius-bottom-left:0px;--awb-padding-top:0px;--awb-padding-right:0px;--awb-padding-bottom:0px;--awb-padding-left:0px;--awb-margin-bottom:20px;--awb-flex-wrap:wrap;\" ><div class=\"fusion-builder-row fusion-row\"><div class=\"fusion-layout-column fusion_builder_column fusion-builder-column-0 fusion_builder_column_1_1 1_1 fusion-one-full fusion-column-first fusion-column-last\" style=\"--awb-bg-size:cover;--awb-margin-bottom:0px;\"><div class=\"fusion-column-wrapper fusion-column-has-shadow fusion-flex-column-wrapper-legacy\"><div class=\"fusion-title title fusion-title-1 fusion-sep-none fusion-title-text fusion-title-size-one\"><h1 class=\"fusion-title-heading title-heading-left\" style=\"margin:0;\">MEET THE PANEL OF EXPERTS<\/h1><\/div><div class=\"fusion-sep-clear\"><\/div><div class=\"fusion-separator fusion-full-width-sep\" style=\"margin-left: auto;margin-right: auto;margin-top:20px;width:100%;\"><\/div><div class=\"fusion-sep-clear\"><\/div><div class=\"fusion-text fusion-text-1\"><p>They write articles for the FEDE\u2019s publications. They speak at our academic conferences and seminars. Some of them also <strong>teach and supervise student research projects<\/strong> (European Master\u2019s and DBA degrees). Meet the members of the FEDE\u2019s Panel of Experts, listed below in alphabetical order.<\/p>\n<\/div><div class=\"fusion-title title fusion-title-2 fusion-title-center fusion-title-text fusion-title-size-four\" style=\"--awb-margin-top:40px;--awb-font-size:20px;\"><div class=\"title-sep-container title-sep-container-left\"><div class=\"title-sep sep-single sep-solid\" style=\"border-color:#e0dede;\"><\/div><\/div><span class=\"awb-title-spacer\"><\/span><h4 class=\"fusion-title-heading title-heading-center\" style=\"margin:0;font-size:1em;\">Alphabetical presentation of the members of the panel of experts<\/h4><span class=\"awb-title-spacer\"><\/span><div class=\"title-sep-container title-sep-container-right\"><div class=\"title-sep sep-single sep-solid\" style=\"border-color:#e0dede;\"><\/div><\/div><\/div><div class=\"fusion-clearfix\"><\/div><\/div><\/div><\/div><\/div><div class=\"fusion-fullwidth fullwidth-box fusion-builder-row-2 hundred-percent-fullwidth non-hundred-percent-height-scrolling\" style=\"--awb-border-radius-top-left:0px;--awb-border-radius-top-right:0px;--awb-border-radius-bottom-right:0px;--awb-border-radius-bottom-left:0px;--awb-padding-top:0px;--awb-padding-right:0px;--awb-padding-bottom:0px;--awb-padding-left:0px;--awb-margin-bottom:20px;--awb-flex-wrap:wrap;\" ><div class=\"fusion-builder-row fusion-row\"><div class=\"fusion-layout-column fusion_builder_column fusion-builder-column-1 fusion_builder_column_1_2 1_2 fusion-one-half fusion-column-first\" style=\"--awb-bg-size:cover;--awb-margin-bottom:0px;width:50%;width:calc(50% - ( ( 4% ) * 0.5 ) );margin-right: 4%;\"><div class=\"fusion-column-wrapper fusion-column-has-shadow fusion-flex-column-wrapper-legacy\"><div class=\"accordian fusion-accordian\" style=\"--awb-border-size:1px;--awb-icon-size:16px;--awb-content-font-size:14px;--awb-icon-alignment:left;--awb-hover-color:#f9f9f9;--awb-border-color:#cccccc;--awb-background-color:#ffffff;--awb-divider-color:#e0dede;--awb-divider-hover-color:#e0dede;--awb-icon-color:#ffffff;--awb-title-color:#f0663d;--awb-content-color:#747474;--awb-icon-box-color:#333333;--awb-toggle-hover-accent-color:#f0663d;--awb-title-font-family:&quot;Roboto&quot;;--awb-title-font-weight:700;--awb-title-font-style:normal;--awb-title-font-size:14px;--awb-content-font-family:&quot;Roboto&quot;;--awb-content-font-style:normal;--awb-content-font-weight:400;\"><div class=\"panel-group fusion-toggle-icon-boxed\" id=\"accordion-37665-1\"><div class=\"fusion-panel panel-default panel-0c17cb4bd617d1211 fusion-toggle-no-divider fusion-toggle-boxed-mode\"><div class=\"panel-heading\"><h4 class=\"panel-title toggle\" id=\"toggle_0c17cb4bd617d1211\"><a class=\"active\" aria-expanded=\"true\" aria-controls=\"0c17cb4bd617d1211\" role=\"button\" data-toggle=\"collapse\" data-parent=\"#accordion-37665-1\" data-target=\"#0c17cb4bd617d1211\" href=\"#0c17cb4bd617d1211\"><span class=\"fusion-toggle-icon-wrapper\" aria-hidden=\"true\"><i class=\"fa-fusion-box active-icon awb-icon-minus\" aria-hidden=\"true\"><\/i><i class=\"fa-fusion-box inactive-icon awb-icon-plus\" aria-hidden=\"true\"><\/i><\/span><span class=\"fusion-toggle-heading\">Clarisse Angelier<\/span><\/a><\/h4><\/div><div id=\"0c17cb4bd617d1211\" class=\"panel-collapse collapse in\" aria-labelledby=\"toggle_0c17cb4bd617d1211\"><div class=\"panel-body toggle-content fusion-clearfix\">\n<p><img decoding=\"async\" class=\"size-full wp-image-20147 alignleft\" src=\"https:\/\/www.fede.education\/wp-content\/uploads\/2022\/06\/Clarisse-Angelier-Membre-College-Experts-FEDE.png\" alt=\"\" width=\"150\" height=\"150\" srcset=\"https:\/\/www.fede.education\/wp-content\/uploads\/2022\/06\/Clarisse-Angelier-Membre-College-Experts-FEDE-66x66.png 66w, https:\/\/www.fede.education\/wp-content\/uploads\/2022\/06\/Clarisse-Angelier-Membre-College-Experts-FEDE.png 150w\" sizes=\"(max-width: 150px) 100vw, 150px\" \/>Clarisse Angelier has a PhD in materials science and is Delegate General of France\u2019s Association Nationale de Recherche et de la Technologie (ANRT). She is a strong believer in the value of exchanges between the public and private sectors.<\/p>\n<\/div><\/div><\/div><div class=\"fusion-panel panel-default panel-db04c454d9366c665 fusion-toggle-no-divider fusion-toggle-boxed-mode\"><div class=\"panel-heading\"><h4 class=\"panel-title toggle\" id=\"toggle_db04c454d9366c665\"><a aria-expanded=\"false\" aria-controls=\"db04c454d9366c665\" role=\"button\" data-toggle=\"collapse\" data-parent=\"#accordion-37665-1\" data-target=\"#db04c454d9366c665\" href=\"#db04c454d9366c665\"><span class=\"fusion-toggle-icon-wrapper\" aria-hidden=\"true\"><i class=\"fa-fusion-box active-icon awb-icon-minus\" aria-hidden=\"true\"><\/i><i class=\"fa-fusion-box inactive-icon awb-icon-plus\" aria-hidden=\"true\"><\/i><\/span><span class=\"fusion-toggle-heading\">Ali Armand<\/span><\/a><\/h4><\/div><div id=\"db04c454d9366c665\" class=\"panel-collapse collapse \" aria-labelledby=\"toggle_db04c454d9366c665\"><div class=\"panel-body toggle-content fusion-clearfix\"><img decoding=\"async\" class=\"size-full wp-image-20148 alignleft\" src=\"https:\/\/www.fede.education\/wp-content\/uploads\/2022\/06\/Ali-Armand-Membre-College-Experts-FEDE.png\" alt=\"\" width=\"150\" height=\"150\" srcset=\"https:\/\/www.fede.education\/wp-content\/uploads\/2022\/06\/Ali-Armand-Membre-College-Experts-FEDE-66x66.png 66w, https:\/\/www.fede.education\/wp-content\/uploads\/2022\/06\/Ali-Armand-Membre-College-Experts-FEDE.png 150w\" sizes=\"(max-width: 150px) 100vw, 150px\" \/>Ali Armand has a PhD in sociology and a DESS in social psychology. In the past he was director of a programme on career management and the validation of professional experience at the University of Nanterre. He is currently Managing Director of APAD Conseil Management Formation and a qualified coach specialised in the supervision of senior managers.<\/div><\/div><\/div><div class=\"fusion-panel panel-default panel-1aceabece17f981dd fusion-toggle-no-divider fusion-toggle-boxed-mode\"><div class=\"panel-heading\"><h4 class=\"panel-title toggle\" id=\"toggle_1aceabece17f981dd\"><a aria-expanded=\"false\" aria-controls=\"1aceabece17f981dd\" role=\"button\" data-toggle=\"collapse\" data-parent=\"#accordion-37665-1\" data-target=\"#1aceabece17f981dd\" href=\"#1aceabece17f981dd\"><span class=\"fusion-toggle-icon-wrapper\" aria-hidden=\"true\"><i class=\"fa-fusion-box active-icon awb-icon-minus\" aria-hidden=\"true\"><\/i><i class=\"fa-fusion-box inactive-icon awb-icon-plus\" aria-hidden=\"true\"><\/i><\/span><span class=\"fusion-toggle-heading\">Antoine B\u00e9on<\/span><\/a><\/h4><\/div><div id=\"1aceabece17f981dd\" class=\"panel-collapse collapse \" aria-labelledby=\"toggle_1aceabece17f981dd\"><div class=\"panel-body toggle-content fusion-clearfix\">\n<p><img decoding=\"async\" class=\"size-full wp-image-20150 alignleft\" src=\"https:\/\/www.fede.education\/wp-content\/uploads\/2022\/06\/Antoine-Beon-Membre-College-Experts-FEDE.png\" alt=\"\" width=\"150\" height=\"150\" srcset=\"https:\/\/www.fede.education\/wp-content\/uploads\/2022\/06\/Antoine-Beon-Membre-College-Experts-FEDE-66x66.png 66w, https:\/\/www.fede.education\/wp-content\/uploads\/2022\/06\/Antoine-Beon-Membre-College-Experts-FEDE.png 150w\" sizes=\"(max-width: 150px) 100vw, 150px\" \/>Antoine B\u00e9on has a master\u2019s in product design and another in education. Having previously taught at Cr\u00e9apole-ESDI, he is currently Series Editor (Heroes) and Artistic Director at Hachette.<\/p>\n<\/div><\/div><\/div><div class=\"fusion-panel panel-default panel-58be7f6cd1f982448 fusion-toggle-no-divider fusion-toggle-boxed-mode\"><div class=\"panel-heading\"><h4 class=\"panel-title toggle\" id=\"toggle_58be7f6cd1f982448\"><a aria-expanded=\"false\" aria-controls=\"58be7f6cd1f982448\" role=\"button\" data-toggle=\"collapse\" data-parent=\"#accordion-37665-1\" data-target=\"#58be7f6cd1f982448\" href=\"#58be7f6cd1f982448\"><span class=\"fusion-toggle-icon-wrapper\" aria-hidden=\"true\"><i class=\"fa-fusion-box active-icon awb-icon-minus\" aria-hidden=\"true\"><\/i><i class=\"fa-fusion-box inactive-icon awb-icon-plus\" aria-hidden=\"true\"><\/i><\/span><span class=\"fusion-toggle-heading\">Olivier Bischoff<\/span><\/a><\/h4><\/div><div id=\"58be7f6cd1f982448\" class=\"panel-collapse collapse \" aria-labelledby=\"toggle_58be7f6cd1f982448\"><div class=\"panel-body toggle-content fusion-clearfix\">\n<p><img decoding=\"async\" class=\"size-full wp-image-20151 alignleft\" src=\"https:\/\/www.fede.education\/wp-content\/uploads\/2022\/06\/Olivier-Bischoff-Membre-College-Experts-FEDE.png\" alt=\"\" width=\"150\" height=\"150\" srcset=\"https:\/\/www.fede.education\/wp-content\/uploads\/2022\/06\/Olivier-Bischoff-Membre-College-Experts-FEDE-66x66.png 66w, https:\/\/www.fede.education\/wp-content\/uploads\/2022\/06\/Olivier-Bischoff-Membre-College-Experts-FEDE.png 150w\" sizes=\"(max-width: 150px) 100vw, 150px\" \/>An expert in events communications, Olivier Bischoff has a research degree in economics and international commerce (Institut d\u2019Etudes des Relations Internationales). He is currently General Director of Sport and Regions at Dentsu Consulting. He began his career at the French Ministry of Youth and Sport before taking up the post of Deputy Director of Communications at La Fran\u00e7aise des Jeux (1990-1999). From 2000 to 2010 he headed the agency Carat Sport, and from 2011 to 2016 he was Director General of MKTG, Dentsu\u2019s lifestyle and marketing agency.<\/p>\n<\/div><\/div><\/div><div class=\"fusion-panel panel-default panel-b504f747c0ec80f4f fusion-toggle-no-divider fusion-toggle-boxed-mode\"><div class=\"panel-heading\"><h4 class=\"panel-title toggle\" id=\"toggle_b504f747c0ec80f4f\"><a aria-expanded=\"false\" aria-controls=\"b504f747c0ec80f4f\" role=\"button\" data-toggle=\"collapse\" data-parent=\"#accordion-37665-1\" data-target=\"#b504f747c0ec80f4f\" href=\"#b504f747c0ec80f4f\"><span class=\"fusion-toggle-icon-wrapper\" aria-hidden=\"true\"><i class=\"fa-fusion-box active-icon awb-icon-minus\" aria-hidden=\"true\"><\/i><i class=\"fa-fusion-box inactive-icon awb-icon-plus\" aria-hidden=\"true\"><\/i><\/span><span class=\"fusion-toggle-heading\">Genci Burimi<\/span><\/a><\/h4><\/div><div id=\"b504f747c0ec80f4f\" class=\"panel-collapse collapse \" aria-labelledby=\"toggle_b504f747c0ec80f4f\"><div class=\"panel-body toggle-content fusion-clearfix\">\n<p>A graduate of the Institut d\u2019Etudes Politiques, Paris, Genci Burimi also has a master\u2019s in international relations from the Sorbonne. A former diplomat and Albanian cultural attach\u00e9 in France, he currently teaches a seminar on European funds at the faculty of European Studies of the University of Cluj (Romania). He is also a journalist at Radio France Internationale in Paris and writes a column for the leading Albanian daily; he also produces the Albanian economic report for the <em>Economist<\/em>\u2019s annual special issue \u2018The World in [year x]\u2019.<\/p>\n<\/div><\/div><\/div><div class=\"fusion-panel panel-default panel-e2f3225f6927706c4 fusion-toggle-no-divider fusion-toggle-boxed-mode\"><div class=\"panel-heading\"><h4 class=\"panel-title toggle\" id=\"toggle_e2f3225f6927706c4\"><a aria-expanded=\"false\" aria-controls=\"e2f3225f6927706c4\" role=\"button\" data-toggle=\"collapse\" data-parent=\"#accordion-37665-1\" data-target=\"#e2f3225f6927706c4\" href=\"#e2f3225f6927706c4\"><span class=\"fusion-toggle-icon-wrapper\" aria-hidden=\"true\"><i class=\"fa-fusion-box active-icon awb-icon-minus\" aria-hidden=\"true\"><\/i><i class=\"fa-fusion-box inactive-icon awb-icon-plus\" aria-hidden=\"true\"><\/i><\/span><span class=\"fusion-toggle-heading\">Sara Bystrom<\/span><\/a><\/h4><\/div><div id=\"e2f3225f6927706c4\" class=\"panel-collapse collapse \" aria-labelledby=\"toggle_e2f3225f6927706c4\"><div class=\"panel-body toggle-content fusion-clearfix\">\n<p><img decoding=\"async\" class=\"size-full wp-image-20152 alignleft\" src=\"https:\/\/www.fede.education\/wp-content\/uploads\/2022\/06\/Sara-Bystrom-Membre-College-Experts-FEDE.png\" alt=\"\" width=\"150\" height=\"150\" srcset=\"https:\/\/www.fede.education\/wp-content\/uploads\/2022\/06\/Sara-Bystrom-Membre-College-Experts-FEDE-66x66.png 66w, https:\/\/www.fede.education\/wp-content\/uploads\/2022\/06\/Sara-Bystrom-Membre-College-Experts-FEDE.png 150w\" sizes=\"(max-width: 150px) 100vw, 150px\" \/>An international lawyer based in Paris, Sara Bystrom is a specialist on literary and artistic property law, photography and photographers law and internet and innovation law. Of Swedish origin, she lives in Paris and has a master\u2019s in literary and artistic property and intellectual property from the University of Nantes, a diploma in American business law from the CNAM, Paris, and a master\u2019s in cultural heritage from the University of Sceaux. A committed European in both her life and work, her knowledge of several languages has helped her develop a network of clients across the world. She is widely recognised as an expert on strategy for artistic and cultural operations in international law.<\/p>\n<\/div><\/div><\/div><div class=\"fusion-panel panel-default panel-4c4f4c85e5b7b4fe4 fusion-toggle-no-divider fusion-toggle-boxed-mode\" style=\"--awb-title-color:#f0663d;\"><div class=\"panel-heading\"><h4 class=\"panel-title toggle\" id=\"toggle_4c4f4c85e5b7b4fe4\"><a aria-expanded=\"false\" aria-controls=\"4c4f4c85e5b7b4fe4\" role=\"button\" data-toggle=\"collapse\" data-parent=\"#accordion-37665-1\" data-target=\"#4c4f4c85e5b7b4fe4\" href=\"#4c4f4c85e5b7b4fe4\"><span class=\"fusion-toggle-icon-wrapper\" aria-hidden=\"true\"><i class=\"fa-fusion-box active-icon awb-icon-minus\" aria-hidden=\"true\"><\/i><i class=\"fa-fusion-box inactive-icon awb-icon-plus\" aria-hidden=\"true\"><\/i><\/span><span class=\"fusion-toggle-heading\">Wing Fa Olivier Chan<\/span><\/a><\/h4><\/div><div id=\"4c4f4c85e5b7b4fe4\" class=\"panel-collapse collapse \" aria-labelledby=\"toggle_4c4f4c85e5b7b4fe4\"><div class=\"panel-body toggle-content fusion-clearfix\">\n<p><img decoding=\"async\" class=\" wp-image-8196736\" src=\"https:\/\/www.fede.education\/wp-content\/uploads\/2026\/01\/Wing-Fa-CHAN.jpg\" alt=\"\" width=\"177\" height=\"181\" srcset=\"https:\/\/www.fede.education\/wp-content\/uploads\/2026\/01\/Wing-Fa-CHAN-66x66.jpg 66w, https:\/\/www.fede.education\/wp-content\/uploads\/2026\/01\/Wing-Fa-CHAN-200x204.jpg 200w, https:\/\/www.fede.education\/wp-content\/uploads\/2026\/01\/Wing-Fa-CHAN.jpg 292w\" sizes=\"(max-width: 177px) 100vw, 177px\" \/><\/p>\n<p>Wing Fa Oliver CHAN holds a Doctor in Business Administration (DBA) from the F\u00e9d\u00e9ration Europ\u00e9enne des \u00c9coles (FEDE), awarded with Distinction (Mention Tr\u00e8s Honorable). Her dissertation addresses organizational improvement in occupational footwear fitting and strategic decision-making in procurement policy.<\/p>\n<p>Her son&#8217;s experience as a member of the armed forces, facing foot-related pain and injuries despite wearing issued equipment, was the catalyst for this research. This approach grounded academic reflection in concrete field-based challenges, directly connected to occupational risk prevention.<\/p>\n<p>Her research demonstrates how the conceptual A1.2 framework\u2014linking policy, footwear fit, injury prevention, and organizational performance\u2014delivers measurable return on investment (ROI) for organizations. The research addresses multiple domains: biomechanics and injuries related to shoe width; professional decision-making in footwear size selection; procurement policies for occupational footwear.<\/p>\n<p>The doctoral defence took place in December 2024 and was awarded the distinction &#8220;Tr\u00e8s Honorable.&#8221; The jury commended the quality and relevance of the research for the professional organizations concerned.<\/p>\n<\/div><\/div><\/div><div class=\"fusion-panel panel-default panel-14a648612bc052a80 fusion-toggle-no-divider fusion-toggle-boxed-mode\"><div class=\"panel-heading\"><h4 class=\"panel-title toggle\" id=\"toggle_14a648612bc052a80\"><a aria-expanded=\"false\" aria-controls=\"14a648612bc052a80\" role=\"button\" data-toggle=\"collapse\" data-parent=\"#accordion-37665-1\" data-target=\"#14a648612bc052a80\" href=\"#14a648612bc052a80\"><span class=\"fusion-toggle-icon-wrapper\" aria-hidden=\"true\"><i class=\"fa-fusion-box active-icon awb-icon-minus\" aria-hidden=\"true\"><\/i><i class=\"fa-fusion-box inactive-icon awb-icon-plus\" aria-hidden=\"true\"><\/i><\/span><span class=\"fusion-toggle-heading\">Sandra Coulibaly Leroy<\/span><\/a><\/h4><\/div><div id=\"14a648612bc052a80\" class=\"panel-collapse collapse \" aria-labelledby=\"toggle_14a648612bc052a80\"><div class=\"panel-body toggle-content fusion-clearfix\">\n<p>Knight Order of Academic Palms 2010<br \/>\nHolder of two DEA (International Relations Paris 13 and New Information and Communication Technologies Paris 8) and an Executive Master in International Negotiation and PoliticsInternational Relations (Graduate Institute of International and Development Studies -IHEID-).<br \/>\nSandra Coulibaly Leroy currently holds the position of Assistant Director, in charge of Foresight as well as Analysis and Strategic Watch within the Programming and Strategic Development Department of the International Organization of the Francophonie (OIF). Created at the end of 2014, this new function aims to strengthen the institution\u2019s capacity for strategic reflection and to engage in reflections on the future in a more open and exploratory manner within the framework of the OIF\u2019s programming.<\/p>\n<\/div><\/div><\/div><div class=\"fusion-panel panel-default panel-3a18bda751ee723ab fusion-toggle-no-divider fusion-toggle-boxed-mode\"><div class=\"panel-heading\"><h4 class=\"panel-title toggle\" id=\"toggle_3a18bda751ee723ab\"><a aria-expanded=\"false\" aria-controls=\"3a18bda751ee723ab\" role=\"button\" data-toggle=\"collapse\" data-parent=\"#accordion-37665-1\" data-target=\"#3a18bda751ee723ab\" href=\"#3a18bda751ee723ab\"><span class=\"fusion-toggle-icon-wrapper\" aria-hidden=\"true\"><i class=\"fa-fusion-box active-icon awb-icon-minus\" aria-hidden=\"true\"><\/i><i class=\"fa-fusion-box inactive-icon awb-icon-plus\" aria-hidden=\"true\"><\/i><\/span><span class=\"fusion-toggle-heading\">Jeanne Courouble<\/span><\/a><\/h4><\/div><div id=\"3a18bda751ee723ab\" class=\"panel-collapse collapse \" aria-labelledby=\"toggle_3a18bda751ee723ab\"><div class=\"panel-body toggle-content fusion-clearfix\">\n<p>Lecturer at HEC Entrepreneurs, in charge of theses and dissertations.<br \/>\nAt the initiative of the HEC Entrepreneurs Prize, created in 2016. Colonel of the Army Citizen Reserve. Member of the Soci\u00e9t\u00e9 des Gens de Lettres (SGDL). Leonardo da Vinci University Pole: at the initiative of the Attract\u2019Cr\u00e9a cycle (2012-2016) of the Entrepreneurship Major\u2019s business creation seminars (2012-2016), Honorary Patron of DeVinci Startup (2017 to date). Author of numerous books on business creation, sustainable development and health management, including Eyrolles, (co-author Clarisse Angelier):<br \/>\n\u2013 Ces innovateurs cr\u00e9ateurs de croissance \u2013 Quand doctorat se conjugate avec entrepreneuriat).<\/p>\n<\/div><\/div><\/div><div class=\"fusion-panel panel-default panel-b260eda157c03b92e fusion-toggle-no-divider fusion-toggle-boxed-mode\"><div class=\"panel-heading\"><h4 class=\"panel-title toggle\" id=\"toggle_b260eda157c03b92e\"><a aria-expanded=\"false\" aria-controls=\"b260eda157c03b92e\" role=\"button\" data-toggle=\"collapse\" data-parent=\"#accordion-37665-1\" data-target=\"#b260eda157c03b92e\" href=\"#b260eda157c03b92e\"><span class=\"fusion-toggle-icon-wrapper\" aria-hidden=\"true\"><i class=\"fa-fusion-box active-icon awb-icon-minus\" aria-hidden=\"true\"><\/i><i class=\"fa-fusion-box inactive-icon awb-icon-plus\" aria-hidden=\"true\"><\/i><\/span><span class=\"fusion-toggle-heading\">Emilie Coutant<\/span><\/a><\/h4><\/div><div id=\"b260eda157c03b92e\" class=\"panel-collapse collapse \" aria-labelledby=\"toggle_b260eda157c03b92e\"><div class=\"panel-body toggle-content fusion-clearfix\">\n<p><img decoding=\"async\" class=\"size-full wp-image-20154 alignleft\" src=\"https:\/\/www.fede.education\/wp-content\/uploads\/2022\/06\/Emilie-Coutant-Membre-College-Experts-FEDE.png\" alt=\"\" width=\"150\" height=\"150\" srcset=\"https:\/\/www.fede.education\/wp-content\/uploads\/2022\/06\/Emilie-Coutant-Membre-College-Experts-FEDE-66x66.png 66w, https:\/\/www.fede.education\/wp-content\/uploads\/2022\/06\/Emilie-Coutant-Membre-College-Experts-FEDE.png 150w\" sizes=\"(max-width: 150px) 100vw, 150px\" \/>A sociologist specialised in the contemporary social imaginary, Emilie Coutant is a teacher-researcher at the Universities of Angers and Montpellier (IRSA-CRI Laboratory). She is also an editorial contributor to the Cahiers Europ\u00e9ens de l\u2019Imaginaire (CNRS Editions).<\/p>\n<\/div><\/div><\/div><div class=\"fusion-panel panel-default panel-186242e41c2c9fa69 fusion-toggle-no-divider fusion-toggle-boxed-mode\"><div class=\"panel-heading\"><h4 class=\"panel-title toggle\" id=\"toggle_186242e41c2c9fa69\"><a aria-expanded=\"false\" aria-controls=\"186242e41c2c9fa69\" role=\"button\" data-toggle=\"collapse\" data-parent=\"#accordion-37665-1\" data-target=\"#186242e41c2c9fa69\" href=\"#186242e41c2c9fa69\"><span class=\"fusion-toggle-icon-wrapper\" aria-hidden=\"true\"><i class=\"fa-fusion-box active-icon awb-icon-minus\" aria-hidden=\"true\"><\/i><i class=\"fa-fusion-box inactive-icon awb-icon-plus\" aria-hidden=\"true\"><\/i><\/span><span class=\"fusion-toggle-heading\">Demosthenes Davvetas<\/span><\/a><\/h4><\/div><div id=\"186242e41c2c9fa69\" class=\"panel-collapse collapse \" aria-labelledby=\"toggle_186242e41c2c9fa69\"><div class=\"panel-body toggle-content fusion-clearfix\">\n<p><img decoding=\"async\" class=\"size-full wp-image-20157 alignleft\" src=\"https:\/\/www.fede.education\/wp-content\/uploads\/2022\/06\/Demosthenes-Davvetas-Membre-College-Experts-FEDE.png\" alt=\"\" width=\"150\" height=\"150\" srcset=\"https:\/\/www.fede.education\/wp-content\/uploads\/2022\/06\/Demosthenes-Davvetas-Membre-College-Experts-FEDE-66x66.png 66w, https:\/\/www.fede.education\/wp-content\/uploads\/2022\/06\/Demosthenes-Davvetas-Membre-College-Experts-FEDE.png 150w\" sizes=\"(max-width: 150px) 100vw, 150px\" \/>Demosthenes Davvetas is a Greek philosopher and artist with a passion for culture and education.<\/p>\n<\/div><\/div><\/div><div class=\"fusion-panel panel-default panel-e0c99ef8fca6b0882 fusion-toggle-no-divider fusion-toggle-boxed-mode\"><div class=\"panel-heading\"><h4 class=\"panel-title toggle\" id=\"toggle_e0c99ef8fca6b0882\"><a aria-expanded=\"false\" aria-controls=\"e0c99ef8fca6b0882\" role=\"button\" data-toggle=\"collapse\" data-parent=\"#accordion-37665-1\" data-target=\"#e0c99ef8fca6b0882\" href=\"#e0c99ef8fca6b0882\"><span class=\"fusion-toggle-icon-wrapper\" aria-hidden=\"true\"><i class=\"fa-fusion-box active-icon awb-icon-minus\" aria-hidden=\"true\"><\/i><i class=\"fa-fusion-box inactive-icon awb-icon-plus\" aria-hidden=\"true\"><\/i><\/span><span class=\"fusion-toggle-heading\">Marc Delachauss\u00e9e<\/span><\/a><\/h4><\/div><div id=\"e0c99ef8fca6b0882\" class=\"panel-collapse collapse \" aria-labelledby=\"toggle_e0c99ef8fca6b0882\"><div class=\"panel-body toggle-content fusion-clearfix\">\n<p><img decoding=\"async\" class=\"size-full wp-image-20155 alignleft\" src=\"https:\/\/www.fede.education\/wp-content\/uploads\/2022\/06\/Marc-Delachaussee-Membre-College-Experts-FEDE.png\" alt=\"\" width=\"150\" height=\"150\" srcset=\"https:\/\/www.fede.education\/wp-content\/uploads\/2022\/06\/Marc-Delachaussee-Membre-College-Experts-FEDE-66x66.png 66w, https:\/\/www.fede.education\/wp-content\/uploads\/2022\/06\/Marc-Delachaussee-Membre-College-Experts-FEDE.png 150w\" sizes=\"(max-width: 150px) 100vw, 150px\" \/>A former student of the \u00c9cole Normale Sup\u00e9rieure de Cachan, Marc Delachauss\u00e9e has a DEA in general policy and strategy for organisations. In the past he has held the posts of Financial and Risk Management Director at the BPCE (Banque Populaire Caisse d\u2019\u00c9pargne) and Treasurer at Natixis Global Asset Management (BPCE Group).<\/p>\n<\/div><\/div><\/div><div class=\"fusion-panel panel-default panel-4b0d2e383349b869e fusion-toggle-no-divider fusion-toggle-boxed-mode\"><div class=\"panel-heading\"><h4 class=\"panel-title toggle\" id=\"toggle_4b0d2e383349b869e\"><a aria-expanded=\"false\" aria-controls=\"4b0d2e383349b869e\" role=\"button\" data-toggle=\"collapse\" data-parent=\"#accordion-37665-1\" data-target=\"#4b0d2e383349b869e\" href=\"#4b0d2e383349b869e\"><span class=\"fusion-toggle-icon-wrapper\" aria-hidden=\"true\"><i class=\"fa-fusion-box active-icon awb-icon-minus\" aria-hidden=\"true\"><\/i><i class=\"fa-fusion-box inactive-icon awb-icon-plus\" aria-hidden=\"true\"><\/i><\/span><span class=\"fusion-toggle-heading\">St\u00e9phane Hugon<\/span><\/a><\/h4><\/div><div id=\"4b0d2e383349b869e\" class=\"panel-collapse collapse \" aria-labelledby=\"toggle_4b0d2e383349b869e\"><div class=\"panel-body toggle-content fusion-clearfix\">\n<p>Doctor in sociology, teacher at the Ecole Nationale Sup\u00e9rieure de Cr\u00e9ation Industrielle (ENSCI), co-founder and director of a research and consulting company, St\u00e9phane Hugon works on professional changes linked to digital transformation. More generally, he is interested in the imaginary of the digital world.<\/p>\n<\/div><\/div><\/div><div class=\"fusion-panel panel-default panel-12213997d32a07b2a fusion-toggle-no-divider fusion-toggle-boxed-mode\"><div class=\"panel-heading\"><h4 class=\"panel-title toggle\" id=\"toggle_12213997d32a07b2a\"><a aria-expanded=\"false\" aria-controls=\"12213997d32a07b2a\" role=\"button\" data-toggle=\"collapse\" data-parent=\"#accordion-37665-1\" data-target=\"#12213997d32a07b2a\" href=\"#12213997d32a07b2a\"><span class=\"fusion-toggle-icon-wrapper\" aria-hidden=\"true\"><i class=\"fa-fusion-box active-icon awb-icon-minus\" aria-hidden=\"true\"><\/i><i class=\"fa-fusion-box inactive-icon awb-icon-plus\" aria-hidden=\"true\"><\/i><\/span><span class=\"fusion-toggle-heading\">Noel Imber-Bouchard<\/span><\/a><\/h4><\/div><div id=\"12213997d32a07b2a\" class=\"panel-collapse collapse \" aria-labelledby=\"toggle_12213997d32a07b2a\"><div class=\"panel-body toggle-content fusion-clearfix\">\n<p><img decoding=\"async\" class=\"size-full wp-image-20156 alignleft\" src=\"https:\/\/www.fede.education\/wp-content\/uploads\/2022\/06\/Noel-Imber-Bouchard-Membre-College-Experts-FEDE.png\" alt=\"\" width=\"150\" height=\"150\" srcset=\"https:\/\/www.fede.education\/wp-content\/uploads\/2022\/06\/Noel-Imber-Bouchard-Membre-College-Experts-FEDE-66x66.png 66w, https:\/\/www.fede.education\/wp-content\/uploads\/2022\/06\/Noel-Imber-Bouchard-Membre-College-Experts-FEDE.png 150w\" sizes=\"(max-width: 150px) 100vw, 150px\" \/>A graduate of the Institut d\u2019\u00c9tudes Politiques, Strasbourg, No\u00ebl Imber-Bouchard has held the posts of Technical Adviser at the French Ministry of Tourism, Co-Founder and Manager of ABCD and Carbure Communication (a cultural and tourism development agency) and Secretary General at the \u00c9cole des Mines, Paris.<\/p>\n<\/div><\/div><\/div><div class=\"fusion-panel panel-default panel-2100059dd71c3222a fusion-toggle-no-divider fusion-toggle-boxed-mode\"><div class=\"panel-heading\"><h4 class=\"panel-title toggle\" id=\"toggle_2100059dd71c3222a\"><a aria-expanded=\"false\" aria-controls=\"2100059dd71c3222a\" role=\"button\" data-toggle=\"collapse\" data-parent=\"#accordion-37665-1\" data-target=\"#2100059dd71c3222a\" href=\"#2100059dd71c3222a\"><span class=\"fusion-toggle-icon-wrapper\" aria-hidden=\"true\"><i class=\"fa-fusion-box active-icon awb-icon-minus\" aria-hidden=\"true\"><\/i><i class=\"fa-fusion-box inactive-icon awb-icon-plus\" aria-hidden=\"true\"><\/i><\/span><span class=\"fusion-toggle-heading\">Thierry Lassalle<\/span><\/a><\/h4><\/div><div id=\"2100059dd71c3222a\" class=\"panel-collapse collapse \" aria-labelledby=\"toggle_2100059dd71c3222a\"><div class=\"panel-body toggle-content fusion-clearfix\">\n<p><img decoding=\"async\" class=\"size-full wp-image-20162 alignleft\" src=\"https:\/\/www.fede.education\/wp-content\/uploads\/2022\/06\/Thierry-Lassalle-Membre-College-Experts-FEDE.png\" alt=\"\" width=\"150\" height=\"150\" srcset=\"https:\/\/www.fede.education\/wp-content\/uploads\/2022\/06\/Thierry-Lassalle-Membre-College-Experts-FEDE-66x66.png 66w, https:\/\/www.fede.education\/wp-content\/uploads\/2022\/06\/Thierry-Lassalle-Membre-College-Experts-FEDE.png 150w\" sizes=\"(max-width: 150px) 100vw, 150px\" \/><span lang=\"en-GB\">Thierry Lassalle is graduated from the University of Paris-1 in 1994 with a degree in labour law.<\/span><span lang=\"en-GB\">Having initially worked as team leader for development and cooperation projects funded by major sponsors (largely in the former Soviet Union), he spent seven years as Labour Relations Manager at Thales, where he was in charge of collective negotiations and merger\/integration operations. In 2006, he became Human Ressources Director at Coteba.<\/span><span lang=\"en-GB\">He is currently Director of Human Resources at Artelia (construction engineering).<\/span><\/p>\n<\/div><\/div><\/div><div class=\"fusion-panel panel-default panel-37290081d87c56568 fusion-toggle-no-divider fusion-toggle-boxed-mode\"><div class=\"panel-heading\"><h4 class=\"panel-title toggle\" id=\"toggle_37290081d87c56568\"><a aria-expanded=\"false\" aria-controls=\"37290081d87c56568\" role=\"button\" data-toggle=\"collapse\" data-parent=\"#accordion-37665-1\" data-target=\"#37290081d87c56568\" href=\"#37290081d87c56568\"><span class=\"fusion-toggle-icon-wrapper\" aria-hidden=\"true\"><i class=\"fa-fusion-box active-icon awb-icon-minus\" aria-hidden=\"true\"><\/i><i class=\"fa-fusion-box inactive-icon awb-icon-plus\" aria-hidden=\"true\"><\/i><\/span><span class=\"fusion-toggle-heading\">Jean-Philippe Lef\u00e8vre<\/span><\/a><\/h4><\/div><div id=\"37290081d87c56568\" class=\"panel-collapse collapse \" aria-labelledby=\"toggle_37290081d87c56568\"><div class=\"panel-body toggle-content fusion-clearfix\">\n<p><img decoding=\"async\" class=\"size-full wp-image-20159 alignleft\" src=\"https:\/\/www.fede.education\/wp-content\/uploads\/2022\/06\/Jean-Philippe-Lefevre-Membre-College-Experts-FEDE.png\" alt=\"\" width=\"150\" height=\"150\" srcset=\"https:\/\/www.fede.education\/wp-content\/uploads\/2022\/06\/Jean-Philippe-Lefevre-Membre-College-Experts-FEDE-66x66.png 66w, https:\/\/www.fede.education\/wp-content\/uploads\/2022\/06\/Jean-Philippe-Lefevre-Membre-College-Experts-FEDE.png 150w\" sizes=\"(max-width: 150px) 100vw, 150px\" \/>Jean-Philippe Lef\u00e8vre is an expert on cultural policy.<\/p>\n<\/div><\/div><\/div><div class=\"fusion-panel panel-default panel-74109c57966d65418 fusion-toggle-no-divider fusion-toggle-boxed-mode\"><div class=\"panel-heading\"><h4 class=\"panel-title toggle\" id=\"toggle_74109c57966d65418\"><a aria-expanded=\"false\" aria-controls=\"74109c57966d65418\" role=\"button\" data-toggle=\"collapse\" data-parent=\"#accordion-37665-1\" data-target=\"#74109c57966d65418\" href=\"#74109c57966d65418\"><span class=\"fusion-toggle-icon-wrapper\" aria-hidden=\"true\"><i class=\"fa-fusion-box active-icon awb-icon-minus\" aria-hidden=\"true\"><\/i><i class=\"fa-fusion-box inactive-icon awb-icon-plus\" aria-hidden=\"true\"><\/i><\/span><span class=\"fusion-toggle-heading\">Jean-Pierre Lehnisch<\/span><\/a><\/h4><\/div><div id=\"74109c57966d65418\" class=\"panel-collapse collapse \" aria-labelledby=\"toggle_74109c57966d65418\"><div class=\"panel-body toggle-content fusion-clearfix\">\n<p><img decoding=\"async\" class=\"size-full wp-image-20161 alignleft\" src=\"https:\/\/www.fede.education\/wp-content\/uploads\/2022\/06\/Jean-Pierre-Lehnisch-Membre-College-Experts-FEDE.png\" alt=\"\" width=\"150\" height=\"150\" srcset=\"https:\/\/www.fede.education\/wp-content\/uploads\/2022\/06\/Jean-Pierre-Lehnisch-Membre-College-Experts-FEDE-66x66.png 66w, https:\/\/www.fede.education\/wp-content\/uploads\/2022\/06\/Jean-Pierre-Lehnisch-Membre-College-Experts-FEDE.png 150w\" sizes=\"(max-width: 150px) 100vw, 150px\" \/>President and Director General of the JPL-CNFDI Group, Jean-Pierre Lehnisch has a PhD in law and a bachelor\u2019s in sociology. He has dedicated his career to distance learning. In 1979 he defended (Panth\u00e9on-Sorbonne University, Paris) the first ever European thesis on distance learning. A renowned expert on open distance learning, he has published several books on the subject, mostly published by PUF, including <em>L\u2019enseignement \u00e0 distance<\/em>\u00a0(<em>Que sais-je series<\/em>).<\/p>\n<\/div><\/div><\/div><div class=\"fusion-panel panel-default panel-794c789cdda0efe25 fusion-toggle-no-divider fusion-toggle-boxed-mode\"><div class=\"panel-heading\"><h4 class=\"panel-title toggle\" id=\"toggle_794c789cdda0efe25\"><a aria-expanded=\"false\" aria-controls=\"794c789cdda0efe25\" role=\"button\" data-toggle=\"collapse\" data-parent=\"#accordion-37665-1\" data-target=\"#794c789cdda0efe25\" href=\"#794c789cdda0efe25\"><span class=\"fusion-toggle-icon-wrapper\" aria-hidden=\"true\"><i class=\"fa-fusion-box active-icon awb-icon-minus\" aria-hidden=\"true\"><\/i><i class=\"fa-fusion-box inactive-icon awb-icon-plus\" aria-hidden=\"true\"><\/i><\/span><span class=\"fusion-toggle-heading\">Michel Lepoix<\/span><\/a><\/h4><\/div><div id=\"794c789cdda0efe25\" class=\"panel-collapse collapse \" aria-labelledby=\"toggle_794c789cdda0efe25\"><div class=\"panel-body toggle-content fusion-clearfix\">\n<p><img decoding=\"async\" class=\"size-full wp-image-20164 alignleft\" src=\"https:\/\/www.fede.education\/wp-content\/uploads\/2022\/06\/Michel-Lepoix-Membre-College-Experts-FEDE.png\" alt=\"\" width=\"150\" height=\"150\" srcset=\"https:\/\/www.fede.education\/wp-content\/uploads\/2022\/06\/Michel-Lepoix-Membre-College-Experts-FEDE-66x66.png 66w, https:\/\/www.fede.education\/wp-content\/uploads\/2022\/06\/Michel-Lepoix-Membre-College-Experts-FEDE.png 150w\" sizes=\"(max-width: 150px) 100vw, 150px\" \/>An honorary divisional superintendent, <a href=\"https:\/\/www.fede.education\/fr\/college-of-experts-fede\/#1494402598180-86f68d91-e6ba\">Michel Lepoix<\/a> has two DESS degrees (political science and administration, Paris Panth\u00e9on-Assas University). He has held the posts of Central Commissioner of Paris\u2019s 16<sup>th<\/sup> arrondissement, Director of the National Police Academy and Internal Security Officer at the French Embassy. He is considered the go-to specialist on violence in sport. In addition, Michel Lepoix has published five collections of poetry and is a radio sports journalist.<\/p>\n<\/div><\/div><\/div><div class=\"fusion-panel panel-default panel-8014066b0cdf437a5 fusion-toggle-no-divider fusion-toggle-boxed-mode\"><div class=\"panel-heading\"><h4 class=\"panel-title toggle\" id=\"toggle_8014066b0cdf437a5\"><a aria-expanded=\"false\" aria-controls=\"8014066b0cdf437a5\" role=\"button\" data-toggle=\"collapse\" data-parent=\"#accordion-37665-1\" data-target=\"#8014066b0cdf437a5\" href=\"#8014066b0cdf437a5\"><span class=\"fusion-toggle-icon-wrapper\" aria-hidden=\"true\"><i class=\"fa-fusion-box active-icon awb-icon-minus\" aria-hidden=\"true\"><\/i><i class=\"fa-fusion-box inactive-icon awb-icon-plus\" aria-hidden=\"true\"><\/i><\/span><span class=\"fusion-toggle-heading\">Sylvie Le Ray-Burimi<\/span><\/a><\/h4><\/div><div id=\"8014066b0cdf437a5\" class=\"panel-collapse collapse \" aria-labelledby=\"toggle_8014066b0cdf437a5\"><div class=\"panel-body toggle-content fusion-clearfix\">\n<p><img decoding=\"async\" class=\"size-full wp-image-20165 alignleft\" src=\"https:\/\/www.fede.education\/wp-content\/uploads\/2022\/06\/Sylvie-Le-ray-Burimi-Membre-College-Experts-FEDE.png\" alt=\"\" width=\"150\" height=\"150\" srcset=\"https:\/\/www.fede.education\/wp-content\/uploads\/2022\/06\/Sylvie-Le-ray-Burimi-Membre-College-Experts-FEDE-66x66.png 66w, https:\/\/www.fede.education\/wp-content\/uploads\/2022\/06\/Sylvie-Le-ray-Burimi-Membre-College-Experts-FEDE.png 150w\" sizes=\"(max-width: 150px) 100vw, 150px\" \/>Sylvie Le Ray-Burimi has a master\u2019s in history of art (Lyon III University). A French Chief Curator of Cultural Heritage, she heads the painting and sculpture department of the graphic and photographic art studio and documentation centre of the Army Museum (H\u00f4tel National des Invalides), Paris. She has curated numerous exhibitions including <em>Naissance d\u2019une Nation <\/em>(Birth of a Nation), <em>Vu du front <\/em>(Seen from the Front) and <em>Repr\u00e9senter la Grande Guerre<\/em> (The Great War in Images). A member of the Comit\u00e9 Fran\u00e7ais d\u2019Histoire de l\u2019Art, her recent publications have focused on the H\u00f4tel des Invalides (history, architecture and d\u00e9cor), on artists and artistic heritage during wartime, and on representations of war and its participants.<\/p>\n<\/div><\/div><\/div><div class=\"fusion-panel panel-default panel-f809396e213a36979 fusion-toggle-no-divider fusion-toggle-boxed-mode\"><div class=\"panel-heading\"><h4 class=\"panel-title toggle\" id=\"toggle_f809396e213a36979\"><a aria-expanded=\"false\" aria-controls=\"f809396e213a36979\" role=\"button\" data-toggle=\"collapse\" data-parent=\"#accordion-37665-1\" data-target=\"#f809396e213a36979\" href=\"#f809396e213a36979\"><span class=\"fusion-toggle-icon-wrapper\" aria-hidden=\"true\"><i class=\"fa-fusion-box active-icon awb-icon-minus\" aria-hidden=\"true\"><\/i><i class=\"fa-fusion-box inactive-icon awb-icon-plus\" aria-hidden=\"true\"><\/i><\/span><span class=\"fusion-toggle-heading\">Roland Lienhardt<\/span><\/a><\/h4><\/div><div id=\"f809396e213a36979\" class=\"panel-collapse collapse \" aria-labelledby=\"toggle_f809396e213a36979\"><div class=\"panel-body toggle-content fusion-clearfix\">\n<p><img decoding=\"async\" class=\"size-full wp-image-20166 alignleft\" src=\"https:\/\/www.fede.education\/wp-content\/uploads\/2022\/06\/Roland-Lienhardt-Membre-College-Experts-FEDE.png\" alt=\"\" width=\"150\" height=\"150\" srcset=\"https:\/\/www.fede.education\/wp-content\/uploads\/2022\/06\/Roland-Lienhardt-Membre-College-Experts-FEDE-66x66.png 66w, https:\/\/www.fede.education\/wp-content\/uploads\/2022\/06\/Roland-Lienhardt-Membre-College-Experts-FEDE.png 150w\" sizes=\"(max-width: 150px) 100vw, 150px\" \/>Roland Lienhardt is a lawyer specialised in artistic creation and cultural practices.<\/p>\n<\/div><\/div><\/div><div class=\"fusion-panel panel-default panel-d47bfaebdbd869abf fusion-toggle-no-divider fusion-toggle-boxed-mode\"><div class=\"panel-heading\"><h4 class=\"panel-title toggle\" id=\"toggle_d47bfaebdbd869abf\"><a aria-expanded=\"false\" aria-controls=\"d47bfaebdbd869abf\" role=\"button\" data-toggle=\"collapse\" data-parent=\"#accordion-37665-1\" data-target=\"#d47bfaebdbd869abf\" href=\"#d47bfaebdbd869abf\"><span class=\"fusion-toggle-icon-wrapper\" aria-hidden=\"true\"><i class=\"fa-fusion-box active-icon awb-icon-minus\" aria-hidden=\"true\"><\/i><i class=\"fa-fusion-box inactive-icon awb-icon-plus\" aria-hidden=\"true\"><\/i><\/span><span class=\"fusion-toggle-heading\">Anthony Mahe<\/span><\/a><\/h4><\/div><div id=\"d47bfaebdbd869abf\" class=\"panel-collapse collapse \" aria-labelledby=\"toggle_d47bfaebdbd869abf\"><div class=\"panel-body toggle-content fusion-clearfix\">\n<p><img decoding=\"async\" class=\"size-full wp-image-20167 alignleft\" src=\"https:\/\/www.fede.education\/wp-content\/uploads\/2022\/06\/Antony-Mahe-Membre-College-Experts-FEDE.png\" alt=\"\" width=\"150\" height=\"150\" srcset=\"https:\/\/www.fede.education\/wp-content\/uploads\/2022\/06\/Antony-Mahe-Membre-College-Experts-FEDE-66x66.png 66w, https:\/\/www.fede.education\/wp-content\/uploads\/2022\/06\/Antony-Mahe-Membre-College-Experts-FEDE.png 150w\" sizes=\"(max-width: 150px) 100vw, 150px\" \/>Antony Mahe has a PhD in sociology from Paris Descartes University (2010). He is Director of Knowledge at Eranos.<\/p>\n<\/div><\/div><\/div><div class=\"fusion-panel panel-default panel-550175317588cdbbf fusion-toggle-no-divider fusion-toggle-boxed-mode\"><div class=\"panel-heading\"><h4 class=\"panel-title toggle\" id=\"toggle_550175317588cdbbf\"><a aria-expanded=\"false\" aria-controls=\"550175317588cdbbf\" role=\"button\" data-toggle=\"collapse\" data-parent=\"#accordion-37665-1\" data-target=\"#550175317588cdbbf\" href=\"#550175317588cdbbf\"><span class=\"fusion-toggle-icon-wrapper\" aria-hidden=\"true\"><i class=\"fa-fusion-box active-icon awb-icon-minus\" aria-hidden=\"true\"><\/i><i class=\"fa-fusion-box inactive-icon awb-icon-plus\" aria-hidden=\"true\"><\/i><\/span><span class=\"fusion-toggle-heading\">Boris Noyet<\/span><\/a><\/h4><\/div><div id=\"550175317588cdbbf\" class=\"panel-collapse collapse \" aria-labelledby=\"toggle_550175317588cdbbf\"><div class=\"panel-body toggle-content fusion-clearfix\">\n<p><img decoding=\"async\" class=\"size-full wp-image-20168 alignleft\" src=\"https:\/\/www.fede.education\/wp-content\/uploads\/2022\/06\/Boris-Noyet-Membre-College-Experts-FEDE.png\" alt=\"\" width=\"150\" height=\"150\" srcset=\"https:\/\/www.fede.education\/wp-content\/uploads\/2022\/06\/Boris-Noyet-Membre-College-Experts-FEDE-66x66.png 66w, https:\/\/www.fede.education\/wp-content\/uploads\/2022\/06\/Boris-Noyet-Membre-College-Experts-FEDE.png 150w\" sizes=\"(max-width: 150px) 100vw, 150px\" \/>Boris Noyet has a master\u2019s in design and digital communications and another in education. He is a digital communications and CSR manager.<\/p>\n<\/div><\/div><\/div><div class=\"fusion-panel panel-default panel-8648203c5e0253fe8 fusion-toggle-no-divider fusion-toggle-boxed-mode\"><div class=\"panel-heading\"><h4 class=\"panel-title toggle\" id=\"toggle_8648203c5e0253fe8\"><a aria-expanded=\"false\" aria-controls=\"8648203c5e0253fe8\" role=\"button\" data-toggle=\"collapse\" data-parent=\"#accordion-37665-1\" data-target=\"#8648203c5e0253fe8\" href=\"#8648203c5e0253fe8\"><span class=\"fusion-toggle-icon-wrapper\" aria-hidden=\"true\"><i class=\"fa-fusion-box active-icon awb-icon-minus\" aria-hidden=\"true\"><\/i><i class=\"fa-fusion-box inactive-icon awb-icon-plus\" aria-hidden=\"true\"><\/i><\/span><span class=\"fusion-toggle-heading\">Bertrand Pavlik<\/span><\/a><\/h4><\/div><div id=\"8648203c5e0253fe8\" class=\"panel-collapse collapse \" aria-labelledby=\"toggle_8648203c5e0253fe8\"><div class=\"panel-body toggle-content fusion-clearfix\">\n<p>Bertrand Pavlik is lawyer. He is a graduate of the Ecole Sup\u00e9rieure de Commerce de Paris and holds two postgraduate diplomas (DEA). Lecturer at Paris 1, he was an advisor to the 6th arrondissement of Paris for 20 years. He is a legal expert on \u201cSud radio\u201d.<\/p>\n<\/div><\/div><\/div><div class=\"fusion-panel panel-default panel-7af658e176929fc87 fusion-toggle-no-divider fusion-toggle-boxed-mode\"><div class=\"panel-heading\"><h4 class=\"panel-title toggle\" id=\"toggle_7af658e176929fc87\"><a aria-expanded=\"false\" aria-controls=\"7af658e176929fc87\" role=\"button\" data-toggle=\"collapse\" data-parent=\"#accordion-37665-1\" data-target=\"#7af658e176929fc87\" href=\"#7af658e176929fc87\"><span class=\"fusion-toggle-icon-wrapper\" aria-hidden=\"true\"><i class=\"fa-fusion-box active-icon awb-icon-minus\" aria-hidden=\"true\"><\/i><i class=\"fa-fusion-box inactive-icon awb-icon-plus\" aria-hidden=\"true\"><\/i><\/span><span class=\"fusion-toggle-heading\">Daniel Peyron<\/span><\/a><\/h4><\/div><div id=\"7af658e176929fc87\" class=\"panel-collapse collapse \" aria-labelledby=\"toggle_7af658e176929fc87\"><div class=\"panel-body toggle-content fusion-clearfix\">\n<p><img decoding=\"async\" class=\"size-full wp-image-20181 alignleft\" src=\"https:\/\/www.fede.education\/wp-content\/uploads\/2022\/06\/Daniel-Peyron-Membre-College-Experts-FEDE.png\" alt=\"\" width=\"150\" height=\"150\" srcset=\"https:\/\/www.fede.education\/wp-content\/uploads\/2022\/06\/Daniel-Peyron-Membre-College-Experts-FEDE-66x66.png 66w, https:\/\/www.fede.education\/wp-content\/uploads\/2022\/06\/Daniel-Peyron-Membre-College-Experts-FEDE.png 150w\" sizes=\"(max-width: 150px) 100vw, 150px\" \/><\/p>\n<div class=\"vc_tta-panel-body\">\n<div class=\"wpb_text_column wpb_content_element \">\n<div class=\"wpb_wrapper\">\n<p>Former Director General of Sup de Co La Rochelle, Daniel Peyron heads a network of universities and other institutions training versatile future senior managers in Morocco and Africa.<\/p>\n<\/div>\n<\/div>\n<\/div>\n<\/div><\/div><\/div><div class=\"fusion-panel panel-default panel-5ada20e10a9a4e0e3 fusion-toggle-no-divider fusion-toggle-boxed-mode\"><div class=\"panel-heading\"><h4 class=\"panel-title toggle\" id=\"toggle_5ada20e10a9a4e0e3\"><a aria-expanded=\"false\" aria-controls=\"5ada20e10a9a4e0e3\" role=\"button\" data-toggle=\"collapse\" data-parent=\"#accordion-37665-1\" data-target=\"#5ada20e10a9a4e0e3\" href=\"#5ada20e10a9a4e0e3\"><span class=\"fusion-toggle-icon-wrapper\" aria-hidden=\"true\"><i class=\"fa-fusion-box active-icon awb-icon-minus\" aria-hidden=\"true\"><\/i><i class=\"fa-fusion-box inactive-icon awb-icon-plus\" aria-hidden=\"true\"><\/i><\/span><span class=\"fusion-toggle-heading\">J\u00e9r\u00f4me Prigent<\/span><\/a><\/h4><\/div><div id=\"5ada20e10a9a4e0e3\" class=\"panel-collapse collapse \" aria-labelledby=\"toggle_5ada20e10a9a4e0e3\"><div class=\"panel-body toggle-content fusion-clearfix\">\n<p><img decoding=\"async\" class=\"size-full wp-image-20183 alignleft\" src=\"https:\/\/www.fede.education\/wp-content\/uploads\/2022\/06\/Jerome-Prigent-Membre-College-Experts-FEDE.png\" alt=\"\" width=\"150\" height=\"150\" srcset=\"https:\/\/www.fede.education\/wp-content\/uploads\/2022\/06\/Jerome-Prigent-Membre-College-Experts-FEDE-66x66.png 66w, https:\/\/www.fede.education\/wp-content\/uploads\/2022\/06\/Jerome-Prigent-Membre-College-Experts-FEDE.png 150w\" sizes=\"(max-width: 150px) 100vw, 150px\" \/>J\u00e9r\u00f4me Prigent is an associate professor of literature with a degree in theology. He is currently a professor of classical literature at St Germain en Laye and a lecturer at Paris VIII. At the same time, he is President of the Train de la m\u00e9moire and President of the NAVA theatre festival (Nouveaux Auteurs en Vall\u00e9e d\u2019Aude). He is also the author of numerous articles in the magazine \u201cl\u2019avant-sc\u00e8ne th\u00e9\u00e2tre\u201d.<\/p>\n<\/div><\/div><\/div><div class=\"fusion-panel panel-default panel-f1a1b9cb1ccd8b67f fusion-toggle-no-divider fusion-toggle-boxed-mode\"><div class=\"panel-heading\"><h4 class=\"panel-title toggle\" id=\"toggle_f1a1b9cb1ccd8b67f\"><a aria-expanded=\"false\" aria-controls=\"f1a1b9cb1ccd8b67f\" role=\"button\" data-toggle=\"collapse\" data-parent=\"#accordion-37665-1\" data-target=\"#f1a1b9cb1ccd8b67f\" href=\"#f1a1b9cb1ccd8b67f\"><span class=\"fusion-toggle-icon-wrapper\" aria-hidden=\"true\"><i class=\"fa-fusion-box active-icon awb-icon-minus\" aria-hidden=\"true\"><\/i><i class=\"fa-fusion-box inactive-icon awb-icon-plus\" aria-hidden=\"true\"><\/i><\/span><span class=\"fusion-toggle-heading\">St\u00e9phane Solotareff<\/span><\/a><\/h4><\/div><div id=\"f1a1b9cb1ccd8b67f\" class=\"panel-collapse collapse \" aria-labelledby=\"toggle_f1a1b9cb1ccd8b67f\"><div class=\"panel-body toggle-content fusion-clearfix\">\n<p><img decoding=\"async\" class=\"size-full wp-image-20169 alignleft\" src=\"https:\/\/www.fede.education\/wp-content\/uploads\/2022\/06\/Stephane-Solotareff-Membre-College-Experts-FEDE.png\" alt=\"\" width=\"150\" height=\"150\" srcset=\"https:\/\/www.fede.education\/wp-content\/uploads\/2022\/06\/Stephane-Solotareff-Membre-College-Experts-FEDE-66x66.png 66w, https:\/\/www.fede.education\/wp-content\/uploads\/2022\/06\/Stephane-Solotareff-Membre-College-Experts-FEDE.png 150w\" sizes=\"(max-width: 150px) 100vw, 150px\" \/>Cyberneticist and psychologist St\u00e9phane Solotareff has an engineering degree from Sup\u00e9lec. His career has been both diverse and unusual. He has a PhD in theoretical physics but has also studied at the Institut de Haute Finance, where he produced a dissertation on economic systems (1990). In 1994 he qualified as a Dielian therapist, drawing on the psychological principles of Paul Diel.<\/p>\n<\/div><\/div><\/div><div class=\"fusion-panel panel-default panel-35e4fd19a9c0e873b fusion-toggle-no-divider fusion-toggle-boxed-mode\"><div class=\"panel-heading\"><h4 class=\"panel-title toggle\" id=\"toggle_35e4fd19a9c0e873b\"><a aria-expanded=\"false\" aria-controls=\"35e4fd19a9c0e873b\" role=\"button\" data-toggle=\"collapse\" data-parent=\"#accordion-37665-1\" data-target=\"#35e4fd19a9c0e873b\" href=\"#35e4fd19a9c0e873b\"><span class=\"fusion-toggle-icon-wrapper\" aria-hidden=\"true\"><i class=\"fa-fusion-box active-icon awb-icon-minus\" aria-hidden=\"true\"><\/i><i class=\"fa-fusion-box inactive-icon awb-icon-plus\" aria-hidden=\"true\"><\/i><\/span><span class=\"fusion-toggle-heading\">Bruno Szwajcer<\/span><\/a><\/h4><\/div><div id=\"35e4fd19a9c0e873b\" class=\"panel-collapse collapse \" aria-labelledby=\"toggle_35e4fd19a9c0e873b\"><div class=\"panel-body toggle-content fusion-clearfix\">\n<p><img decoding=\"async\" class=\"size-full wp-image-20170 alignleft\" src=\"https:\/\/www.fede.education\/wp-content\/uploads\/2022\/06\/Bruno-Szwajcer-Membre-College-Experts-FEDE.png\" alt=\"\" width=\"150\" height=\"150\" srcset=\"https:\/\/www.fede.education\/wp-content\/uploads\/2022\/06\/Bruno-Szwajcer-Membre-College-Experts-FEDE-66x66.png 66w, https:\/\/www.fede.education\/wp-content\/uploads\/2022\/06\/Bruno-Szwajcer-Membre-College-Experts-FEDE.png 150w\" sizes=\"(max-width: 150px) 100vw, 150px\" \/>Cyberneticist and psychologist St\u00e9phane Solotareff has an engineering degree from Sup\u00e9lec. His career has been both diverse and unusual. He has a PhD in theoretical physics but has also studied at the Institut de Haute Finance, where he produced a dissertation on economic systems (1990). In 1994 he qualified as a Dielian therapist, drawing on the psychological principles of Paul Diel.<\/p>\n<\/div><\/div><\/div><div class=\"fusion-panel panel-default panel-30d9148a45261f8a1 fusion-toggle-no-divider fusion-toggle-boxed-mode\"><div class=\"panel-heading\"><h4 class=\"panel-title toggle\" id=\"toggle_30d9148a45261f8a1\"><a aria-expanded=\"false\" aria-controls=\"30d9148a45261f8a1\" role=\"button\" data-toggle=\"collapse\" data-parent=\"#accordion-37665-1\" data-target=\"#30d9148a45261f8a1\" href=\"#30d9148a45261f8a1\"><span class=\"fusion-toggle-icon-wrapper\" aria-hidden=\"true\"><i class=\"fa-fusion-box active-icon awb-icon-minus\" aria-hidden=\"true\"><\/i><i class=\"fa-fusion-box inactive-icon awb-icon-plus\" aria-hidden=\"true\"><\/i><\/span><span class=\"fusion-toggle-heading\">Jean-Jacques Urvoy<\/span><\/a><\/h4><\/div><div id=\"30d9148a45261f8a1\" class=\"panel-collapse collapse \" aria-labelledby=\"toggle_30d9148a45261f8a1\"><div class=\"panel-body toggle-content fusion-clearfix\">\n<p><img decoding=\"async\" class=\"size-full wp-image-20171 alignleft\" src=\"https:\/\/www.fede.education\/wp-content\/uploads\/2022\/06\/Jean-Jacques-Urvoy-Membre-College-Experts-FEDE.png\" alt=\"\" width=\"150\" height=\"150\" srcset=\"https:\/\/www.fede.education\/wp-content\/uploads\/2022\/06\/Jean-Jacques-Urvoy-Membre-College-Experts-FEDE-66x66.png 66w, https:\/\/www.fede.education\/wp-content\/uploads\/2022\/06\/Jean-Jacques-Urvoy-Membre-College-Experts-FEDE.png 150w\" sizes=\"(max-width: 150px) 100vw, 150px\" \/>Jean Jacques Urvoy is a multi-talented designer, manager and psychoanalyst with solid business experience. Just like his colleagues on the Panel of Experts, his diverse experience has allowed him to pursue his values and explore new and innovative job roles.<\/p>\n<\/div><\/div><\/div><div class=\"fusion-panel panel-default panel-f946e0582b0ad2a82 fusion-toggle-no-divider fusion-toggle-boxed-mode\"><div class=\"panel-heading\"><h4 class=\"panel-title toggle\" id=\"toggle_f946e0582b0ad2a82\"><a aria-expanded=\"false\" aria-controls=\"f946e0582b0ad2a82\" role=\"button\" data-toggle=\"collapse\" data-parent=\"#accordion-37665-1\" data-target=\"#f946e0582b0ad2a82\" href=\"#f946e0582b0ad2a82\"><span class=\"fusion-toggle-icon-wrapper\" aria-hidden=\"true\"><i class=\"fa-fusion-box active-icon awb-icon-minus\" aria-hidden=\"true\"><\/i><i class=\"fa-fusion-box inactive-icon awb-icon-plus\" aria-hidden=\"true\"><\/i><\/span><span class=\"fusion-toggle-heading\">Fran\u00e7ois Ventulono<\/span><\/a><\/h4><\/div><div id=\"f946e0582b0ad2a82\" class=\"panel-collapse collapse \" aria-labelledby=\"toggle_f946e0582b0ad2a82\"><div class=\"panel-body toggle-content fusion-clearfix\">\n<p><img decoding=\"async\" class=\"size-full wp-image-20184 alignleft\" src=\"https:\/\/www.fede.education\/wp-content\/uploads\/2022\/06\/Francois-Ventulono-Membre-College-Experts-FEDE.png\" alt=\"\" width=\"150\" height=\"150\" srcset=\"https:\/\/www.fede.education\/wp-content\/uploads\/2022\/06\/Francois-Ventulono-Membre-College-Experts-FEDE-66x66.png 66w, https:\/\/www.fede.education\/wp-content\/uploads\/2022\/06\/Francois-Ventulono-Membre-College-Experts-FEDE.png 150w\" sizes=\"(max-width: 150px) 100vw, 150px\" \/><\/p>\n<p>Fran\u00e7ois Ventulono is a medical doctor specialised in anaesthesiology and intensive care and sports medicine\/biology. He also has a degree in health sciences and communications.<br \/>\nThe current president of the medical committee of Gonesse Hospital, France, Fran\u00e7ois Ventulono is also a fire brigade captain, a member of the French college of anaesthesiologists and intensive care specialist and a health, hygiene and safety auditor for Club Med. He has been a member of the teaching committee for Paris-Descartes University\u2019s physiology degree since 1998.<\/p>\n<\/div><\/div><\/div><div class=\"fusion-panel panel-default panel-5fc392b5abf91d025 fusion-toggle-no-divider fusion-toggle-boxed-mode\"><div class=\"panel-heading\"><h4 class=\"panel-title toggle\" id=\"toggle_5fc392b5abf91d025\"><a aria-expanded=\"false\" aria-controls=\"5fc392b5abf91d025\" role=\"button\" data-toggle=\"collapse\" data-parent=\"#accordion-37665-1\" data-target=\"#5fc392b5abf91d025\" href=\"#5fc392b5abf91d025\"><span class=\"fusion-toggle-icon-wrapper\" aria-hidden=\"true\"><i class=\"fa-fusion-box active-icon awb-icon-minus\" aria-hidden=\"true\"><\/i><i class=\"fa-fusion-box inactive-icon awb-icon-plus\" aria-hidden=\"true\"><\/i><\/span><span class=\"fusion-toggle-heading\">Fr\u00e9d\u00e9ric Vincent<\/span><\/a><\/h4><\/div><div id=\"5fc392b5abf91d025\" class=\"panel-collapse collapse \" aria-labelledby=\"toggle_5fc392b5abf91d025\"><div class=\"panel-body toggle-content fusion-clearfix\">\n<p>Doctor in sociocogy, psychoanalyst practicing in Paris, Fr\u00e9d\u00e9ric Vincent is a specialist in cultural studies in general and geek culture in particular. Researcher at the Centre d\u2019\u00e9tudes sur l\u2019actuel et le contemporain (CEAQ), author, he hosts a radio program devoted to contemporary ideas.<\/p>\n<\/div><\/div><\/div><div class=\"fusion-panel panel-default panel-386fd740941dab3cb fusion-toggle-no-divider fusion-toggle-boxed-mode\"><div class=\"panel-heading\"><h4 class=\"panel-title toggle\" id=\"toggle_386fd740941dab3cb\"><a aria-expanded=\"false\" aria-controls=\"386fd740941dab3cb\" role=\"button\" data-toggle=\"collapse\" data-parent=\"#accordion-37665-1\" data-target=\"#386fd740941dab3cb\" href=\"#386fd740941dab3cb\"><span class=\"fusion-toggle-icon-wrapper\" aria-hidden=\"true\"><i class=\"fa-fusion-box active-icon awb-icon-minus\" aria-hidden=\"true\"><\/i><i class=\"fa-fusion-box inactive-icon awb-icon-plus\" aria-hidden=\"true\"><\/i><\/span><span class=\"fusion-toggle-heading\">Laurent Zerbib<\/span><\/a><\/h4><\/div><div id=\"386fd740941dab3cb\" class=\"panel-collapse collapse \" aria-labelledby=\"toggle_386fd740941dab3cb\"><div class=\"panel-body toggle-content fusion-clearfix\">\n<p><img decoding=\"async\" class=\"size-full wp-image-20172 alignleft\" src=\"https:\/\/www.fede.education\/wp-content\/uploads\/2022\/06\/Laurent-Zerbib-Membre-College-Experts-FEDE.png\" alt=\"\" width=\"150\" height=\"150\" srcset=\"https:\/\/www.fede.education\/wp-content\/uploads\/2022\/06\/Laurent-Zerbib-Membre-College-Experts-FEDE-66x66.png 66w, https:\/\/www.fede.education\/wp-content\/uploads\/2022\/06\/Laurent-Zerbib-Membre-College-Experts-FEDE.png 150w\" sizes=\"(max-width: 150px) 100vw, 150px\" \/>Laurent Zerbib is a graduate of the Institut d\u2019Etudes Politiques. He is currently Director of Ethics and Professional Ethics at France 5 (France T\u00e9l\u00e9vision Group). He also teaches courses on the history of television and European audiovisual production at applied arts schools and institutions offering training in cultural development.<\/p>\n<\/div><\/div><\/div><div class=\"fusion-panel panel-default panel-cb1c17905462d615a fusion-toggle-no-divider fusion-toggle-boxed-mode\"><div class=\"panel-heading\"><h4 class=\"panel-title toggle\" id=\"toggle_cb1c17905462d615a\"><a aria-expanded=\"false\" aria-controls=\"cb1c17905462d615a\" role=\"button\" data-toggle=\"collapse\" data-parent=\"#accordion-37665-1\" data-target=\"#cb1c17905462d615a\" href=\"#cb1c17905462d615a\"><span class=\"fusion-toggle-icon-wrapper\" aria-hidden=\"true\"><i class=\"fa-fusion-box active-icon awb-icon-minus\" aria-hidden=\"true\"><\/i><i class=\"fa-fusion-box inactive-icon awb-icon-plus\" aria-hidden=\"true\"><\/i><\/span><span class=\"fusion-toggle-heading\">Blerina Zoto<\/span><\/a><\/h4><\/div><div id=\"cb1c17905462d615a\" class=\"panel-collapse collapse \" aria-labelledby=\"toggle_cb1c17905462d615a\"><div class=\"panel-body toggle-content fusion-clearfix\">\n<p><img decoding=\"async\" class=\"size-full wp-image-20186 alignleft\" src=\"https:\/\/www.fede.education\/wp-content\/uploads\/2022\/06\/Blerina-Zoto-Membre-College-Experts-FEDE.png\" alt=\"\" width=\"150\" height=\"150\" srcset=\"https:\/\/www.fede.education\/wp-content\/uploads\/2022\/06\/Blerina-Zoto-Membre-College-Experts-FEDE-66x66.png 66w, https:\/\/www.fede.education\/wp-content\/uploads\/2022\/06\/Blerina-Zoto-Membre-College-Experts-FEDE.png 150w\" sizes=\"(max-width: 150px) 100vw, 150px\" \/>Blerina Zloto has a master of arts degree from Montesquieu Bordeaux IV University. She is a humanitarian worker.<\/p>\n<\/div><\/div><\/div><\/div><\/div><div class=\"fusion-clearfix\"><\/div><\/div><\/div><div class=\"fusion-layout-column fusion_builder_column fusion-builder-column-2 fusion_builder_column_1_2 1_2 fusion-one-half fusion-column-last\" style=\"--awb-bg-size:cover;--awb-margin-bottom:0px;width:50%;width:calc(50% - ( ( 4% ) * 0.5 ) );\"><div class=\"fusion-column-wrapper fusion-column-has-shadow fusion-flex-column-wrapper-legacy\"><div class=\"fusion-image-element fusion-image-align-center in-legacy-container\" style=\"text-align:center;--awb-caption-title-font-family:var(--h2_typography-font-family);--awb-caption-title-font-weight:var(--h2_typography-font-weight);--awb-caption-title-font-style:var(--h2_typography-font-style);--awb-caption-title-size:var(--h2_typography-font-size);--awb-caption-title-transform:var(--h2_typography-text-transform);--awb-caption-title-line-height:var(--h2_typography-line-height);--awb-caption-title-letter-spacing:var(--h2_typography-letter-spacing);\"><div class=\"imageframe-align-center\"><span class=\" fusion-imageframe imageframe-none imageframe-1 hover-type-none\"><img decoding=\"async\" width=\"593\" height=\"600\" title=\"college_expert_fede\" src=\"https:\/\/www.fede.education\/wp-content\/uploads\/2022\/05\/college_expert_fede.jpg\" alt class=\"img-responsive wp-image-31278\" srcset=\"https:\/\/www.fede.education\/wp-content\/uploads\/2022\/05\/college_expert_fede-200x202.jpg 200w, https:\/\/www.fede.education\/wp-content\/uploads\/2022\/05\/college_expert_fede-400x405.jpg 400w, https:\/\/www.fede.education\/wp-content\/uploads\/2022\/05\/college_expert_fede.jpg 593w\" sizes=\"(max-width: 800px) 100vw, 593px\" \/><\/span><\/div><\/div><div class=\"fusion-clearfix\"><\/div><\/div><\/div><\/div><\/div><div class=\"fusion-fullwidth fullwidth-box fusion-builder-row-3 hundred-percent-fullwidth non-hundred-percent-height-scrolling\" style=\"--awb-border-radius-top-left:0px;--awb-border-radius-top-right:0px;--awb-border-radius-bottom-right:0px;--awb-border-radius-bottom-left:0px;--awb-padding-top:0px;--awb-padding-right:0px;--awb-padding-bottom:0px;--awb-padding-left:0px;--awb-margin-bottom:20px;--awb-flex-wrap:wrap;\" ><div class=\"fusion-builder-row fusion-row\"><div class=\"fusion-layout-column fusion_builder_column fusion-builder-column-3 fusion_builder_column_1_2 1_2 fusion-one-half fusion-column-first\" style=\"--awb-bg-size:cover;--awb-margin-bottom:0px;width:50%;width:calc(50% - ( ( 4% ) * 0.5 ) );margin-right: 4%;\"><div class=\"fusion-column-wrapper fusion-column-has-shadow fusion-flex-column-wrapper-legacy\"><div class=\"fusion-image-element fusion-image-align-center in-legacy-container\" style=\"text-align:center;--awb-caption-title-font-family:var(--h2_typography-font-family);--awb-caption-title-font-weight:var(--h2_typography-font-weight);--awb-caption-title-font-style:var(--h2_typography-font-style);--awb-caption-title-size:var(--h2_typography-font-size);--awb-caption-title-transform:var(--h2_typography-text-transform);--awb-caption-title-line-height:var(--h2_typography-line-height);--awb-caption-title-letter-spacing:var(--h2_typography-letter-spacing);\"><div class=\"imageframe-align-center\"><span class=\" fusion-imageframe imageframe-none imageframe-2 hover-type-none\"><img decoding=\"async\" width=\"297\" height=\"300\" title=\"crea_scientific_committee\" src=\"https:\/\/www.fede.education\/wp-content\/uploads\/2022\/06\/crea_scientific_committee-297x300.jpg\" alt class=\"img-responsive wp-image-33367\" srcset=\"https:\/\/www.fede.education\/wp-content\/uploads\/2022\/06\/crea_scientific_committee-200x202.jpg 200w, https:\/\/www.fede.education\/wp-content\/uploads\/2022\/06\/crea_scientific_committee-400x405.jpg 400w, https:\/\/www.fede.education\/wp-content\/uploads\/2022\/06\/crea_scientific_committee.jpg 593w\" sizes=\"(max-width: 800px) 100vw, 297px\" \/><\/span><\/div><\/div><div class=\"fusion-clearfix\"><\/div><\/div><\/div><div class=\"fusion-layout-column fusion_builder_column fusion-builder-column-4 fusion_builder_column_1_2 1_2 fusion-one-half fusion-column-last\" style=\"--awb-bg-size:cover;--awb-margin-bottom:0px;width:50%;width:calc(50% - ( ( 4% ) * 0.5 ) );\"><div class=\"fusion-column-wrapper fusion-column-has-shadow fusion-flex-column-wrapper-legacy\"><div class=\"accordian fusion-accordian\" style=\"--awb-border-size:1px;--awb-icon-size:16px;--awb-content-font-size:14px;--awb-icon-alignment:left;--awb-hover-color:#f9f9f9;--awb-border-color:#cccccc;--awb-background-color:#ffffff;--awb-divider-color:#e0dede;--awb-divider-hover-color:#e0dede;--awb-icon-color:#ffffff;--awb-title-color:#f0663d;--awb-content-color:#747474;--awb-icon-box-color:#333333;--awb-toggle-hover-accent-color:#f0663d;--awb-title-font-family:&quot;Roboto&quot;;--awb-title-font-weight:700;--awb-title-font-style:normal;--awb-title-font-size:14px;--awb-content-font-family:&quot;Roboto&quot;;--awb-content-font-style:normal;--awb-content-font-weight:400;\"><div class=\"panel-group fusion-toggle-icon-boxed\" id=\"accordion-37665-2\"><div class=\"fusion-panel panel-default panel-39ba7096e61a54f86 fusion-toggle-no-divider fusion-toggle-boxed-mode\"><div class=\"panel-heading\"><h4 class=\"panel-title toggle\" id=\"toggle_39ba7096e61a54f86\"><a class=\"active\" aria-expanded=\"true\" aria-controls=\"39ba7096e61a54f86\" role=\"button\" data-toggle=\"collapse\" data-parent=\"#accordion-37665-2\" data-target=\"#39ba7096e61a54f86\" href=\"#39ba7096e61a54f86\"><span class=\"fusion-toggle-icon-wrapper\" aria-hidden=\"true\"><i class=\"fa-fusion-box active-icon awb-icon-minus\" aria-hidden=\"true\"><\/i><i class=\"fa-fusion-box inactive-icon awb-icon-plus\" aria-hidden=\"true\"><\/i><\/span><span class=\"fusion-toggle-heading\">Ylljet Ali\u00e7ka - Iternational Relations and Cultural Policy Expert<\/span><\/a><\/h4><\/div><div id=\"39ba7096e61a54f86\" class=\"panel-collapse collapse in\" aria-labelledby=\"toggle_39ba7096e61a54f86\"><div class=\"panel-body toggle-content fusion-clearfix\">\n<p>Albanian author, screenwriter and former Ambassador to France, Monaco, Portugal and UNESCO. Ylljet Ali\u00e7ka is the Personal Representative of the President of the Republic at the International Organisation of la Francophonie. He is also a professor of educational science and the author of numerous novels, short stories and prize-winning filmscripts. He wrote the script of the French-Albanian film <em>Slogans<\/em> that was amongst the official selection for the Cannes Film Festival. The film won the Prix de la jeunesse (best foreign film category) and was the Albanian entry for the 74<sup>th<\/sup> Oscars (Best Foreign Language Film).<\/p>\n<\/div><\/div><\/div><div class=\"fusion-panel panel-default panel-9ece40da73b2be42d fusion-toggle-no-divider fusion-toggle-boxed-mode\"><div class=\"panel-heading\"><h4 class=\"panel-title toggle\" id=\"toggle_9ece40da73b2be42d\"><a aria-expanded=\"false\" aria-controls=\"9ece40da73b2be42d\" role=\"button\" data-toggle=\"collapse\" data-parent=\"#accordion-37665-2\" data-target=\"#9ece40da73b2be42d\" href=\"#9ece40da73b2be42d\"><span class=\"fusion-toggle-icon-wrapper\" aria-hidden=\"true\"><i class=\"fa-fusion-box active-icon awb-icon-minus\" aria-hidden=\"true\"><\/i><i class=\"fa-fusion-box inactive-icon awb-icon-plus\" aria-hidden=\"true\"><\/i><\/span><span class=\"fusion-toggle-heading\">Jean-Louis Bischoff - Director of Research<\/span><\/a><\/h4><\/div><div id=\"9ece40da73b2be42d\" class=\"panel-collapse collapse \" aria-labelledby=\"toggle_9ece40da73b2be42d\"><div class=\"panel-body toggle-content fusion-clearfix\">\n<p>Jean-Louis Bischoff is Director of Research at the FEDE and Academic Director of the Doctoral School. He directs the trends department. A graduate of the Institut de Formation pour l\u2019Etude et l\u2019Enseignement des Religions (IFER), he also has a PhD in philosophy from the \u00c9cole Pratique des Hautes \u00c9tudes and is an accredited director of research (University of Artois), affiliated with the University of Artois (Texts and Cultures Lab, Children\u2019s and Youth Literature and Culture team\/Centre Robinson). A cultural trends specialist, Jean-Louis Bischoff has long been active in the music, communications and entertainment industries. He has worked on the production of musicals (\u00c9lys\u00e9e Montmartre) and films (Max Linder) and has been involved in communications work for the State Department of Youth and Sport (Lille City Hall: youth subscriptions) and at La Fran\u00e7aise des jeux. He teaches philosophy in universities, arts and luxury academies and at the Institut Sup\u00e9rieur de P\u00e9dagogie (ISP) in Paris, focusing on creativity and contemporary trends. He also conducts research on the philosophy of religion, the rethinking of faith and the sacred in contemporary pop culture, the perception of trends, philosophy of education and aesthetics.<\/p>\n<\/div><\/div><\/div><div class=\"fusion-panel panel-default panel-89ea1f5972e16da10 fusion-toggle-no-divider fusion-toggle-boxed-mode\"><div class=\"panel-heading\"><h4 class=\"panel-title toggle\" id=\"toggle_89ea1f5972e16da10\"><a aria-expanded=\"false\" aria-controls=\"89ea1f5972e16da10\" role=\"button\" data-toggle=\"collapse\" data-parent=\"#accordion-37665-2\" data-target=\"#89ea1f5972e16da10\" href=\"#89ea1f5972e16da10\"><span class=\"fusion-toggle-icon-wrapper\" aria-hidden=\"true\"><i class=\"fa-fusion-box active-icon awb-icon-minus\" aria-hidden=\"true\"><\/i><i class=\"fa-fusion-box inactive-icon awb-icon-plus\" aria-hidden=\"true\"><\/i><\/span><span class=\"fusion-toggle-heading\">S\u00e9verine Dupuy Busson - Law and Communications Expert<\/span><\/a><\/h4><\/div><div id=\"89ea1f5972e16da10\" class=\"panel-collapse collapse \" aria-labelledby=\"toggle_89ea1f5972e16da10\"><div class=\"panel-body toggle-content fusion-clearfix\">\n<p>A Paris-based lawyer, S\u00e9verine Dupuy-Busson has a PhD in law from Paris Panth\u00e9on-Assas University and a Cambridge Certificate in Advanced English. S\u00e9verine Dupuy Busson is a specialist in criminal, copyright and press law and is the author of numerous articles published in legal journals.<\/p>\n<\/div><\/div><\/div><div class=\"fusion-panel panel-default panel-d45e99f54b59add51 fusion-toggle-no-divider fusion-toggle-boxed-mode\"><div class=\"panel-heading\"><h4 class=\"panel-title toggle\" id=\"toggle_d45e99f54b59add51\"><a aria-expanded=\"false\" aria-controls=\"d45e99f54b59add51\" role=\"button\" data-toggle=\"collapse\" data-parent=\"#accordion-37665-2\" data-target=\"#d45e99f54b59add51\" href=\"#d45e99f54b59add51\"><span class=\"fusion-toggle-icon-wrapper\" aria-hidden=\"true\"><i class=\"fa-fusion-box active-icon awb-icon-minus\" aria-hidden=\"true\"><\/i><i class=\"fa-fusion-box inactive-icon awb-icon-plus\" aria-hidden=\"true\"><\/i><\/span><span class=\"fusion-toggle-heading\">Antoine Godbert - European Relations and Educational Policy Expert<\/span><\/a><\/h4><\/div><div id=\"d45e99f54b59add51\" class=\"panel-collapse collapse \" aria-labelledby=\"toggle_d45e99f54b59add51\"><div class=\"panel-body toggle-content fusion-clearfix\">\n<p>President of the European Vocational Training Association, Antoine Godbert is also municipal councillor (higher education and European relations) for a town of 150,000 inhabitants. A state-accredited teacher of geography, he has served as Diplomatic Advisor for the French Ministry of Education and as Director of the agency Erasmus+ France \u00c9ducation\/Formation. A former student of the ENA and the ENS Fontenay-Saint-Cloud, he has also worked as a journalist, as director of a business producing educational videos and as a geopolitics teacher-researcher at the ESCP-EAP.<\/p>\n<\/div><\/div><\/div><div class=\"fusion-panel panel-default panel-5185d1ce325ccd001 fusion-toggle-no-divider fusion-toggle-boxed-mode\"><div class=\"panel-heading\"><h4 class=\"panel-title toggle\" id=\"toggle_5185d1ce325ccd001\"><a aria-expanded=\"false\" aria-controls=\"5185d1ce325ccd001\" role=\"button\" data-toggle=\"collapse\" data-parent=\"#accordion-37665-2\" data-target=\"#5185d1ce325ccd001\" href=\"#5185d1ce325ccd001\"><span class=\"fusion-toggle-icon-wrapper\" aria-hidden=\"true\"><i class=\"fa-fusion-box active-icon awb-icon-minus\" aria-hidden=\"true\"><\/i><i class=\"fa-fusion-box inactive-icon awb-icon-plus\" aria-hidden=\"true\"><\/i><\/span><span class=\"fusion-toggle-heading\">Fran\u00e7ois-Bernard Huyghe - Information and Strategy Expert<\/span><\/a><\/h4><\/div><div id=\"5185d1ce325ccd001\" class=\"panel-collapse collapse \" aria-labelledby=\"toggle_5185d1ce325ccd001\"><div class=\"panel-body toggle-content fusion-clearfix\">\n<p>A specialist in geopolitics, Fran\u00e7ois-Bernard Huyghe has a PhD in political sciences and is an accredited director of research in ICT. He is currently Director of Research at the Institut de Relations Internationales et Strat\u00e9giques (IRIS), where he has established a geostrategic observatory for online information. He has worked as a television director, and as an international civil servant in the culture and communications section of UNESCO. Lecturer and author of some 20 books, he is a member of the Higher Academic Committee for Strategic Research.<\/p>\n<\/div><\/div><\/div><div class=\"fusion-panel panel-default panel-6acc143521de424cf fusion-toggle-no-divider fusion-toggle-boxed-mode\"><div class=\"panel-heading\"><h4 class=\"panel-title toggle\" id=\"toggle_6acc143521de424cf\"><a aria-expanded=\"false\" aria-controls=\"6acc143521de424cf\" role=\"button\" data-toggle=\"collapse\" data-parent=\"#accordion-37665-2\" data-target=\"#6acc143521de424cf\" href=\"#6acc143521de424cf\"><span class=\"fusion-toggle-icon-wrapper\" aria-hidden=\"true\"><i class=\"fa-fusion-box active-icon awb-icon-minus\" aria-hidden=\"true\"><\/i><i class=\"fa-fusion-box inactive-icon awb-icon-plus\" aria-hidden=\"true\"><\/i><\/span><span class=\"fusion-toggle-heading\">Michel Maffesoli - Sociology and Humanities Expert<\/span><\/a><\/h4><\/div><div id=\"6acc143521de424cf\" class=\"panel-collapse collapse \" aria-labelledby=\"toggle_6acc143521de424cf\"><div class=\"panel-body toggle-content fusion-clearfix\">\n<div class=\"vc_tta-panel-body\">\n<div class=\"wpb_text_column wpb_content_element \">\n<div class=\"wpb_wrapper\">\n<p>Michel Maffesoli initially studied philosophy, theology and sociology. He went on to obtain a PhD in sociology and another in literature and humanities. He also has an honorary PhD from the University of Minho (Braga, Portugal), the University of Bucarest (Romania), the PUC (Porto Alegre, Brazil) and the Autonomous State University of Mexico (Mexico). He is also Professor Emeritus at Paris Descartes University, a member of the Institut Universitaire de France and the Acad\u00e9mie Europ\u00e9enne des Sciences et des Arts, and Director of the Centre d\u2019\u00c9tudes sur l\u2019Actuel et le Quotidien (CEAQ) and the Centre de Recherche sur l\u2019Imaginaire (CRI). He is also an administrator at the CNRS. He was awarded the Prix de l\u2019Essai Andr\u00e9e Gautier in 1990 for his book <em>Au Creux des apparences<\/em>\u00a0and obtained the French Academy\u2019s Grand Prix des Sciences Humaines in 1992 for <em>La Transfiguration du Politique. <\/em>A renowned international intellectual, he teaches both in France and abroad.<\/p>\n<\/div>\n<\/div>\n<\/div>\n<\/div><\/div><\/div><div class=\"fusion-panel panel-default panel-6e76862a84551ee99 fusion-toggle-no-divider fusion-toggle-boxed-mode\"><div class=\"panel-heading\"><h4 class=\"panel-title toggle\" id=\"toggle_6e76862a84551ee99\"><a aria-expanded=\"false\" aria-controls=\"6e76862a84551ee99\" role=\"button\" data-toggle=\"collapse\" data-parent=\"#accordion-37665-2\" data-target=\"#6e76862a84551ee99\" href=\"#6e76862a84551ee99\"><span class=\"fusion-toggle-icon-wrapper\" aria-hidden=\"true\"><i class=\"fa-fusion-box active-icon awb-icon-minus\" aria-hidden=\"true\"><\/i><i class=\"fa-fusion-box inactive-icon awb-icon-plus\" aria-hidden=\"true\"><\/i><\/span><span class=\"fusion-toggle-heading\">Abdelhak Moutawakkil - Human Ressources and Educational Development Expert<\/span><\/a><\/h4><\/div><div id=\"6e76862a84551ee99\" class=\"panel-collapse collapse \" aria-labelledby=\"toggle_6e76862a84551ee99\"><div class=\"panel-body toggle-content fusion-clearfix\">\n<p>Abdelhak Moutawakkil has a PhD in civil engineering (\u00c9cole Nationale des Ponts et Chauss\u00e9es and Pierre et Marie Curie University). Former Director of Education for the MBA programme of the Ecole National des Ponts et Chauss\u00e9es and the Ecole Hassania (a Moroccan public construction works institution), he is currently Director of Forma-Dev Consultants (a consultancy specialising in education, training and human resources) and Director of Sup RH, a management institution based in Morocco.<\/p>\n<\/div><\/div><\/div><div class=\"fusion-panel panel-default panel-1846eaff340baf78b fusion-toggle-no-divider fusion-toggle-boxed-mode\"><div class=\"panel-heading\"><h4 class=\"panel-title toggle\" id=\"toggle_1846eaff340baf78b\"><a aria-expanded=\"false\" aria-controls=\"1846eaff340baf78b\" role=\"button\" data-toggle=\"collapse\" data-parent=\"#accordion-37665-2\" data-target=\"#1846eaff340baf78b\" href=\"#1846eaff340baf78b\"><span class=\"fusion-toggle-icon-wrapper\" aria-hidden=\"true\"><i class=\"fa-fusion-box active-icon awb-icon-minus\" aria-hidden=\"true\"><\/i><i class=\"fa-fusion-box inactive-icon awb-icon-plus\" aria-hidden=\"true\"><\/i><\/span><span class=\"fusion-toggle-heading\">Jean Michel Quillardet - Business, Law, Human Rights and Secularism Expert<\/span><\/a><\/h4><\/div><div id=\"1846eaff340baf78b\" class=\"panel-collapse collapse \" aria-labelledby=\"toggle_1846eaff340baf78b\"><div class=\"panel-body toggle-content fusion-clearfix\">\n<p>Paris-based lawyer Jean-Michel Quillardet founded the Observatoire international de la la\u00efcit\u00e9 [the international observatory for secularism \u2013 an organisation promoting cultural integration] in November 2008 with Antoine Sfeir. He is currently its Chairman. He is also Vice-President of the Committee on Social Issues and Human Rights Education at the National Advisory Committee on Human Rights \u2013 an independent body associated with the Office of the French Prime Minister. Jean-Michel Quillardet has a PhD in law and is the founder of the chair in secularism at Sciences-Po Bordeaux. He teaches secularism at Evry University, France.<\/p>\n<\/div><\/div><\/div><div class=\"fusion-panel panel-default panel-92cb665ccda1e6b57 fusion-toggle-no-divider fusion-toggle-boxed-mode\"><div class=\"panel-heading\"><h4 class=\"panel-title toggle\" id=\"toggle_92cb665ccda1e6b57\"><a aria-expanded=\"false\" aria-controls=\"92cb665ccda1e6b57\" role=\"button\" data-toggle=\"collapse\" data-parent=\"#accordion-37665-2\" data-target=\"#92cb665ccda1e6b57\" href=\"#92cb665ccda1e6b57\"><span class=\"fusion-toggle-icon-wrapper\" aria-hidden=\"true\"><i class=\"fa-fusion-box active-icon awb-icon-minus\" aria-hidden=\"true\"><\/i><i class=\"fa-fusion-box inactive-icon awb-icon-plus\" aria-hidden=\"true\"><\/i><\/span><span class=\"fusion-toggle-heading\">Alain Tobelem - Director of Research<\/span><\/a><\/h4><\/div><div id=\"92cb665ccda1e6b57\" class=\"panel-collapse collapse \" aria-labelledby=\"toggle_92cb665ccda1e6b57\"><div class=\"panel-body toggle-content fusion-clearfix\">\n<div class=\"vc_tta-panel-body\">\n<div class=\"wpb_text_column wpb_content_element \">\n<div class=\"wpb_wrapper\">\n<p>Alain Tobelem has a PhD in development economics (Paris-Sorbonne University) and is an accredited director of research in management (University of Nice). He is a graduate of Sciences Po, the Institut des Hautes \u00c9tudes de l\u2019Am\u00e9rique Latine, the CELSA, and Sorbonne-Paris University (Hispanic and lusophone languages and civilisations). Multilingual (French, English, Spanish and Portuguese), with a good knowledge of German, Italian, Arabic and Chinese, Alain Tobelem has worked in over 75 countries and for numerous international organisations:<\/p>\n<ul>\n<li>at the Centre International pour le D\u00e9veloppement (CID), Paris, with Josu\u00e9 de Castro (geopolitics of hunger);<\/li>\n<li>at the UNESCO as an expert in functional education for adults and later in educational economics and finance;<\/li>\n<li>at the World Bank is an expert on financing education and later as head expert on institutional development;<\/li>\n<li>at the International Labour Office as a project manager for the Brazilian Ministry of Labour<\/li>\n<\/ul>\n<p class=\"Texte\">An accredited director of research, Alain Tobelem supervises research dissertations in management. He also teaches management, project management and economic intelligence at the CERAM (Sophia Antipolis), at Portugal\u2019s national administration academy, at the Institut International d\u2019Administration Publique (IIAP, affiliated with ENA, France), and at the national administrative academies of Tunisia and Morocco. He also teaches research methodology at international universities in Nice, Shanghai and Hanoi. He heads the governance section of the FEDE Doctoral School<\/p>\n<\/div>\n<\/div>\n<\/div>\n<\/div><\/div><\/div><div class=\"fusion-panel panel-default panel-9bea7055dc9d87cc1 fusion-toggle-no-divider fusion-toggle-boxed-mode\"><div class=\"panel-heading\"><h4 class=\"panel-title toggle\" id=\"toggle_9bea7055dc9d87cc1\"><a aria-expanded=\"false\" aria-controls=\"9bea7055dc9d87cc1\" role=\"button\" data-toggle=\"collapse\" data-parent=\"#accordion-37665-2\" data-target=\"#9bea7055dc9d87cc1\" href=\"#9bea7055dc9d87cc1\"><span class=\"fusion-toggle-icon-wrapper\" aria-hidden=\"true\"><i class=\"fa-fusion-box active-icon awb-icon-minus\" aria-hidden=\"true\"><\/i><i class=\"fa-fusion-box inactive-icon awb-icon-plus\" aria-hidden=\"true\"><\/i><\/span><span class=\"fusion-toggle-heading\">Jean-No\u00ebl Vall\u00e9e - Director of Research<\/span><\/a><\/h4><\/div><div id=\"9bea7055dc9d87cc1\" class=\"panel-collapse collapse \" aria-labelledby=\"toggle_9bea7055dc9d87cc1\"><div class=\"panel-body toggle-content fusion-clearfix\">\n<div class=\"vc_tta-panel-body\">\n<div class=\"wpb_text_column wpb_content_element \">\n<div class=\"wpb_wrapper\">Jean-No\u00ebl Vall\u00e9e is a medical doctor (Paris Descartes University\/Necker) with a PhD in medicine. He is an accredited director of research and neuroscience. He also has a PhD in physics from Paris-13 University, a degree in literature (Lyon-3 University) and a master\u2019s level degree from the Institut d\u2019Administration des Entreprises (Lyon-3 University). And he is a graduate of a major French engineering academy (INSA Lyon). A fomer resident and consultant doctor for Paris\u2019s hospital network, he currently manages the innovation department of the FEDE Doctoral School.<\/div>\n<\/div>\n<\/div>\n<\/div><\/div><\/div><div class=\"fusion-panel panel-default panel-87850440f35a27c6d fusion-toggle-no-divider fusion-toggle-boxed-mode\"><div class=\"panel-heading\"><h4 class=\"panel-title toggle\" id=\"toggle_87850440f35a27c6d\"><a aria-expanded=\"false\" aria-controls=\"87850440f35a27c6d\" role=\"button\" data-toggle=\"collapse\" data-parent=\"#accordion-37665-2\" data-target=\"#87850440f35a27c6d\" href=\"#87850440f35a27c6d\"><span class=\"fusion-toggle-icon-wrapper\" aria-hidden=\"true\"><i class=\"fa-fusion-box active-icon awb-icon-minus\" aria-hidden=\"true\"><\/i><i class=\"fa-fusion-box inactive-icon awb-icon-plus\" aria-hidden=\"true\"><\/i><\/span><span class=\"fusion-toggle-heading\">Coralia Cotoraci - Rector of the Academy<\/span><\/a><\/h4><\/div><div id=\"87850440f35a27c6d\" class=\"panel-collapse collapse \" aria-labelledby=\"toggle_87850440f35a27c6d\"><div class=\"panel-body toggle-content fusion-clearfix\">\n<p>Rector of the Vasile University Goldi\u015f (UVVG) located in Arad, Romania, medical professional and recognized professor, is the author of a thesis entitled \u201cMorphological and clinical evolutionary aspects of myelodysplastic syndromes\u201d. Holder of a master\u2019s degree in psychology and psychotherapy, specializing in internal medicine and haematology, this eminent figure in the Romanian medical world teaches at the University of Arad.<\/p>\n<\/div><\/div><\/div><div class=\"fusion-panel panel-default panel-0f87cf5e11a7ec8ad fusion-toggle-no-divider fusion-toggle-boxed-mode\"><div class=\"panel-heading\"><h4 class=\"panel-title toggle\" id=\"toggle_0f87cf5e11a7ec8ad\"><a aria-expanded=\"false\" aria-controls=\"0f87cf5e11a7ec8ad\" role=\"button\" data-toggle=\"collapse\" data-parent=\"#accordion-37665-2\" data-target=\"#0f87cf5e11a7ec8ad\" href=\"#0f87cf5e11a7ec8ad\"><span class=\"fusion-toggle-icon-wrapper\" aria-hidden=\"true\"><i class=\"fa-fusion-box active-icon awb-icon-minus\" aria-hidden=\"true\"><\/i><i class=\"fa-fusion-box inactive-icon awb-icon-plus\" aria-hidden=\"true\"><\/i><\/span><span class=\"fusion-toggle-heading\">Chantale Lapeyre - Live show<\/span><\/a><\/h4><\/div><div id=\"0f87cf5e11a7ec8ad\" class=\"panel-collapse collapse \" aria-labelledby=\"toggle_0f87cf5e11a7ec8ad\"><div class=\"panel-body toggle-content fusion-clearfix\">\n<p>Chantal Lapeyre-Desmaison is a graduate in Modern Letters, Doctor of Contemporary Literature and qualified to direct research (University of Bordeaux III). She is currently University Professor of French Literature at the University of Artois since 2010, and was Associate Professor at the University of Burgundy from 2004 to 2010. She is trained in classical, contemporary and baroque dance. Her current research focuses on baroque and contemporary dance, as well as on the status and issues of the body in contemporary and children\u2019s literature.<\/p>\n<\/div><\/div><\/div><div class=\"fusion-panel panel-default panel-49890fc69cff0f6f2 fusion-toggle-no-divider fusion-toggle-boxed-mode\"><div class=\"panel-heading\"><h4 class=\"panel-title toggle\" id=\"toggle_49890fc69cff0f6f2\"><a aria-expanded=\"false\" aria-controls=\"49890fc69cff0f6f2\" role=\"button\" data-toggle=\"collapse\" data-parent=\"#accordion-37665-2\" data-target=\"#49890fc69cff0f6f2\" href=\"#49890fc69cff0f6f2\"><span class=\"fusion-toggle-icon-wrapper\" aria-hidden=\"true\"><i class=\"fa-fusion-box active-icon awb-icon-minus\" aria-hidden=\"true\"><\/i><i class=\"fa-fusion-box inactive-icon awb-icon-plus\" aria-hidden=\"true\"><\/i><\/span><span class=\"fusion-toggle-heading\">Lazare ki Zerbo - International relations<\/span><\/a><\/h4><\/div><div id=\"49890fc69cff0f6f2\" class=\"panel-collapse collapse \" aria-labelledby=\"toggle_49890fc69cff0f6f2\"><div class=\"panel-body toggle-content fusion-clearfix\">\n<p>Born in 1965 in Ouagadougou (Burkina Faso), Lazare Ki-Zerbo holds a doctorate in philosophy (Paris I, Panth\u00e9on \u2013 Sorbonne). He holds a post-doctoral degree from the Institut Catholique de Paris and taught at the University of Ouagadougou from 1995 to 1999. As a charg\u00e9 de mission at the International Organization of the Francophonie, he has worked particularly on partnerships between international non-governmental organizations (INGOs) and organizations of the Francophonie, human rights in business and treaties relating to the abolition of the death penalty.<\/p>\n<\/div><\/div><\/div><div class=\"fusion-panel panel-default panel-eea75a5477db640a8 fusion-toggle-no-divider fusion-toggle-boxed-mode\"><div class=\"panel-heading\"><h4 class=\"panel-title toggle\" id=\"toggle_eea75a5477db640a8\"><a aria-expanded=\"false\" aria-controls=\"eea75a5477db640a8\" role=\"button\" data-toggle=\"collapse\" data-parent=\"#accordion-37665-2\" data-target=\"#eea75a5477db640a8\" href=\"#eea75a5477db640a8\"><span class=\"fusion-toggle-icon-wrapper\" aria-hidden=\"true\"><i class=\"fa-fusion-box active-icon awb-icon-minus\" aria-hidden=\"true\"><\/i><i class=\"fa-fusion-box inactive-icon awb-icon-plus\" aria-hidden=\"true\"><\/i><\/span><span class=\"fusion-toggle-heading\">Victor Towo Kamga - International Relations &amp; Francophonie<\/span><\/a><\/h4><\/div><div id=\"eea75a5477db640a8\" class=\"panel-collapse collapse \" aria-labelledby=\"toggle_eea75a5477db640a8\"><div class=\"panel-body toggle-content fusion-clearfix\">\n<p>Victor Towo Kamga, an executive at the Public Finance Directorate General of Bercy, joins the Scientific Advisory Board and brings all his expertise on the major issues of the African continent, public finance and law. In September 1993, he obtained a Diploma of Advanced Study (DEA) in Litigation Law as valedictorian of his class. In 2005, he obtained a doctorate in law at the University of Paris 1 Panth\u00e9on-Sorbonne. On December 5, 2013, he was authorized by the Beauvais Bar Association to take the oath after obtaining the certificate of aptitude for the legal profession following the success of the ethical examination he passed in Paris.<\/p>\n<\/div><\/div><\/div><div class=\"fusion-panel panel-default panel-d319f0aca42591875 fusion-toggle-no-divider fusion-toggle-boxed-mode\"><div class=\"panel-heading\"><h4 class=\"panel-title toggle\" id=\"toggle_d319f0aca42591875\"><a aria-expanded=\"false\" aria-controls=\"d319f0aca42591875\" role=\"button\" data-toggle=\"collapse\" data-parent=\"#accordion-37665-2\" data-target=\"#d319f0aca42591875\" href=\"#d319f0aca42591875\"><span class=\"fusion-toggle-icon-wrapper\" aria-hidden=\"true\"><i class=\"fa-fusion-box active-icon awb-icon-minus\" aria-hidden=\"true\"><\/i><i class=\"fa-fusion-box inactive-icon awb-icon-plus\" aria-hidden=\"true\"><\/i><\/span><span class=\"fusion-toggle-heading\">Patrick Vieu - PhD-ENA<\/span><\/a><\/h4><\/div><div id=\"d319f0aca42591875\" class=\"panel-collapse collapse \" aria-labelledby=\"toggle_d319f0aca42591875\"><div class=\"panel-body toggle-content fusion-clearfix\">\n<p>Patrick Vieu is an alumnus of ENA, a graduate of the Institut d\u2019\u00c9tudes Politiques de Paris and holds a PhD in philosophy (thesis on Adam Fergusson, Scottish philosopher of the Enlightenment). Today an advisor to the Vice-President of the General Council for the Environment and Sustainable Development, Patrick Vieu was also Director of Rail and Public Transport and Director of Transport Services at the General Directorate of Infrastructures, Transport and the Sea (DGITM). His career was also marked by a stint at the Court of Auditors and by administrative tribes (Administrative Court of Versailles).<\/p>\n<\/div><\/div><\/div><\/div><\/div><div class=\"fusion-clearfix\"><\/div><\/div><\/div><\/div><\/div><div class=\"fusion-fullwidth fullwidth-box fusion-builder-row-4 fusion-flex-container has-pattern-background has-mask-background nonhundred-percent-fullwidth non-hundred-percent-height-scrolling\" style=\"--awb-border-radius-top-left:0px;--awb-border-radius-top-right:0px;--awb-border-radius-bottom-right:0px;--awb-border-radius-bottom-left:0px;--awb-flex-wrap:wrap;\" ><div class=\"fusion-builder-row fusion-row fusion-flex-align-items-center fusion-flex-justify-content-center fusion-flex-content-wrap\" style=\"max-width:1144px;margin-left: calc(-4% \/ 2 );margin-right: calc(-4% \/ 2 );\"><div class=\"fusion-layout-column fusion_builder_column fusion-builder-column-5 fusion_builder_column_1_1 1_1 fusion-flex-column fusion-flex-align-self-center\" style=\"--awb-bg-size:cover;--awb-width-large:100%;--awb-margin-top-large:0px;--awb-spacing-right-large:1.92%;--awb-margin-bottom-large:20px;--awb-spacing-left-large:1.92%;--awb-width-medium:100%;--awb-order-medium:0;--awb-spacing-right-medium:1.92%;--awb-spacing-left-medium:1.92%;--awb-width-small:100%;--awb-order-small:0;--awb-spacing-right-small:1.92%;--awb-spacing-left-small:1.92%;\"><div class=\"fusion-column-wrapper fusion-column-has-shadow fusion-flex-justify-content-center fusion-content-layout-column\"><div class=\"fusion-recent-posts fusion-recent-posts-1 avada-container layout-default layout-columns-3\"><section class=\"fusion-columns columns fusion-columns-3 columns-3\"><article class=\"post fusion-column column col col-lg-4 col-md-4 col-sm-4\"><div class=\"fusion-flexslider fusion-flexslider-loading flexslider flexslider-hover-type-none\"><ul class=\"slides\"><li><a href=\"https:\/\/www.fede.education\/en\/2024\/05\/31\/2024-decisive-elections-for-democracy\/\" aria-label=\"2024: Decisive elections for democracy\" class=\"hover-type-none\"><img decoding=\"async\" width=\"1200\" height=\"627\" src=\"https:\/\/www.fede.education\/wp-content\/uploads\/2024\/05\/Article-democratie.jpg\" class=\"attachment-full size-full\" alt=\"\" srcset=\"https:\/\/www.fede.education\/wp-content\/uploads\/2024\/05\/Article-democratie-200x105.jpg 200w, https:\/\/www.fede.education\/wp-content\/uploads\/2024\/05\/Article-democratie-400x209.jpg 400w, https:\/\/www.fede.education\/wp-content\/uploads\/2024\/05\/Article-democratie-600x314.jpg 600w, https:\/\/www.fede.education\/wp-content\/uploads\/2024\/05\/Article-democratie-800x418.jpg 800w, https:\/\/www.fede.education\/wp-content\/uploads\/2024\/05\/Article-democratie.jpg 1200w\" sizes=\"(min-width: 2200px) 100vw, (min-width: 784px) 347px, (min-width: 712px) 520px, (min-width: 640px) 712px, \" \/><\/a><\/li><\/ul><\/div><div class=\"recent-posts-content\"><span class=\"vcard\" style=\"display: none;\"><span class=\"fn\"><a href=\"https:\/\/www.fede.education\/en\/author\/tbui\/\" title=\"Posts by Trang BUI\" rel=\"author\">Trang BUI<\/a><\/span><\/span><span class=\"updated\" style=\"display:none;\">2024-05-31T17:17:55+02:00<\/span><h4 class=\"entry-title\"><a href=\"https:\/\/www.fede.education\/en\/2024\/05\/31\/2024-decisive-elections-for-democracy\/\">2024: Decisive elections for democracy<\/a><\/h4><p class=\"meta\"><span class=\"vcard\" style=\"display: none;\"><span class=\"fn\"><a href=\"https:\/\/www.fede.education\/en\/author\/tbui\/\" title=\"Posts by Trang BUI\" rel=\"author\">Trang BUI<\/a><\/span><\/span><span class=\"updated\" style=\"display:none;\">2024-05-31T17:17:55+02:00<\/span><span>May 31st, 2024<\/span><span class=\"fusion-inline-sep\">|<\/span><\/p><p> The year 2024 promises to be a period of electoral density unequalled since universal suffrage was first introduced in 1792 by a pioneering country, France, at a time when only men had the right<a href=\"https:\/\/www.fede.education\/en\/2024\/05\/31\/2024-decisive-elections-for-democracy\/\"> <strong>[lire plus]<\/strong><\/a><\/p><\/div><\/article><article class=\"post fusion-column column col col-lg-4 col-md-4 col-sm-4\"><div class=\"fusion-flexslider fusion-flexslider-loading flexslider flexslider-hover-type-none\"><ul class=\"slides\"><li><a href=\"https:\/\/www.fede.education\/en\/2024\/03\/06\/womens-day-challenges-for-2024-meeting-with-blerina-zoto\/\" aria-label=\"Women&#8217;s Day: Challenges for 2024 &#8211; Meeting with Blerina Zoto\" class=\"hover-type-none\"><img decoding=\"async\" width=\"1200\" height=\"627\" src=\"https:\/\/www.fede.education\/wp-content\/uploads\/2024\/03\/Blerina-ZOTO.png\" class=\"attachment-full size-full\" alt=\"\" srcset=\"https:\/\/www.fede.education\/wp-content\/uploads\/2024\/03\/Blerina-ZOTO-200x105.png 200w, https:\/\/www.fede.education\/wp-content\/uploads\/2024\/03\/Blerina-ZOTO-400x209.png 400w, https:\/\/www.fede.education\/wp-content\/uploads\/2024\/03\/Blerina-ZOTO-600x314.png 600w, https:\/\/www.fede.education\/wp-content\/uploads\/2024\/03\/Blerina-ZOTO-800x418.png 800w, https:\/\/www.fede.education\/wp-content\/uploads\/2024\/03\/Blerina-ZOTO.png 1200w\" sizes=\"(min-width: 2200px) 100vw, (min-width: 784px) 347px, (min-width: 712px) 520px, (min-width: 640px) 712px, \" \/><\/a><\/li><\/ul><\/div><div class=\"recent-posts-content\"><span class=\"vcard\" style=\"display: none;\"><span class=\"fn\"><a href=\"https:\/\/www.fede.education\/en\/author\/tbui\/\" title=\"Posts by Trang BUI\" rel=\"author\">Trang BUI<\/a><\/span><\/span><span class=\"updated\" style=\"display:none;\">2024-03-07T12:00:17+01:00<\/span><h4 class=\"entry-title\"><a href=\"https:\/\/www.fede.education\/en\/2024\/03\/06\/womens-day-challenges-for-2024-meeting-with-blerina-zoto\/\">Women&#8217;s Day: Challenges for 2024 &#8211; Meeting with Blerina Zoto<\/a><\/h4><p class=\"meta\"><span class=\"vcard\" style=\"display: none;\"><span class=\"fn\"><a href=\"https:\/\/www.fede.education\/en\/author\/tbui\/\" title=\"Posts by Trang BUI\" rel=\"author\">Trang BUI<\/a><\/span><\/span><span class=\"updated\" style=\"display:none;\">2024-03-07T12:00:17+01:00<\/span><span>March 6th, 2024<\/span><span class=\"fusion-inline-sep\">|<\/span><\/p><p>  To mark the 61st anniversary of the FEDE and International Women\u2019s Day on March 2024, we had the privilege of meeting Blerina Zoto, member of the FEDE Executive Board. An Albanian-Swiss diplomat, human<a href=\"https:\/\/www.fede.education\/en\/2024\/03\/06\/womens-day-challenges-for-2024-meeting-with-blerina-zoto\/\"> <strong>[lire plus]<\/strong><\/a><\/p><\/div><\/article><article class=\"post fusion-column column col col-lg-4 col-md-4 col-sm-4\"><div class=\"fusion-flexslider fusion-flexslider-loading flexslider flexslider-hover-type-none\"><ul class=\"slides\"><li><a href=\"https:\/\/www.fede.education\/en\/2023\/12\/01\/kerline-paul-boosting-the-identity-and-reputation-of-solidarity-based-economics\/\" aria-label=\"Kerline Paul: \u2018Boosting the identity and reputation of solidarity-based economics\u2019\" class=\"hover-type-none\"><img decoding=\"async\" width=\"1200\" height=\"627\" src=\"https:\/\/www.fede.education\/wp-content\/uploads\/2023\/12\/Kerlin-Paul.png\" class=\"attachment-full size-full\" alt=\"\" srcset=\"https:\/\/www.fede.education\/wp-content\/uploads\/2023\/12\/Kerlin-Paul-200x105.png 200w, https:\/\/www.fede.education\/wp-content\/uploads\/2023\/12\/Kerlin-Paul-400x209.png 400w, https:\/\/www.fede.education\/wp-content\/uploads\/2023\/12\/Kerlin-Paul-600x314.png 600w, https:\/\/www.fede.education\/wp-content\/uploads\/2023\/12\/Kerlin-Paul-800x418.png 800w, https:\/\/www.fede.education\/wp-content\/uploads\/2023\/12\/Kerlin-Paul.png 1200w\" sizes=\"(min-width: 2200px) 100vw, (min-width: 784px) 347px, (min-width: 712px) 520px, (min-width: 640px) 712px, \" \/><\/a><\/li><\/ul><\/div><div class=\"recent-posts-content\"><span class=\"vcard\" style=\"display: none;\"><span class=\"fn\"><a href=\"https:\/\/www.fede.education\/en\/author\/tbui\/\" title=\"Posts by Trang BUI\" rel=\"author\">Trang BUI<\/a><\/span><\/span><span class=\"updated\" style=\"display:none;\">2023-12-01T12:00:11+01:00<\/span><h4 class=\"entry-title\"><a href=\"https:\/\/www.fede.education\/en\/2023\/12\/01\/kerline-paul-boosting-the-identity-and-reputation-of-solidarity-based-economics\/\">Kerline Paul: \u2018Boosting the identity and reputation of solidarity-based economics\u2019<\/a><\/h4><p class=\"meta\"><span class=\"vcard\" style=\"display: none;\"><span class=\"fn\"><a href=\"https:\/\/www.fede.education\/en\/author\/tbui\/\" title=\"Posts by Trang BUI\" rel=\"author\">Trang BUI<\/a><\/span><\/span><span class=\"updated\" style=\"display:none;\">2023-12-01T12:00:11+01:00<\/span><span>December 1st, 2023<\/span><span class=\"fusion-inline-sep\">|<\/span><\/p><p> Kerline Paul has worked as a bilingual executive assistant for over 20 years. In preparing meetings and files, in organising seminars and training courses, and in managing customers, she has honed her capacity for<a href=\"https:\/\/www.fede.education\/en\/2023\/12\/01\/kerline-paul-boosting-the-identity-and-reputation-of-solidarity-based-economics\/\"> <strong>[lire plus]<\/strong><\/a><\/p><\/div><\/article><article class=\"post fusion-column column col col-lg-4 col-md-4 col-sm-4\"><div class=\"fusion-flexslider fusion-flexslider-loading flexslider flexslider-hover-type-none\"><ul class=\"slides\"><li><a href=\"https:\/\/www.fede.education\/en\/2023\/12\/01\/jean-frederic-minatchy-wants-to-find-a-fruitful-human-way-to-manage\/\" aria-label=\"Jean Frederic Minatchy wants to find a fruitful, human way to manage\" class=\"hover-type-none\"><img decoding=\"async\" width=\"1200\" height=\"627\" src=\"https:\/\/www.fede.education\/wp-content\/uploads\/2023\/12\/Jean-Frederique-Minatchy.png\" class=\"attachment-full size-full\" alt=\"\" srcset=\"https:\/\/www.fede.education\/wp-content\/uploads\/2023\/12\/Jean-Frederique-Minatchy-200x105.png 200w, https:\/\/www.fede.education\/wp-content\/uploads\/2023\/12\/Jean-Frederique-Minatchy-400x209.png 400w, https:\/\/www.fede.education\/wp-content\/uploads\/2023\/12\/Jean-Frederique-Minatchy-600x314.png 600w, https:\/\/www.fede.education\/wp-content\/uploads\/2023\/12\/Jean-Frederique-Minatchy-800x418.png 800w, https:\/\/www.fede.education\/wp-content\/uploads\/2023\/12\/Jean-Frederique-Minatchy.png 1200w\" sizes=\"(min-width: 2200px) 100vw, (min-width: 784px) 347px, (min-width: 712px) 520px, (min-width: 640px) 712px, \" \/><\/a><\/li><\/ul><\/div><div class=\"recent-posts-content\"><span class=\"vcard\" style=\"display: none;\"><span class=\"fn\"><a href=\"https:\/\/www.fede.education\/en\/author\/tbui\/\" title=\"Posts by Trang BUI\" rel=\"author\">Trang BUI<\/a><\/span><\/span><span class=\"updated\" style=\"display:none;\">2023-12-01T11:48:55+01:00<\/span><h4 class=\"entry-title\"><a href=\"https:\/\/www.fede.education\/en\/2023\/12\/01\/jean-frederic-minatchy-wants-to-find-a-fruitful-human-way-to-manage\/\">Jean Frederic Minatchy wants to find a fruitful, human way to manage<\/a><\/h4><p class=\"meta\"><span class=\"vcard\" style=\"display: none;\"><span class=\"fn\"><a href=\"https:\/\/www.fede.education\/en\/author\/tbui\/\" title=\"Posts by Trang BUI\" rel=\"author\">Trang BUI<\/a><\/span><\/span><span class=\"updated\" style=\"display:none;\">2023-12-01T11:48:55+01:00<\/span><span>December 1st, 2023<\/span><span class=\"fusion-inline-sep\">|<\/span><\/p><p> In 2012, Jean Fr\u00e9d\u00e9ric Minatchy set up a firm specialised in training (coaching and professional mentoring). He has also continued his career as a teacher, lecturing at N\u00e9oma Business School and the Universit\u00e9 de<a href=\"https:\/\/www.fede.education\/en\/2023\/12\/01\/jean-frederic-minatchy-wants-to-find-a-fruitful-human-way-to-manage\/\"> <strong>[lire plus]<\/strong><\/a><\/p><\/div><\/article><article class=\"post fusion-column column col col-lg-4 col-md-4 col-sm-4\"><div class=\"fusion-flexslider fusion-flexslider-loading flexslider flexslider-hover-type-none\"><ul class=\"slides\"><li><a href=\"https:\/\/www.fede.education\/en\/2023\/02\/22\/interview-with-dr-alioune-diaw-chairman-of-the-fena\/\" aria-label=\"Interview with Dr Alioune Diaw \u2013 Chairman of the FENA\" class=\"hover-type-none\"><img decoding=\"async\" width=\"800\" height=\"1200\" src=\"https:\/\/www.fede.education\/wp-content\/uploads\/2023\/02\/AliouneDiaw-e1677066154143.jpg\" class=\"attachment-full size-full\" alt=\"\" \/><\/a><\/li><\/ul><\/div><div class=\"recent-posts-content\"><span class=\"vcard\" style=\"display: none;\"><span class=\"fn\"><a href=\"https:\/\/www.fede.education\/en\/author\/tbui\/\" title=\"Posts by Trang BUI\" rel=\"author\">Trang BUI<\/a><\/span><\/span><span class=\"updated\" style=\"display:none;\">2023-02-23T15:28:51+01:00<\/span><h4 class=\"entry-title\"><a href=\"https:\/\/www.fede.education\/en\/2023\/02\/22\/interview-with-dr-alioune-diaw-chairman-of-the-fena\/\">Interview with Dr Alioune Diaw \u2013 Chairman of the FENA<\/a><\/h4><p class=\"meta\"><span class=\"vcard\" style=\"display: none;\"><span class=\"fn\"><a href=\"https:\/\/www.fede.education\/en\/author\/tbui\/\" title=\"Posts by Trang BUI\" rel=\"author\">Trang BUI<\/a><\/span><\/span><span class=\"updated\" style=\"display:none;\">2023-02-23T15:28:51+01:00<\/span><span>February 22nd, 2023<\/span><span class=\"fusion-inline-sep\">|<\/span><\/p><p> On 28 October 2021, during the FEDE\u2019s General Assembly, the FEDE and the F\u00c9d\u00e9ration fran\u00e7aise des \u00c9coles de NAturopathie (F\u00c9NA) signed an educational memorandum of understanding . It addresses, in particular, skills and other<a href=\"https:\/\/www.fede.education\/en\/2023\/02\/22\/interview-with-dr-alioune-diaw-chairman-of-the-fena\/\"> <strong>[lire plus]<\/strong><\/a><\/p><\/div><\/article><article class=\"post fusion-column column col col-lg-4 col-md-4 col-sm-4\"><div class=\"fusion-flexslider fusion-flexslider-loading flexslider flexslider-hover-type-none\"><ul class=\"slides\"><li><a href=\"https:\/\/www.fede.education\/en\/2023\/02\/22\/memorandum-of-understanding-between-the-fede-and-etno\/\" aria-label=\"Memorandum of Understanding between the FEDE and ETNO\" class=\"hover-type-none\"><img decoding=\"async\" width=\"2560\" height=\"1707\" src=\"https:\/\/www.fede.education\/wp-content\/uploads\/2023\/02\/DSC05954-scaled.jpg\" class=\"attachment-full size-full\" alt=\"\" srcset=\"https:\/\/www.fede.education\/wp-content\/uploads\/2023\/02\/DSC05954-200x133.jpg 200w, https:\/\/www.fede.education\/wp-content\/uploads\/2023\/02\/DSC05954-400x267.jpg 400w, https:\/\/www.fede.education\/wp-content\/uploads\/2023\/02\/DSC05954-600x400.jpg 600w, https:\/\/www.fede.education\/wp-content\/uploads\/2023\/02\/DSC05954-800x533.jpg 800w, https:\/\/www.fede.education\/wp-content\/uploads\/2023\/02\/DSC05954-1200x800.jpg 1200w, https:\/\/www.fede.education\/wp-content\/uploads\/2023\/02\/DSC05954-scaled.jpg 2560w\" sizes=\"(min-width: 2200px) 100vw, (min-width: 784px) 347px, (min-width: 712px) 520px, (min-width: 640px) 712px, \" \/><\/a><\/li><\/ul><\/div><div class=\"recent-posts-content\"><span class=\"vcard\" style=\"display: none;\"><span class=\"fn\"><a href=\"https:\/\/www.fede.education\/en\/author\/tbui\/\" title=\"Posts by Trang BUI\" rel=\"author\">Trang BUI<\/a><\/span><\/span><span class=\"updated\" style=\"display:none;\">2023-02-23T15:26:17+01:00<\/span><h4 class=\"entry-title\"><a href=\"https:\/\/www.fede.education\/en\/2023\/02\/22\/memorandum-of-understanding-between-the-fede-and-etno\/\">Memorandum of Understanding between the FEDE and ETNO<\/a><\/h4><p class=\"meta\"><span class=\"vcard\" style=\"display: none;\"><span class=\"fn\"><a href=\"https:\/\/www.fede.education\/en\/author\/tbui\/\" title=\"Posts by Trang BUI\" rel=\"author\">Trang BUI<\/a><\/span><\/span><span class=\"updated\" style=\"display:none;\">2023-02-23T15:26:17+01:00<\/span><span>February 22nd, 2023<\/span><span class=\"fusion-inline-sep\">|<\/span><\/p><p> \u00a0On 14 February 2022, the Chairwoman of the FEDE, Claude Vivier Le Got, and the General Director of the European Telecommunications Network Operators\u2019 Association (ETNO), Lise Fuhr, signed a memorandum of understanding at the<a href=\"https:\/\/www.fede.education\/en\/2023\/02\/22\/memorandum-of-understanding-between-the-fede-and-etno\/\"> <strong>[lire plus]<\/strong><\/a><\/p><\/div><\/article><\/section><\/div><\/div><\/div><\/div><\/div><div class=\"fusion-fullwidth fullwidth-box fusion-builder-row-5 fusion-flex-container nonhundred-percent-fullwidth non-hundred-percent-height-scrolling\" style=\"--awb-border-radius-top-left:0px;--awb-border-radius-top-right:0px;--awb-border-radius-bottom-right:0px;--awb-border-radius-bottom-left:0px;--awb-flex-wrap:wrap;\" ><div class=\"fusion-builder-row fusion-row fusion-flex-align-items-flex-start fusion-flex-content-wrap\" style=\"max-width:1144px;margin-left: calc(-4% \/ 2 );margin-right: calc(-4% \/ 2 );\"><div class=\"fusion-layout-column fusion_builder_column fusion-builder-column-6 fusion_builder_column_1_1 1_1 fusion-flex-column\" style=\"--awb-bg-size:cover;--awb-width-large:100%;--awb-margin-top-large:0px;--awb-spacing-right-large:1.92%;--awb-margin-bottom-large:20px;--awb-spacing-left-large:1.92%;--awb-width-medium:100%;--awb-order-medium:0;--awb-spacing-right-medium:1.92%;--awb-spacing-left-medium:1.92%;--awb-width-small:100%;--awb-order-small:0;--awb-spacing-right-small:1.92%;--awb-spacing-left-small:1.92%;\"><div class=\"fusion-column-wrapper fusion-column-has-shadow fusion-flex-justify-content-flex-start fusion-content-layout-column\"><div class=\"fusion-sharing-box fusion-sharing-box-1 has-taglines layout-floated layout-medium-floated layout-small-stacked\" style=\"background-color:#87c35c;border-color:#cccccc;--awb-tagline-text-size:20px;--awb-separator-border-color:#cccccc;--awb-separator-border-sizes:0px;--awb-layout:row;--awb-alignment-small:space-between;--awb-stacked-align-small:center;\" data-title=\"Memorandum of Understanding between the FEDE and ETNO\" data-description=\"\u00a0On 14 February 2022, the Chairwoman of the FEDE, Claude Vivier Le Got, and the General Director of the European Telecommunications Network Operators\u2019 Association (ETNO), Lise Fuhr, signed a memorandum of understanding at the Mus\u00e9e de la Chasse et de la Nature in Paris.\r\nFounded in Brussels in 1992, ETNO is the\" data-link=\"https:\/\/www.fede.education\/en\/2023\/02\/22\/memorandum-of-understanding-between-the-fede-and-etno\/\"><h4 class=\"tagline\" style=\"color:#ffffff;\">Share this FEDE page with your community!<\/h4><div class=\"fusion-social-networks sharingbox-shortcode-icon-wrapper sharingbox-shortcode-icon-wrapper-1\"><span><a href=\"https:\/\/www.facebook.com\/sharer.php?u=https%3A%2F%2Fwww.fede.education%2Fen%2F2023%2F02%2F22%2Fmemorandum-of-understanding-between-the-fede-and-etno%2F&amp;t=Memorandum%20of%20Understanding%20between%20the%20FEDE%20and%20ETNO\" target=\"_blank\" rel=\"noreferrer\" title=\"Facebook\" aria-label=\"Facebook\" data-placement=\"top\" data-toggle=\"tooltip\" data-title=\"Facebook\"><i class=\"fusion-social-network-icon fusion-tooltip fusion-facebook awb-icon-facebook\" style=\"color:#ffffff;\" aria-hidden=\"true\"><\/i><\/a><\/span><span><a href=\"https:\/\/x.com\/share?text=Memorandum%20of%20Understanding%20between%20the%20FEDE%20and%20ETNO&amp;url=https%3A%2F%2Fwww.fede.education%2Fen%2F2023%2F02%2F22%2Fmemorandum-of-understanding-between-the-fede-and-etno%2F\" target=\"_blank\" rel=\"noopener noreferrer\" title=\"X\" aria-label=\"X\" data-placement=\"top\" data-toggle=\"tooltip\" data-title=\"X\"><i class=\"fusion-social-network-icon fusion-tooltip fusion-twitter awb-icon-twitter\" style=\"color:#ffffff;\" aria-hidden=\"true\"><\/i><\/a><\/span><span><a href=\"https:\/\/www.linkedin.com\/shareArticle?mini=true&amp;url=https%3A%2F%2Fwww.fede.education%2Fen%2F2023%2F02%2F22%2Fmemorandum-of-understanding-between-the-fede-and-etno%2F&amp;title=Memorandum%20of%20Understanding%20between%20the%20FEDE%20and%20ETNO&amp;summary=%C2%A0On%2014%20February%202022%2C%20the%20Chairwoman%20of%20the%20FEDE%2C%20Claude%20Vivier%20Le%20Got%2C%20and%20the%20General%20Director%20of%20the%20European%20Telecommunications%20Network%20Operators%E2%80%99%20Association%20%28ETNO%29%2C%20Lise%20Fuhr%2C%20signed%20a%20memorandum%20of%20understanding%20at%20the%20Mus%C3%A9e%20de%20la%20Chasse%20et%20de%20la%20Nature%20in%20Paris.%0D%0AFounded%20in%20Brussels%20in%201992%2C%20ETNO%20is%20the\" target=\"_blank\" rel=\"noopener noreferrer\" title=\"LinkedIn\" aria-label=\"LinkedIn\" data-placement=\"top\" data-toggle=\"tooltip\" data-title=\"LinkedIn\"><i class=\"fusion-social-network-icon fusion-tooltip fusion-linkedin awb-icon-linkedin\" style=\"color:#ffffff;\" aria-hidden=\"true\"><\/i><\/a><\/span><span><a href=\"mailto:?subject=Memorandum%20of%20Understanding%20between%20the%20FEDE%20and%20ETNO&amp;body=https%3A%2F%2Fwww.fede.education%2Fen%2F2023%2F02%2F22%2Fmemorandum-of-understanding-between-the-fede-and-etno%2F\" target=\"_self\" title=\"Email\" aria-label=\"Email\" data-placement=\"top\" data-toggle=\"tooltip\" data-title=\"Email\"><i class=\"fusion-social-network-icon fusion-tooltip fusion-mail awb-icon-mail\" style=\"color:#ffffff;\" aria-hidden=\"true\"><\/i><\/a><\/span><\/div><\/div><\/div><\/div><\/div><\/div><\/p>\n","protected":false},"excerpt":{"rendered":"","protected":false},"author":10,"featured_media":0,"parent":0,"menu_order":0,"comment_status":"closed","ping_status":"closed","template":"","meta":{"_acf_changed":false,"footnotes":""},"class_list":["post-37665","page","type-page","status-publish","hentry"],"acf":[],"yoast_head":"<!-- This site is optimized with the Yoast SEO plugin v23.5 - https:\/\/yoast.com\/wordpress\/plugins\/seo\/ -->\n<title>Panel of Experts - FEDE - F\u00e9d\u00e9ration Europ\u00e9enne Des Ecoles<\/title>\n<meta name=\"robots\" content=\"index, follow, max-snippet:-1, max-image-preview:large, max-video-preview:-1\" \/>\n<link rel=\"canonical\" href=\"https:\/\/www.fede.education\/en\/panel-of-experts\/\" \/>\n<meta property=\"og:locale\" content=\"en_US\" \/>\n<meta property=\"og:type\" content=\"article\" \/>\n<meta property=\"og:title\" content=\"Panel of Experts - FEDE - F\u00e9d\u00e9ration Europ\u00e9enne Des Ecoles\" \/>\n<meta property=\"og:url\" content=\"https:\/\/www.fede.education\/en\/panel-of-experts\/\" \/>\n<meta property=\"og:site_name\" content=\"FEDE - F\u00e9d\u00e9ration Europ\u00e9enne Des Ecoles\" \/>\n<meta property=\"article:publisher\" content=\"https:\/\/www.facebook.com\/fede.education\" \/>\n<meta property=\"article:modified_time\" content=\"2026-01-26T08:58:15+00:00\" \/>\n<meta property=\"og:image\" content=\"https:\/\/www.fede.education\/wp-content\/uploads\/2022\/06\/Clarisse-Angelier-Membre-College-Experts-FEDE.png\" \/>\n<meta name=\"twitter:card\" content=\"summary_large_image\" \/>\n<meta name=\"twitter:site\" content=\"@FEDE_OING\" \/>\n<meta name=\"twitter:label1\" content=\"Est. reading time\" \/>\n\t<meta name=\"twitter:data1\" content=\"27 minutes\" \/>\n<script type=\"application\/ld+json\" class=\"yoast-schema-graph\">{\"@context\":\"https:\/\/schema.org\",\"@graph\":[{\"@type\":\"WebPage\",\"@id\":\"https:\/\/www.fede.education\/en\/panel-of-experts\/\",\"url\":\"https:\/\/www.fede.education\/en\/panel-of-experts\/\",\"name\":\"Panel of Experts - FEDE - F\u00e9d\u00e9ration Europ\u00e9enne Des Ecoles\",\"isPartOf\":{\"@id\":\"https:\/\/www.fede.education\/#website\"},\"primaryImageOfPage\":{\"@id\":\"https:\/\/www.fede.education\/en\/panel-of-experts\/#primaryimage\"},\"image\":{\"@id\":\"https:\/\/www.fede.education\/en\/panel-of-experts\/#primaryimage\"},\"thumbnailUrl\":\"https:\/\/www.fede.education\/wp-content\/uploads\/2022\/06\/Clarisse-Angelier-Membre-College-Experts-FEDE.png\",\"datePublished\":\"2022-06-06T23:35:54+00:00\",\"dateModified\":\"2026-01-26T08:58:15+00:00\",\"breadcrumb\":{\"@id\":\"https:\/\/www.fede.education\/en\/panel-of-experts\/#breadcrumb\"},\"inLanguage\":\"en-US\",\"potentialAction\":[{\"@type\":\"ReadAction\",\"target\":[\"https:\/\/www.fede.education\/en\/panel-of-experts\/\"]}]},{\"@type\":\"ImageObject\",\"inLanguage\":\"en-US\",\"@id\":\"https:\/\/www.fede.education\/en\/panel-of-experts\/#primaryimage\",\"url\":\"https:\/\/www.fede.education\/wp-content\/uploads\/2022\/06\/Clarisse-Angelier-Membre-College-Experts-FEDE.png\",\"contentUrl\":\"https:\/\/www.fede.education\/wp-content\/uploads\/2022\/06\/Clarisse-Angelier-Membre-College-Experts-FEDE.png\"},{\"@type\":\"BreadcrumbList\",\"@id\":\"https:\/\/www.fede.education\/en\/panel-of-experts\/#breadcrumb\",\"itemListElement\":[{\"@type\":\"ListItem\",\"position\":1,\"name\":\"Accueil\",\"item\":\"https:\/\/www.fede.education\/en\/\"},{\"@type\":\"ListItem\",\"position\":2,\"name\":\"Panel of Experts\"}]},{\"@type\":\"WebSite\",\"@id\":\"https:\/\/www.fede.education\/#website\",\"url\":\"https:\/\/www.fede.education\/\",\"name\":\"FEDE - F\u00e9d\u00e9ration Europ\u00e9enne Des Ecoles\",\"description\":\"\",\"publisher\":{\"@id\":\"https:\/\/www.fede.education\/#organization\"},\"potentialAction\":[{\"@type\":\"SearchAction\",\"target\":{\"@type\":\"EntryPoint\",\"urlTemplate\":\"https:\/\/www.fede.education\/?s={search_term_string}\"},\"query-input\":{\"@type\":\"PropertyValueSpecification\",\"valueRequired\":true,\"valueName\":\"search_term_string\"}}],\"inLanguage\":\"en-US\"},{\"@type\":\"Organization\",\"@id\":\"https:\/\/www.fede.education\/#organization\",\"name\":\"FEDE - F\u00e9d\u00e9ration Europ\u00e9enne Des Ecoles\",\"url\":\"https:\/\/www.fede.education\/\",\"logo\":{\"@type\":\"ImageObject\",\"inLanguage\":\"en-US\",\"@id\":\"https:\/\/www.fede.education\/#\/schema\/logo\/image\/\",\"url\":\"https:\/\/www.fede.education\/wp-content\/uploads\/2022\/08\/cropped-Logo_entete_site_FEDE.png\",\"contentUrl\":\"https:\/\/www.fede.education\/wp-content\/uploads\/2022\/08\/cropped-Logo_entete_site_FEDE.png\",\"width\":512,\"height\":512,\"caption\":\"FEDE - F\u00e9d\u00e9ration Europ\u00e9enne Des Ecoles\"},\"image\":{\"@id\":\"https:\/\/www.fede.education\/#\/schema\/logo\/image\/\"},\"sameAs\":[\"https:\/\/www.facebook.com\/fede.education\",\"https:\/\/x.com\/FEDE_OING\",\"https:\/\/twitter.com\/FEDE_OING\"]}]}<\/script>\n<!-- \/ Yoast SEO plugin. -->","yoast_head_json":{"title":"Panel of Experts - FEDE - F\u00e9d\u00e9ration Europ\u00e9enne Des Ecoles","robots":{"index":"index","follow":"follow","max-snippet":"max-snippet:-1","max-image-preview":"max-image-preview:large","max-video-preview":"max-video-preview:-1"},"canonical":"https:\/\/www.fede.education\/en\/panel-of-experts\/","og_locale":"en_US","og_type":"article","og_title":"Panel of Experts - FEDE - F\u00e9d\u00e9ration Europ\u00e9enne Des Ecoles","og_url":"https:\/\/www.fede.education\/en\/panel-of-experts\/","og_site_name":"FEDE - F\u00e9d\u00e9ration Europ\u00e9enne Des Ecoles","article_publisher":"https:\/\/www.facebook.com\/fede.education","article_modified_time":"2026-01-26T08:58:15+00:00","og_image":[{"url":"https:\/\/www.fede.education\/wp-content\/uploads\/2022\/06\/Clarisse-Angelier-Membre-College-Experts-FEDE.png"}],"twitter_card":"summary_large_image","twitter_site":"@FEDE_OING","twitter_misc":{"Est. reading time":"27 minutes"},"schema":{"@context":"https:\/\/schema.org","@graph":[{"@type":"WebPage","@id":"https:\/\/www.fede.education\/en\/panel-of-experts\/","url":"https:\/\/www.fede.education\/en\/panel-of-experts\/","name":"Panel of Experts - FEDE - F\u00e9d\u00e9ration Europ\u00e9enne Des Ecoles","isPartOf":{"@id":"https:\/\/www.fede.education\/#website"},"primaryImageOfPage":{"@id":"https:\/\/www.fede.education\/en\/panel-of-experts\/#primaryimage"},"image":{"@id":"https:\/\/www.fede.education\/en\/panel-of-experts\/#primaryimage"},"thumbnailUrl":"https:\/\/www.fede.education\/wp-content\/uploads\/2022\/06\/Clarisse-Angelier-Membre-College-Experts-FEDE.png","datePublished":"2022-06-06T23:35:54+00:00","dateModified":"2026-01-26T08:58:15+00:00","breadcrumb":{"@id":"https:\/\/www.fede.education\/en\/panel-of-experts\/#breadcrumb"},"inLanguage":"en-US","potentialAction":[{"@type":"ReadAction","target":["https:\/\/www.fede.education\/en\/panel-of-experts\/"]}]},{"@type":"ImageObject","inLanguage":"en-US","@id":"https:\/\/www.fede.education\/en\/panel-of-experts\/#primaryimage","url":"https:\/\/www.fede.education\/wp-content\/uploads\/2022\/06\/Clarisse-Angelier-Membre-College-Experts-FEDE.png","contentUrl":"https:\/\/www.fede.education\/wp-content\/uploads\/2022\/06\/Clarisse-Angelier-Membre-College-Experts-FEDE.png"},{"@type":"BreadcrumbList","@id":"https:\/\/www.fede.education\/en\/panel-of-experts\/#breadcrumb","itemListElement":[{"@type":"ListItem","position":1,"name":"Accueil","item":"https:\/\/www.fede.education\/en\/"},{"@type":"ListItem","position":2,"name":"Panel of Experts"}]},{"@type":"WebSite","@id":"https:\/\/www.fede.education\/#website","url":"https:\/\/www.fede.education\/","name":"FEDE - F\u00e9d\u00e9ration Europ\u00e9enne Des Ecoles","description":"","publisher":{"@id":"https:\/\/www.fede.education\/#organization"},"potentialAction":[{"@type":"SearchAction","target":{"@type":"EntryPoint","urlTemplate":"https:\/\/www.fede.education\/?s={search_term_string}"},"query-input":{"@type":"PropertyValueSpecification","valueRequired":true,"valueName":"search_term_string"}}],"inLanguage":"en-US"},{"@type":"Organization","@id":"https:\/\/www.fede.education\/#organization","name":"FEDE - F\u00e9d\u00e9ration Europ\u00e9enne Des Ecoles","url":"https:\/\/www.fede.education\/","logo":{"@type":"ImageObject","inLanguage":"en-US","@id":"https:\/\/www.fede.education\/#\/schema\/logo\/image\/","url":"https:\/\/www.fede.education\/wp-content\/uploads\/2022\/08\/cropped-Logo_entete_site_FEDE.png","contentUrl":"https:\/\/www.fede.education\/wp-content\/uploads\/2022\/08\/cropped-Logo_entete_site_FEDE.png","width":512,"height":512,"caption":"FEDE - F\u00e9d\u00e9ration Europ\u00e9enne Des Ecoles"},"image":{"@id":"https:\/\/www.fede.education\/#\/schema\/logo\/image\/"},"sameAs":["https:\/\/www.facebook.com\/fede.education","https:\/\/x.com\/FEDE_OING","https:\/\/twitter.com\/FEDE_OING"]}]}},"_links":{"self":[{"href":"https:\/\/www.fede.education\/en\/wp-json\/wp\/v2\/pages\/37665"}],"collection":[{"href":"https:\/\/www.fede.education\/en\/wp-json\/wp\/v2\/pages"}],"about":[{"href":"https:\/\/www.fede.education\/en\/wp-json\/wp\/v2\/types\/page"}],"author":[{"embeddable":true,"href":"https:\/\/www.fede.education\/en\/wp-json\/wp\/v2\/users\/10"}],"replies":[{"embeddable":true,"href":"https:\/\/www.fede.education\/en\/wp-json\/wp\/v2\/comments?post=37665"}],"version-history":[{"count":11,"href":"https:\/\/www.fede.education\/en\/wp-json\/wp\/v2\/pages\/37665\/revisions"}],"predecessor-version":[{"id":8196831,"href":"https:\/\/www.fede.education\/en\/wp-json\/wp\/v2\/pages\/37665\/revisions\/8196831"}],"wp:attachment":[{"href":"https:\/\/www.fede.education\/en\/wp-json\/wp\/v2\/media?parent=37665"}],"curies":[{"name":"wp","href":"https:\/\/api.w.org\/{rel}","templated":true}]}}