{"id":37798,"date":"2022-06-07T01:40:56","date_gmt":"2022-06-06T23:40:56","guid":{"rendered":"https:\/\/www.fede.education\/lhomme-et-leurope\/"},"modified":"2022-07-31T08:13:55","modified_gmt":"2022-07-31T06:13:55","slug":"lhomme-et-leurope","status":"publish","type":"page","link":"https:\/\/www.fede.education\/en\/lhomme-et-leurope\/","title":{"rendered":"Man and Europe"},"content":{"rendered":"<p><div class=\"fusion-fullwidth fullwidth-box fusion-builder-row-1 hundred-percent-fullwidth non-hundred-percent-height-scrolling\" style=\"--awb-border-radius-top-left:0px;--awb-border-radius-top-right:0px;--awb-border-radius-bottom-right:0px;--awb-border-radius-bottom-left:0px;--awb-padding-top:0px;--awb-padding-right:0px;--awb-padding-bottom:0px;--awb-padding-left:0px;--awb-margin-bottom:20px;--awb-flex-wrap:wrap;\" ><div class=\"fusion-builder-row fusion-row\"><div class=\"fusion-layout-column fusion_builder_column fusion-builder-column-0 fusion_builder_column_1_1 1_1 fusion-one-full fusion-column-first fusion-column-last\" style=\"--awb-bg-size:cover;--awb-margin-bottom:0px;\"><div class=\"fusion-column-wrapper fusion-column-has-shadow fusion-flex-column-wrapper-legacy\"><div class=\"fusion-title title fusion-title-1 fusion-sep-none fusion-title-text fusion-title-size-one\"><h1 class=\"fusion-title-heading title-heading-left\" style=\"margin:0;\">MAN AND EUROPE<\/h1><\/div><div class=\"fusion-clearfix\"><\/div><\/div><\/div><\/div><\/div><div class=\"fusion-fullwidth fullwidth-box fusion-builder-row-2 hundred-percent-fullwidth non-hundred-percent-height-scrolling\" style=\"--awb-border-radius-top-left:0px;--awb-border-radius-top-right:0px;--awb-border-radius-bottom-right:0px;--awb-border-radius-bottom-left:0px;--awb-padding-top:0px;--awb-padding-right:0px;--awb-padding-bottom:0px;--awb-padding-left:0px;--awb-margin-bottom:20px;--awb-flex-wrap:wrap;\" ><div class=\"fusion-builder-row fusion-row\"><div class=\"fusion-layout-column fusion_builder_column fusion-builder-column-1 fusion_builder_column_1_2 1_2 fusion-one-half fusion-column-first\" style=\"--awb-bg-size:cover;--awb-margin-bottom:0px;width:50%;width:calc(50% - ( ( 4% ) * 0.5 ) );margin-right: 4%;\"><div class=\"fusion-column-wrapper fusion-column-has-shadow fusion-flex-column-wrapper-legacy\"><div class=\"fusion-text fusion-text-1\"><p>A tour of Europe in ten articles: that is the proposal of this book. The menu of this publication includes reviews of biomedical ethics, specificities of education, the most popular tourist destinations and the humanistic dimension of the Union. Written by experts (journalists, lecturers-researchers, lawyers, etc.), this study aims to serve as a tool to better tackle the European issues of today.<\/p>\n<p>Yet, \u201ctoday inevitably supposes a yesterday and a tomorrow\u201d; hence the specific reflections on the genesis and background of the construction of Europe and the European project for future generations.<\/p>\n<\/div><style type='text\/css'>.reading-box-container-1 .element-bottomshadow:before,.reading-box-container-1 .element-bottomshadow:after{opacity:0.7;}<\/style><div class=\"fusion-reading-box-container reading-box-container-1\" style=\"--awb-title-color:#333333;--awb-margin-top:40px;--awb-margin-bottom:40px;\"><div class=\"reading-box\" style=\"background-color:#f6f6f6;border-width:1px;border-color:#f6f6f6;border-left-width:3px;border-left-color:var(--primary_color);border-style:solid;\"><div class=\"reading-box-additional\">True to its educational vocation, the FEDE intends to demonstrate through the publication of this book that education and seduction are words that pair up very well.<\/div><div class=\"fusion-clearfix\"><\/div><\/div><\/div><div class=\"fusion-clearfix\"><\/div><\/div><\/div><div class=\"fusion-layout-column fusion_builder_column fusion-builder-column-2 fusion_builder_column_1_2 1_2 fusion-one-half fusion-column-last\" style=\"--awb-bg-size:cover;--awb-margin-bottom:0px;width:50%;width:calc(50% - ( ( 4% ) * 0.5 ) );\"><div class=\"fusion-column-wrapper fusion-column-has-shadow fusion-flex-column-wrapper-legacy\"><div class=\"fusion-image-element in-legacy-container\" style=\"--awb-caption-title-font-family:var(--h2_typography-font-family);--awb-caption-title-font-weight:var(--h2_typography-font-weight);--awb-caption-title-font-style:var(--h2_typography-font-style);--awb-caption-title-size:var(--h2_typography-font-size);--awb-caption-title-transform:var(--h2_typography-text-transform);--awb-caption-title-line-height:var(--h2_typography-line-height);--awb-caption-title-letter-spacing:var(--h2_typography-letter-spacing);\"><span class=\" fusion-imageframe imageframe-none imageframe-1 hover-type-none\"><img decoding=\"async\" width=\"720\" height=\"456\" title=\"ma_europe\" src=\"https:\/\/www.fede.education\/wp-content\/uploads\/2022\/06\/ma_europe.jpg\" alt class=\"img-responsive wp-image-35056\" srcset=\"https:\/\/www.fede.education\/wp-content\/uploads\/2022\/06\/ma_europe-200x127.jpg 200w, https:\/\/www.fede.education\/wp-content\/uploads\/2022\/06\/ma_europe-400x253.jpg 400w, https:\/\/www.fede.education\/wp-content\/uploads\/2022\/06\/ma_europe-600x380.jpg 600w, https:\/\/www.fede.education\/wp-content\/uploads\/2022\/06\/ma_europe.jpg 720w\" sizes=\"(max-width: 800px) 100vw, 600px\" \/><\/span><\/div><div class=\"fusion-clearfix\"><\/div><\/div><\/div><div class=\"fusion-layout-column fusion_builder_column fusion-builder-column-3 fusion_builder_column_1_1 1_1 fusion-one-full fusion-column-first fusion-column-last\" style=\"--awb-bg-size:cover;\"><div class=\"fusion-column-wrapper fusion-column-has-shadow fusion-flex-column-wrapper-legacy\"><div class=\"fusion-builder-row fusion-builder-row-inner fusion-row\"><div class=\"fusion-layout-column fusion_builder_column_inner fusion-builder-nested-column-0 fusion_builder_column_inner_1_1 1_1 fusion-one-full fusion-column-first fusion-column-last\" style=\"--awb-padding-top:20px;--awb-padding-right:20px;--awb-padding-bottom:10px;--awb-padding-left:20px;--awb-bg-color:#eaf5e2;--awb-bg-color-hover:#eaf5e2;--awb-bg-size:cover;\"><div class=\"fusion-column-wrapper fusion-column-has-shadow fusion-flex-column-wrapper-legacy\"><div class=\"fusion-text fusion-text-2\"><p>This book aims to provide insights into the economic and social evolution of Man in Europe. It is a combination of economic, sociological, historical, political, legal and even communication skills. It offers the tools to understand Europe and Man\u2019s role in its territory.<\/p>\n<\/div><div class=\"fusion-clearfix\"><\/div><\/div><\/div><\/div><div class=\"fusion-clearfix\"><\/div><\/div><\/div><\/div><\/div><div class=\"fusion-fullwidth fullwidth-box fusion-builder-row-3 hundred-percent-fullwidth non-hundred-percent-height-scrolling\" style=\"--awb-border-radius-top-left:0px;--awb-border-radius-top-right:0px;--awb-border-radius-bottom-right:0px;--awb-border-radius-bottom-left:0px;--awb-padding-top:0px;--awb-padding-right:0px;--awb-padding-bottom:0px;--awb-padding-left:0px;--awb-margin-bottom:20px;--awb-flex-wrap:wrap;\" ><div class=\"fusion-builder-row fusion-row\"><div class=\"fusion-layout-column fusion_builder_column fusion-builder-column-4 fusion_builder_column_1_2 1_2 fusion-one-half fusion-column-first\" style=\"--awb-bg-size:cover;--awb-margin-bottom:0px;width:50%;width:calc(50% - ( ( 4% ) * 0.5 ) );margin-right: 4%;\"><div class=\"fusion-column-wrapper fusion-column-has-shadow fusion-flex-column-wrapper-legacy\"><div class=\"fusion-title title fusion-title-2 fusion-sep-none fusion-title-text fusion-title-size-two\" style=\"--awb-margin-bottom:10px;--awb-font-size:26px;\"><h2 class=\"fusion-title-heading title-heading-left\" style=\"margin:0;font-size:1em;\">Contents<\/h2><\/div><div class=\"fusion-text fusion-text-3\"><div class=\"a4d3604fc3579dce4c600fc3320434a7f vc_empty_space\"><\/div>\n<div class=\"wpb_text_column wpb_content_element \">\n<div class=\"wpb_wrapper\">\n<p><strong>1.Genesis of European Construction<\/strong><br \/>\nEurope before Europe: artists, images, ongoing perspectives<br \/>\n<em><strong>Sylvie Leray Burimi<\/strong><\/em><\/p>\n<p><strong>2. Man and Religions<\/strong><br \/>\nReligions in Europe<br \/>\n<em><strong>Jean Louis Bischoff<\/strong><\/em><\/p>\n<p><strong>3. Man and Humanism<\/strong><br \/>\nValues of the Union and Humanism<br \/>\n<em><strong>Jean Louis Bischoff<\/strong><\/em><\/p>\n<p><strong>4. Man and His Rights<\/strong><br \/>\nEurope and Human Rights<br \/>\n<em><strong>Max Brisson and Muriel Assouline<\/strong><\/em><\/p>\n<p><strong>5. Man Protected by Ethics<\/strong><br \/>\nBiomedical ethics in Europe<br \/>\n<em><strong>Alexandre Vall\u00e9e and Jean No\u00ebl Vall\u00e9e<\/strong><\/em><\/p>\n<p><strong>6. Man and his health<\/strong><br \/>\nEurope and public health policies<br \/>\n<em><strong>Alexandre Vall\u00e9e and Jean N\u00f6el Vall\u00e9e<\/strong><\/em><\/p>\n<p><strong>7. Man, Education, and Scientific Research<\/strong><br \/>\nEducation and Europe<br \/>\nScientific Research in Europe<br \/>\n<em><strong>Alexandre Vall\u00e9e and Jean N\u00f6el Vall\u00e9e<\/strong><\/em><\/p>\n<p><strong>8. Man and Television<\/strong><br \/>\nThe importance of having a stronger public service television in Europe<br \/>\n<em><strong>Laurent Zerbib<\/strong><\/em><\/p>\n<p><strong>9. Man and Digital Media<\/strong><br \/>\nWhat European project for the Y\/Z Generation ?<br \/>\n<em><strong>Boris Noyet<\/strong><\/em><\/p>\n<p><strong>10. Man and Tourism<\/strong><br \/>\nIn depth analysis on the first touristic destination in the world<br \/>\n<em><strong>Denis Aubin<\/strong><\/em><\/p>\n<\/div>\n<\/div>\n<\/div><div class=\"fusion-clearfix\"><\/div><\/div><\/div><div class=\"fusion-layout-column fusion_builder_column fusion-builder-column-5 fusion_builder_column_1_2 1_2 fusion-one-half fusion-column-last\" style=\"--awb-bg-size:cover;--awb-margin-bottom:0px;width:50%;width:calc(50% - ( ( 4% ) * 0.5 ) );\"><div class=\"fusion-column-wrapper fusion-column-has-shadow fusion-flex-column-wrapper-legacy\"><div class=\"fusion-title title fusion-title-3 fusion-sep-none fusion-title-text fusion-title-size-two\" style=\"--awb-margin-bottom:10px;--awb-font-size:26px;\"><h2 class=\"fusion-title-heading title-heading-left\" style=\"margin:0;font-size:1em;\">The co-authors:<\/h2><\/div><div class=\"accordian fusion-accordian\" style=\"--awb-border-size:1px;--awb-icon-size:16px;--awb-content-font-size:14px;--awb-icon-alignment:left;--awb-hover-color:#f9f9f9;--awb-border-color:#cccccc;--awb-background-color:#ffffff;--awb-divider-color:#e0dede;--awb-divider-hover-color:#e0dede;--awb-icon-color:#ffffff;--awb-title-color:#f0663d;--awb-content-color:#747474;--awb-icon-box-color:#333333;--awb-toggle-hover-accent-color:#f0663d;--awb-title-font-family:&quot;Roboto&quot;;--awb-title-font-weight:700;--awb-title-font-style:normal;--awb-title-font-size:14px;--awb-content-font-family:&quot;Roboto&quot;;--awb-content-font-style:normal;--awb-content-font-weight:400;\"><div class=\"panel-group fusion-toggle-icon-boxed\" id=\"accordion-37798-1\"><div class=\"fusion-panel panel-default panel-053a1f5518789a610 fusion-toggle-has-divider\"><div class=\"panel-heading\"><h4 class=\"panel-title toggle\" id=\"toggle_053a1f5518789a610\"><a aria-expanded=\"false\" aria-controls=\"053a1f5518789a610\" role=\"button\" data-toggle=\"collapse\" data-parent=\"#accordion-37798-1\" data-target=\"#053a1f5518789a610\" href=\"#053a1f5518789a610\"><span class=\"fusion-toggle-icon-wrapper\" aria-hidden=\"true\"><i class=\"fa-fusion-box active-icon awb-icon-minus\" aria-hidden=\"true\"><\/i><i class=\"fa-fusion-box inactive-icon awb-icon-plus\" aria-hidden=\"true\"><\/i><\/span><span class=\"fusion-toggle-heading\">Muriel Assouline<\/span><\/a><\/h4><\/div><div id=\"053a1f5518789a610\" class=\"panel-collapse collapse \" aria-labelledby=\"toggle_053a1f5518789a610\"><div class=\"panel-body toggle-content fusion-clearfix\">Graduate of a Master\u2019s Degree in law, Muriel Assouline is a jurist specialised in European Union Law. As an E-learning trainer, she familiarises students, among other subjects, with the geopolitics and the history of Europe, and with communitary competition law and the international institutions.<\/div><\/div><\/div><div class=\"fusion-panel panel-default panel-6fe089ec42a5c2b0a fusion-toggle-has-divider\"><div class=\"panel-heading\"><h4 class=\"panel-title toggle\" id=\"toggle_6fe089ec42a5c2b0a\"><a aria-expanded=\"false\" aria-controls=\"6fe089ec42a5c2b0a\" role=\"button\" data-toggle=\"collapse\" data-parent=\"#accordion-37798-1\" data-target=\"#6fe089ec42a5c2b0a\" href=\"#6fe089ec42a5c2b0a\"><span class=\"fusion-toggle-icon-wrapper\" aria-hidden=\"true\"><i class=\"fa-fusion-box active-icon awb-icon-minus\" aria-hidden=\"true\"><\/i><i class=\"fa-fusion-box inactive-icon awb-icon-plus\" aria-hidden=\"true\"><\/i><\/span><span class=\"fusion-toggle-heading\">Jean-Louis Bischoff<\/span><\/a><\/h4><\/div><div id=\"6fe089ec42a5c2b0a\" class=\"panel-collapse collapse \" aria-labelledby=\"toggle_6fe089ec42a5c2b0a\"><div class=\"panel-body toggle-content fusion-clearfix\">\n<div class=\"vc_tta-panel-body\">\n<div class=\"wpb_text_column wpb_content_element \">\n<div class=\"wpb_wrapper\">\n<p>PhD in Philosophy (Ecole Pratique des Hautes \u00c9tudes), Professor empowered and authorised to conduct and oversee research (University of Artois), he is a graduate of the Institute of Training for the Study and Teaching of Religions (IFER), and an associate researcher (Texts and cultures laboratory \u2011 internal team \u201cLiteratures and cultures of childhood and youth \/ Robinson Center\u201d) of the University of Artois.<\/p>\n<p>Jean\u2011Louis Bischoff has always worked in the music, communication and entertainment industries: from the production of musical shows (\u00c9lys\u00e9e Montmartre) to cinematographic productions (Max Linder), on to communication (Young Persons Card of the Secretariat of State for Youth and for Sport, as well as working with the city of Lille municipality and Francaise des Jeux (National French Gaming Organisation).<\/p>\n<p>As a Professor of Philosophy in Higher Education, Jean\u2011Louis Bischoff, works at various art and luxury colleges and also at the Institut Sup\u00e9rieur de P\u00e9dagogie (ISP) (the Higher Institute of Teaching) in Paris.\u00a0He lectures on the themes of creation and contemporary trends, and proposes research on the philosophy of religions, the reshaping of belief and the sacred in contemporary pop culture, the perception of trends, the philosophy of education and aesthetic philosophy.<\/p>\n<p>Jean\u2011Louis Bischoff is Director of Research of the FEDE and Director of the Trends Division of the FEDE doctoral school.<\/p>\n<\/div>\n<\/div>\n<\/div>\n<\/div><\/div><\/div><div class=\"fusion-panel panel-default panel-22af6cee4d45f2ba8 fusion-toggle-has-divider\"><div class=\"panel-heading\"><h4 class=\"panel-title toggle\" id=\"toggle_22af6cee4d45f2ba8\"><a aria-expanded=\"false\" aria-controls=\"22af6cee4d45f2ba8\" role=\"button\" data-toggle=\"collapse\" data-parent=\"#accordion-37798-1\" data-target=\"#22af6cee4d45f2ba8\" href=\"#22af6cee4d45f2ba8\"><span class=\"fusion-toggle-icon-wrapper\" aria-hidden=\"true\"><i class=\"fa-fusion-box active-icon awb-icon-minus\" aria-hidden=\"true\"><\/i><i class=\"fa-fusion-box inactive-icon awb-icon-plus\" aria-hidden=\"true\"><\/i><\/span><span class=\"fusion-toggle-heading\">Max Brisson<\/span><\/a><\/h4><\/div><div id=\"22af6cee4d45f2ba8\" class=\"panel-collapse collapse \" aria-labelledby=\"toggle_22af6cee4d45f2ba8\"><div class=\"panel-body toggle-content fusion-clearfix\">\n<p>Holder of an aggregation in History, Senior Government official, and author of several works, Max Brisson an internationally-recognised historian.<\/p>\n<\/div><\/div><\/div><div class=\"fusion-panel panel-default panel-951201490f41dda0c fusion-toggle-has-divider\"><div class=\"panel-heading\"><h4 class=\"panel-title toggle\" id=\"toggle_951201490f41dda0c\"><a aria-expanded=\"false\" aria-controls=\"951201490f41dda0c\" role=\"button\" data-toggle=\"collapse\" data-parent=\"#accordion-37798-1\" data-target=\"#951201490f41dda0c\" href=\"#951201490f41dda0c\"><span class=\"fusion-toggle-icon-wrapper\" aria-hidden=\"true\"><i class=\"fa-fusion-box active-icon awb-icon-minus\" aria-hidden=\"true\"><\/i><i class=\"fa-fusion-box inactive-icon awb-icon-plus\" aria-hidden=\"true\"><\/i><\/span><span class=\"fusion-toggle-heading\">Sylvie Leray-Burimi<\/span><\/a><\/h4><\/div><div id=\"951201490f41dda0c\" class=\"panel-collapse collapse \" aria-labelledby=\"toggle_951201490f41dda0c\"><div class=\"panel-body toggle-content fusion-clearfix\">\n<p>Holder of a Master of Arts degree in Art History (Univ. Lyon 3), Sylvie Le Ray-Burimi is Curator in Chief of Heritage Management. Chief of the Painting and Sculptures Department of the Cabinet of Graphic Arts and Photography and the Documentation Centre of the Museum of the Army, located in the Hotel des Invalides in Paris. She was the curator for the exhibition Napol\u00e9on III and Italy, Birth of a Nation, Representing the Great War, etc. She is a member of the French Committee of Art History, her recent publications are based on one part, the history of the Hotel des Invalides, of its architecture and its decors, and on another part, the artists and the artistic heritage in time of war but also on the representation of war and its actors.<\/p>\n<\/div><\/div><\/div><div class=\"fusion-panel panel-default panel-c13c4b86ef71b1005 fusion-toggle-has-divider\"><div class=\"panel-heading\"><h4 class=\"panel-title toggle\" id=\"toggle_c13c4b86ef71b1005\"><a aria-expanded=\"false\" aria-controls=\"c13c4b86ef71b1005\" role=\"button\" data-toggle=\"collapse\" data-parent=\"#accordion-37798-1\" data-target=\"#c13c4b86ef71b1005\" href=\"#c13c4b86ef71b1005\"><span class=\"fusion-toggle-icon-wrapper\" aria-hidden=\"true\"><i class=\"fa-fusion-box active-icon awb-icon-minus\" aria-hidden=\"true\"><\/i><i class=\"fa-fusion-box inactive-icon awb-icon-plus\" aria-hidden=\"true\"><\/i><\/span><span class=\"fusion-toggle-heading\">Boris Noyet<\/span><\/a><\/h4><\/div><div id=\"c13c4b86ef71b1005\" class=\"panel-collapse collapse \" aria-labelledby=\"toggle_c13c4b86ef71b1005\"><div class=\"panel-body toggle-content fusion-clearfix\">\n<p>Holder of a Master\u2019s Degree in design and digital communication and of a Master\u2019s Degree in the sciences of education. He is also Head of digital projects for the communication departments of companies.<\/p>\n<\/div><\/div><\/div><div class=\"fusion-panel panel-default panel-4b85a1838a883579d fusion-toggle-has-divider\"><div class=\"panel-heading\"><h4 class=\"panel-title toggle\" id=\"toggle_4b85a1838a883579d\"><a aria-expanded=\"false\" aria-controls=\"4b85a1838a883579d\" role=\"button\" data-toggle=\"collapse\" data-parent=\"#accordion-37798-1\" data-target=\"#4b85a1838a883579d\" href=\"#4b85a1838a883579d\"><span class=\"fusion-toggle-icon-wrapper\" aria-hidden=\"true\"><i class=\"fa-fusion-box active-icon awb-icon-minus\" aria-hidden=\"true\"><\/i><i class=\"fa-fusion-box inactive-icon awb-icon-plus\" aria-hidden=\"true\"><\/i><\/span><span class=\"fusion-toggle-heading\">Alexandre Vall\u00e9e<\/span><\/a><\/h4><\/div><div id=\"4b85a1838a883579d\" class=\"panel-collapse collapse \" aria-labelledby=\"toggle_4b85a1838a883579d\"><div class=\"panel-body toggle-content fusion-clearfix\">\n<p>Doctor of medicine, and a specialist in public health and health economics, and holder of a Master\u2019s Degree in biomedical ethics, Alexandre Vall\u00e9e is currently a PhD candidate in applied mathematics (CNRS Poitiers). He has taught and worked within the hospital context.<\/p>\n<\/div><\/div><\/div><div class=\"fusion-panel panel-default panel-fbab04b8b06a9e693 fusion-toggle-has-divider\"><div class=\"panel-heading\"><h4 class=\"panel-title toggle\" id=\"toggle_fbab04b8b06a9e693\"><a aria-expanded=\"false\" aria-controls=\"fbab04b8b06a9e693\" role=\"button\" data-toggle=\"collapse\" data-parent=\"#accordion-37798-1\" data-target=\"#fbab04b8b06a9e693\" href=\"#fbab04b8b06a9e693\"><span class=\"fusion-toggle-icon-wrapper\" aria-hidden=\"true\"><i class=\"fa-fusion-box active-icon awb-icon-minus\" aria-hidden=\"true\"><\/i><i class=\"fa-fusion-box inactive-icon awb-icon-plus\" aria-hidden=\"true\"><\/i><\/span><span class=\"fusion-toggle-heading\">Jean-No\u00ebl Vall\u00e9e<\/span><\/a><\/h4><\/div><div id=\"fbab04b8b06a9e693\" class=\"panel-collapse collapse \" aria-labelledby=\"toggle_fbab04b8b06a9e693\"><div class=\"panel-body toggle-content fusion-clearfix\">\n<p>Doctor of Medicine (Necker University \u2011 Paris V), a graduate winner of the Faculty of Medicine and Professor empowered and authorised to oversee research in Neurosciences. He also has a Ph.D. in physical sciences (Paris 13), is a graduate (3rd cycle) from the Faculty of Letters (Lyon 3), a graduate (2nd cycle) from the Institute of Business Administration (Lyon 3) and graduate of a Grande Ecole d\u2019Ing\u00e9nieur (Higher School of Engineering) (INSA Lyon).<br \/>\nHe is a former intern and former assistant head of the Clinique des H\u00f4pitaux de Paris.<br \/>\nJean\u2011Noel Vall\u00e9e is Director of the Innovation Division of the FEDE Doctoral School.<\/p>\n<\/div><\/div><\/div><div class=\"fusion-panel panel-default panel-a1868769ef86fbb5c fusion-toggle-has-divider\"><div class=\"panel-heading\"><h4 class=\"panel-title toggle\" id=\"toggle_a1868769ef86fbb5c\"><a aria-expanded=\"false\" aria-controls=\"a1868769ef86fbb5c\" role=\"button\" data-toggle=\"collapse\" data-parent=\"#accordion-37798-1\" data-target=\"#a1868769ef86fbb5c\" href=\"#a1868769ef86fbb5c\"><span class=\"fusion-toggle-icon-wrapper\" aria-hidden=\"true\"><i class=\"fa-fusion-box active-icon awb-icon-minus\" aria-hidden=\"true\"><\/i><i class=\"fa-fusion-box inactive-icon awb-icon-plus\" aria-hidden=\"true\"><\/i><\/span><span class=\"fusion-toggle-heading\">Laurent Zerbib<\/span><\/a><\/h4><\/div><div id=\"a1868769ef86fbb5c\" class=\"panel-collapse collapse \" aria-labelledby=\"toggle_a1868769ef86fbb5c\"><div class=\"panel-body toggle-content fusion-clearfix\">\n<p>Graduate of the IEP, in charge of ethics and the code of ethics at France 5 (France Television Group), Laurent Zerbib teaches the history of television, the specificities of European broadcasting production in art and cultural engineering schools.<\/p>\n<\/div><\/div><\/div><\/div><\/div><div class=\"fusion-clearfix\"><\/div><\/div><\/div><\/div><\/div><div class=\"fusion-fullwidth fullwidth-box fusion-builder-row-4 hundred-percent-fullwidth non-hundred-percent-height-scrolling\" style=\"--awb-border-radius-top-left:0px;--awb-border-radius-top-right:0px;--awb-border-radius-bottom-right:0px;--awb-border-radius-bottom-left:0px;--awb-padding-top:0px;--awb-padding-right:0px;--awb-padding-bottom:0px;--awb-padding-left:0px;--awb-margin-bottom:20px;--awb-flex-wrap:wrap;\" ><div class=\"fusion-builder-row fusion-row\"><div class=\"fusion-layout-column fusion_builder_column fusion-builder-column-6 fusion_builder_column_1_1 1_1 fusion-one-full fusion-column-first fusion-column-last\" style=\"--awb-bg-size:cover;\"><div class=\"fusion-column-wrapper fusion-column-has-shadow fusion-flex-column-wrapper-legacy\"><div class=\"fusion-title title fusion-title-4 fusion-title-center fusion-title-text fusion-title-size-four\" style=\"--awb-font-size:20px;\"><div class=\"title-sep-container title-sep-container-left\"><div class=\"title-sep sep-single sep-solid\" style=\"border-color:#e0dede;\"><\/div><\/div><span class=\"awb-title-spacer\"><\/span><h4 class=\"fusion-title-heading title-heading-center\" style=\"margin:0;font-size:1em;\">FEDE News<\/h4><span class=\"awb-title-spacer\"><\/span><div class=\"title-sep-container title-sep-container-right\"><div class=\"title-sep sep-single sep-solid\" style=\"border-color:#e0dede;\"><\/div><\/div><\/div><div class=\"fusion-clearfix\"><\/div><\/div><\/div><\/div><\/div><div class=\"fusion-fullwidth fullwidth-box fusion-builder-row-5 hundred-percent-fullwidth non-hundred-percent-height-scrolling\" style=\"--awb-border-radius-top-left:0px;--awb-border-radius-top-right:0px;--awb-border-radius-bottom-right:0px;--awb-border-radius-bottom-left:0px;--awb-padding-top:0px;--awb-padding-right:0px;--awb-padding-bottom:0px;--awb-padding-left:0px;--awb-margin-bottom:20px;--awb-background-color:#f4f4f4;--awb-flex-wrap:wrap;\" ><div class=\"fusion-builder-row fusion-row\"><div class=\"fusion-layout-column fusion_builder_column fusion-builder-column-7 fusion_builder_column_1_1 1_1 fusion-one-full fusion-column-first fusion-column-last\" style=\"--awb-bg-size:cover;\"><div class=\"fusion-column-wrapper fusion-column-has-shadow fusion-flex-column-wrapper-legacy\"><div class=\"fusion-recent-posts fusion-recent-posts-1 avada-container layout-default layout-columns-4\"><section class=\"fusion-columns columns fusion-columns-4 columns-4\"><article class=\"post fusion-column column col col-lg-3 col-md-3 col-sm-3\"><div class=\"fusion-flexslider fusion-flexslider-loading flexslider flexslider-hover-type-none\"><ul class=\"slides\"><li><a href=\"https:\/\/www.fede.education\/en\/2024\/05\/31\/2024-decisive-elections-for-democracy\/\" aria-label=\"2024: Decisive elections for democracy\" class=\"hover-type-none\"><img decoding=\"async\" width=\"1200\" height=\"627\" src=\"https:\/\/www.fede.education\/wp-content\/uploads\/2024\/05\/Article-democratie.jpg\" class=\"attachment-full size-full\" alt=\"\" srcset=\"https:\/\/www.fede.education\/wp-content\/uploads\/2024\/05\/Article-democratie-200x105.jpg 200w, https:\/\/www.fede.education\/wp-content\/uploads\/2024\/05\/Article-democratie-400x209.jpg 400w, https:\/\/www.fede.education\/wp-content\/uploads\/2024\/05\/Article-democratie-600x314.jpg 600w, https:\/\/www.fede.education\/wp-content\/uploads\/2024\/05\/Article-democratie-800x418.jpg 800w, https:\/\/www.fede.education\/wp-content\/uploads\/2024\/05\/Article-democratie.jpg 1200w\" sizes=\"(min-width: 2200px) 100vw, (min-width: 856px) 253px, (min-width: 784px) 337px, (min-width: 712px) 505px, (min-width: 640px) 712px, \" \/><\/a><\/li><\/ul><\/div><div class=\"recent-posts-content\"><span class=\"vcard\" style=\"display: none;\"><span class=\"fn\"><a href=\"https:\/\/www.fede.education\/en\/author\/tbui\/\" title=\"Posts by Trang BUI\" rel=\"author\">Trang BUI<\/a><\/span><\/span><span class=\"updated\" style=\"display:none;\">2024-05-31T17:17:55+02:00<\/span><h4 class=\"entry-title\"><a href=\"https:\/\/www.fede.education\/en\/2024\/05\/31\/2024-decisive-elections-for-democracy\/\">2024: Decisive elections for democracy<\/a><\/h4><p> The year 2024 promises to be a period of electoral density unequalled since universal suffrage was first introduced in 1792 by a pioneering country, France, at a time when only men had the right<a href=\"https:\/\/www.fede.education\/en\/2024\/05\/31\/2024-decisive-elections-for-democracy\/\"> <strong>[lire plus]<\/strong><\/a><\/p><\/div><\/article><article class=\"post fusion-column column col col-lg-3 col-md-3 col-sm-3\"><div class=\"fusion-flexslider fusion-flexslider-loading flexslider flexslider-hover-type-none\"><ul class=\"slides\"><li><a href=\"https:\/\/www.fede.education\/en\/2024\/03\/06\/womens-day-challenges-for-2024-meeting-with-blerina-zoto\/\" aria-label=\"Women&#8217;s Day: Challenges for 2024 &#8211; Meeting with Blerina Zoto\" class=\"hover-type-none\"><img decoding=\"async\" width=\"1200\" height=\"627\" src=\"https:\/\/www.fede.education\/wp-content\/uploads\/2024\/03\/Blerina-ZOTO.png\" class=\"attachment-full size-full\" alt=\"\" srcset=\"https:\/\/www.fede.education\/wp-content\/uploads\/2024\/03\/Blerina-ZOTO-200x105.png 200w, https:\/\/www.fede.education\/wp-content\/uploads\/2024\/03\/Blerina-ZOTO-400x209.png 400w, https:\/\/www.fede.education\/wp-content\/uploads\/2024\/03\/Blerina-ZOTO-600x314.png 600w, https:\/\/www.fede.education\/wp-content\/uploads\/2024\/03\/Blerina-ZOTO-800x418.png 800w, https:\/\/www.fede.education\/wp-content\/uploads\/2024\/03\/Blerina-ZOTO.png 1200w\" sizes=\"(min-width: 2200px) 100vw, (min-width: 856px) 253px, (min-width: 784px) 337px, (min-width: 712px) 505px, (min-width: 640px) 712px, \" \/><\/a><\/li><\/ul><\/div><div class=\"recent-posts-content\"><span class=\"vcard\" style=\"display: none;\"><span class=\"fn\"><a href=\"https:\/\/www.fede.education\/en\/author\/tbui\/\" title=\"Posts by Trang BUI\" rel=\"author\">Trang BUI<\/a><\/span><\/span><span class=\"updated\" style=\"display:none;\">2024-03-07T12:00:17+01:00<\/span><h4 class=\"entry-title\"><a href=\"https:\/\/www.fede.education\/en\/2024\/03\/06\/womens-day-challenges-for-2024-meeting-with-blerina-zoto\/\">Women&#8217;s Day: Challenges for 2024 &#8211; Meeting with Blerina Zoto<\/a><\/h4><p>  To mark the 61st anniversary of the FEDE and International Women\u2019s Day on March 2024, we had the privilege of meeting Blerina Zoto, member of the FEDE Executive Board. An Albanian-Swiss diplomat, human<a href=\"https:\/\/www.fede.education\/en\/2024\/03\/06\/womens-day-challenges-for-2024-meeting-with-blerina-zoto\/\"> <strong>[lire plus]<\/strong><\/a><\/p><\/div><\/article><article class=\"post fusion-column column col col-lg-3 col-md-3 col-sm-3\"><div class=\"fusion-flexslider fusion-flexslider-loading flexslider flexslider-hover-type-none\"><ul class=\"slides\"><li><a href=\"https:\/\/www.fede.education\/en\/2023\/12\/01\/kerline-paul-boosting-the-identity-and-reputation-of-solidarity-based-economics\/\" aria-label=\"Kerline Paul: \u2018Boosting the identity and reputation of solidarity-based economics\u2019\" class=\"hover-type-none\"><img decoding=\"async\" width=\"1200\" height=\"627\" src=\"https:\/\/www.fede.education\/wp-content\/uploads\/2023\/12\/Kerlin-Paul.png\" class=\"attachment-full size-full\" alt=\"\" srcset=\"https:\/\/www.fede.education\/wp-content\/uploads\/2023\/12\/Kerlin-Paul-200x105.png 200w, https:\/\/www.fede.education\/wp-content\/uploads\/2023\/12\/Kerlin-Paul-400x209.png 400w, https:\/\/www.fede.education\/wp-content\/uploads\/2023\/12\/Kerlin-Paul-600x314.png 600w, https:\/\/www.fede.education\/wp-content\/uploads\/2023\/12\/Kerlin-Paul-800x418.png 800w, https:\/\/www.fede.education\/wp-content\/uploads\/2023\/12\/Kerlin-Paul.png 1200w\" sizes=\"(min-width: 2200px) 100vw, (min-width: 856px) 253px, (min-width: 784px) 337px, (min-width: 712px) 505px, (min-width: 640px) 712px, \" \/><\/a><\/li><\/ul><\/div><div class=\"recent-posts-content\"><span class=\"vcard\" style=\"display: none;\"><span class=\"fn\"><a href=\"https:\/\/www.fede.education\/en\/author\/tbui\/\" title=\"Posts by Trang BUI\" rel=\"author\">Trang BUI<\/a><\/span><\/span><span class=\"updated\" style=\"display:none;\">2023-12-01T12:00:11+01:00<\/span><h4 class=\"entry-title\"><a href=\"https:\/\/www.fede.education\/en\/2023\/12\/01\/kerline-paul-boosting-the-identity-and-reputation-of-solidarity-based-economics\/\">Kerline Paul: \u2018Boosting the identity and reputation of solidarity-based economics\u2019<\/a><\/h4><p> Kerline Paul has worked as a bilingual executive assistant for over 20 years. In preparing meetings and files, in organising seminars and training courses, and in managing customers, she has honed her capacity for<a href=\"https:\/\/www.fede.education\/en\/2023\/12\/01\/kerline-paul-boosting-the-identity-and-reputation-of-solidarity-based-economics\/\"> <strong>[lire plus]<\/strong><\/a><\/p><\/div><\/article><article class=\"post fusion-column column col col-lg-3 col-md-3 col-sm-3\"><div class=\"fusion-flexslider fusion-flexslider-loading flexslider flexslider-hover-type-none\"><ul class=\"slides\"><li><a href=\"https:\/\/www.fede.education\/en\/2023\/12\/01\/jean-frederic-minatchy-wants-to-find-a-fruitful-human-way-to-manage\/\" aria-label=\"Jean Frederic Minatchy wants to find a fruitful, human way to manage\" class=\"hover-type-none\"><img decoding=\"async\" width=\"1200\" height=\"627\" src=\"https:\/\/www.fede.education\/wp-content\/uploads\/2023\/12\/Jean-Frederique-Minatchy.png\" class=\"attachment-full size-full\" alt=\"\" srcset=\"https:\/\/www.fede.education\/wp-content\/uploads\/2023\/12\/Jean-Frederique-Minatchy-200x105.png 200w, https:\/\/www.fede.education\/wp-content\/uploads\/2023\/12\/Jean-Frederique-Minatchy-400x209.png 400w, https:\/\/www.fede.education\/wp-content\/uploads\/2023\/12\/Jean-Frederique-Minatchy-600x314.png 600w, https:\/\/www.fede.education\/wp-content\/uploads\/2023\/12\/Jean-Frederique-Minatchy-800x418.png 800w, https:\/\/www.fede.education\/wp-content\/uploads\/2023\/12\/Jean-Frederique-Minatchy.png 1200w\" sizes=\"(min-width: 2200px) 100vw, (min-width: 856px) 253px, (min-width: 784px) 337px, (min-width: 712px) 505px, (min-width: 640px) 712px, \" \/><\/a><\/li><\/ul><\/div><div class=\"recent-posts-content\"><span class=\"vcard\" style=\"display: none;\"><span class=\"fn\"><a href=\"https:\/\/www.fede.education\/en\/author\/tbui\/\" title=\"Posts by Trang BUI\" rel=\"author\">Trang BUI<\/a><\/span><\/span><span class=\"updated\" style=\"display:none;\">2023-12-01T11:48:55+01:00<\/span><h4 class=\"entry-title\"><a href=\"https:\/\/www.fede.education\/en\/2023\/12\/01\/jean-frederic-minatchy-wants-to-find-a-fruitful-human-way-to-manage\/\">Jean Frederic Minatchy wants to find a fruitful, human way to manage<\/a><\/h4><p> In 2012, Jean Fr\u00e9d\u00e9ric Minatchy set up a firm specialised in training (coaching and professional mentoring). He has also continued his career as a teacher, lecturing at N\u00e9oma Business School and the Universit\u00e9 de<a href=\"https:\/\/www.fede.education\/en\/2023\/12\/01\/jean-frederic-minatchy-wants-to-find-a-fruitful-human-way-to-manage\/\"> <strong>[lire plus]<\/strong><\/a><\/p><\/div><\/article><\/section><\/div><div class=\"fusion-clearfix\"><\/div><\/div><\/div><\/div><\/div><div class=\"fusion-fullwidth fullwidth-box fusion-builder-row-6 fusion-flex-container nonhundred-percent-fullwidth non-hundred-percent-height-scrolling\" style=\"--awb-border-radius-top-left:0px;--awb-border-radius-top-right:0px;--awb-border-radius-bottom-right:0px;--awb-border-radius-bottom-left:0px;--awb-flex-wrap:wrap;\" ><div class=\"fusion-builder-row fusion-row fusion-flex-align-items-flex-start fusion-flex-content-wrap\" style=\"max-width:1144px;margin-left: calc(-4% \/ 2 );margin-right: calc(-4% \/ 2 );\"><div class=\"fusion-layout-column fusion_builder_column fusion-builder-column-8 fusion_builder_column_1_1 1_1 fusion-flex-column\" style=\"--awb-bg-size:cover;--awb-width-large:100%;--awb-margin-top-large:0px;--awb-spacing-right-large:1.92%;--awb-margin-bottom-large:20px;--awb-spacing-left-large:1.92%;--awb-width-medium:100%;--awb-order-medium:0;--awb-spacing-right-medium:1.92%;--awb-spacing-left-medium:1.92%;--awb-width-small:100%;--awb-order-small:0;--awb-spacing-right-small:1.92%;--awb-spacing-left-small:1.92%;\"><div class=\"fusion-column-wrapper fusion-column-has-shadow fusion-flex-justify-content-flex-start fusion-content-layout-column\"><div class=\"fusion-sharing-box fusion-sharing-box-1 has-taglines layout-floated layout-medium-floated layout-small-stacked\" style=\"background-color:#87c35c;border-color:#cccccc;--awb-tagline-text-size:20px;--awb-separator-border-color:#cccccc;--awb-separator-border-sizes:0px;--awb-layout:row;--awb-alignment-small:space-between;--awb-stacked-align-small:center;\" data-title=\"Jean Frederic Minatchy wants to find a fruitful, human way to manage\" data-description=\"In 2012, Jean Fr\u00e9d\u00e9ric Minatchy set up a firm specialised in training (coaching and professional mentoring). He has also continued his career as a teacher, lecturing at N\u00e9oma Business School and the Universit\u00e9 de La R\u00e9union, where he has supervised bachelor\u2019s and master\u2019s dissertations. He also has taught marketing and human resources management at the\" data-link=\"https:\/\/www.fede.education\/en\/2023\/12\/01\/jean-frederic-minatchy-wants-to-find-a-fruitful-human-way-to-manage\/\"><h4 class=\"tagline\" style=\"color:#ffffff;\">Share this FEDE page with your community!<\/h4><div class=\"fusion-social-networks sharingbox-shortcode-icon-wrapper sharingbox-shortcode-icon-wrapper-1\"><span><a href=\"https:\/\/www.facebook.com\/sharer.php?u=https%3A%2F%2Fwww.fede.education%2Fen%2F2023%2F12%2F01%2Fjean-frederic-minatchy-wants-to-find-a-fruitful-human-way-to-manage%2F&amp;t=Jean%20Frederic%20Minatchy%20wants%20to%20find%20a%20fruitful%2C%20human%20way%20to%20manage\" target=\"_blank\" rel=\"noreferrer\" title=\"Facebook\" aria-label=\"Facebook\" data-placement=\"top\" data-toggle=\"tooltip\" data-title=\"Facebook\"><i class=\"fusion-social-network-icon fusion-tooltip fusion-facebook awb-icon-facebook\" style=\"color:#ffffff;\" aria-hidden=\"true\"><\/i><\/a><\/span><span><a href=\"https:\/\/x.com\/share?text=Jean%20Frederic%20Minatchy%20wants%20to%20find%20a%20fruitful%2C%20human%20way%20to%20manage&amp;url=https%3A%2F%2Fwww.fede.education%2Fen%2F2023%2F12%2F01%2Fjean-frederic-minatchy-wants-to-find-a-fruitful-human-way-to-manage%2F\" target=\"_blank\" rel=\"noopener noreferrer\" title=\"X\" aria-label=\"X\" data-placement=\"top\" data-toggle=\"tooltip\" data-title=\"X\"><i class=\"fusion-social-network-icon fusion-tooltip fusion-twitter awb-icon-twitter\" style=\"color:#ffffff;\" aria-hidden=\"true\"><\/i><\/a><\/span><span><a href=\"https:\/\/www.linkedin.com\/shareArticle?mini=true&amp;url=https%3A%2F%2Fwww.fede.education%2Fen%2F2023%2F12%2F01%2Fjean-frederic-minatchy-wants-to-find-a-fruitful-human-way-to-manage%2F&amp;title=Jean%20Frederic%20Minatchy%20wants%20to%20find%20a%20fruitful%2C%20human%20way%20to%20manage&amp;summary=In%202012%2C%20Jean%20Fr%C3%A9d%C3%A9ric%20Minatchy%20set%20up%20a%20firm%20specialised%20in%20training%20%28coaching%20and%20professional%20mentoring%29.%20He%20has%20also%20continued%20his%20career%20as%20a%20teacher%2C%20lecturing%20at%20N%C3%A9oma%20Business%20School%20and%20the%20Universit%C3%A9%20de%20La%20R%C3%A9union%2C%20where%20he%20has%20supervised%20bachelor%E2%80%99s%20and%20master%E2%80%99s%20dissertations.%20He%20also%20has%20taught%20marketing%20and%20human%20resources%20management%20at%20the\" target=\"_blank\" rel=\"noopener noreferrer\" title=\"LinkedIn\" aria-label=\"LinkedIn\" data-placement=\"top\" data-toggle=\"tooltip\" data-title=\"LinkedIn\"><i class=\"fusion-social-network-icon fusion-tooltip fusion-linkedin awb-icon-linkedin\" style=\"color:#ffffff;\" aria-hidden=\"true\"><\/i><\/a><\/span><span><a href=\"mailto:?subject=Jean%20Frederic%20Minatchy%20wants%20to%20find%20a%20fruitful%2C%20human%20way%20to%20manage&amp;body=https%3A%2F%2Fwww.fede.education%2Fen%2F2023%2F12%2F01%2Fjean-frederic-minatchy-wants-to-find-a-fruitful-human-way-to-manage%2F\" target=\"_self\" title=\"Email\" aria-label=\"Email\" data-placement=\"top\" data-toggle=\"tooltip\" data-title=\"Email\"><i class=\"fusion-social-network-icon fusion-tooltip fusion-mail awb-icon-mail\" style=\"color:#ffffff;\" aria-hidden=\"true\"><\/i><\/a><\/span><\/div><\/div><\/div><\/div><\/div><\/div><\/p>\n","protected":false},"excerpt":{"rendered":"","protected":false},"author":10,"featured_media":0,"parent":0,"menu_order":0,"comment_status":"closed","ping_status":"closed","template":"","meta":{"_acf_changed":false,"footnotes":""},"class_list":["post-37798","page","type-page","status-publish","hentry"],"acf":[],"yoast_head":"<!-- This site is optimized with the Yoast SEO plugin v23.5 - https:\/\/yoast.com\/wordpress\/plugins\/seo\/ -->\n<title>Man and Europe - FEDE - F\u00e9d\u00e9ration Europ\u00e9enne Des Ecoles<\/title>\n<meta name=\"robots\" content=\"index, follow, max-snippet:-1, max-image-preview:large, max-video-preview:-1\" \/>\n<link rel=\"canonical\" href=\"https:\/\/www.fede.education\/en\/lhomme-et-leurope\/\" \/>\n<meta property=\"og:locale\" content=\"en_US\" \/>\n<meta property=\"og:type\" content=\"article\" \/>\n<meta property=\"og:title\" content=\"Man and Europe - FEDE - F\u00e9d\u00e9ration Europ\u00e9enne Des Ecoles\" \/>\n<meta property=\"og:url\" content=\"https:\/\/www.fede.education\/en\/lhomme-et-leurope\/\" \/>\n<meta property=\"og:site_name\" content=\"FEDE - F\u00e9d\u00e9ration Europ\u00e9enne Des Ecoles\" \/>\n<meta property=\"article:publisher\" content=\"https:\/\/www.facebook.com\/fede.education\" \/>\n<meta property=\"article:modified_time\" content=\"2022-07-31T06:13:55+00:00\" \/>\n<meta name=\"twitter:card\" content=\"summary_large_image\" \/>\n<meta name=\"twitter:site\" content=\"@FEDE_OING\" \/>\n<meta name=\"twitter:label1\" content=\"Est. reading time\" \/>\n\t<meta name=\"twitter:data1\" content=\"34 minutes\" \/>\n<script type=\"application\/ld+json\" class=\"yoast-schema-graph\">{\"@context\":\"https:\/\/schema.org\",\"@graph\":[{\"@type\":\"WebPage\",\"@id\":\"https:\/\/www.fede.education\/en\/lhomme-et-leurope\/\",\"url\":\"https:\/\/www.fede.education\/en\/lhomme-et-leurope\/\",\"name\":\"Man and Europe - FEDE - F\u00e9d\u00e9ration Europ\u00e9enne Des Ecoles\",\"isPartOf\":{\"@id\":\"https:\/\/www.fede.education\/#website\"},\"datePublished\":\"2022-06-06T23:40:56+00:00\",\"dateModified\":\"2022-07-31T06:13:55+00:00\",\"breadcrumb\":{\"@id\":\"https:\/\/www.fede.education\/en\/lhomme-et-leurope\/#breadcrumb\"},\"inLanguage\":\"en-US\",\"potentialAction\":[{\"@type\":\"ReadAction\",\"target\":[\"https:\/\/www.fede.education\/en\/lhomme-et-leurope\/\"]}]},{\"@type\":\"BreadcrumbList\",\"@id\":\"https:\/\/www.fede.education\/en\/lhomme-et-leurope\/#breadcrumb\",\"itemListElement\":[{\"@type\":\"ListItem\",\"position\":1,\"name\":\"Accueil\",\"item\":\"https:\/\/www.fede.education\/en\/\"},{\"@type\":\"ListItem\",\"position\":2,\"name\":\"Man and Europe\"}]},{\"@type\":\"WebSite\",\"@id\":\"https:\/\/www.fede.education\/#website\",\"url\":\"https:\/\/www.fede.education\/\",\"name\":\"FEDE - F\u00e9d\u00e9ration Europ\u00e9enne Des Ecoles\",\"description\":\"\",\"publisher\":{\"@id\":\"https:\/\/www.fede.education\/#organization\"},\"potentialAction\":[{\"@type\":\"SearchAction\",\"target\":{\"@type\":\"EntryPoint\",\"urlTemplate\":\"https:\/\/www.fede.education\/?s={search_term_string}\"},\"query-input\":{\"@type\":\"PropertyValueSpecification\",\"valueRequired\":true,\"valueName\":\"search_term_string\"}}],\"inLanguage\":\"en-US\"},{\"@type\":\"Organization\",\"@id\":\"https:\/\/www.fede.education\/#organization\",\"name\":\"FEDE - F\u00e9d\u00e9ration Europ\u00e9enne Des Ecoles\",\"url\":\"https:\/\/www.fede.education\/\",\"logo\":{\"@type\":\"ImageObject\",\"inLanguage\":\"en-US\",\"@id\":\"https:\/\/www.fede.education\/#\/schema\/logo\/image\/\",\"url\":\"https:\/\/www.fede.education\/wp-content\/uploads\/2022\/08\/cropped-Logo_entete_site_FEDE.png\",\"contentUrl\":\"https:\/\/www.fede.education\/wp-content\/uploads\/2022\/08\/cropped-Logo_entete_site_FEDE.png\",\"width\":512,\"height\":512,\"caption\":\"FEDE - F\u00e9d\u00e9ration Europ\u00e9enne Des Ecoles\"},\"image\":{\"@id\":\"https:\/\/www.fede.education\/#\/schema\/logo\/image\/\"},\"sameAs\":[\"https:\/\/www.facebook.com\/fede.education\",\"https:\/\/x.com\/FEDE_OING\",\"https:\/\/twitter.com\/FEDE_OING\"]}]}<\/script>\n<!-- \/ Yoast SEO plugin. -->","yoast_head_json":{"title":"Man and Europe - FEDE - F\u00e9d\u00e9ration Europ\u00e9enne Des Ecoles","robots":{"index":"index","follow":"follow","max-snippet":"max-snippet:-1","max-image-preview":"max-image-preview:large","max-video-preview":"max-video-preview:-1"},"canonical":"https:\/\/www.fede.education\/en\/lhomme-et-leurope\/","og_locale":"en_US","og_type":"article","og_title":"Man and Europe - FEDE - F\u00e9d\u00e9ration Europ\u00e9enne Des Ecoles","og_url":"https:\/\/www.fede.education\/en\/lhomme-et-leurope\/","og_site_name":"FEDE - F\u00e9d\u00e9ration Europ\u00e9enne Des Ecoles","article_publisher":"https:\/\/www.facebook.com\/fede.education","article_modified_time":"2022-07-31T06:13:55+00:00","twitter_card":"summary_large_image","twitter_site":"@FEDE_OING","twitter_misc":{"Est. reading time":"34 minutes"},"schema":{"@context":"https:\/\/schema.org","@graph":[{"@type":"WebPage","@id":"https:\/\/www.fede.education\/en\/lhomme-et-leurope\/","url":"https:\/\/www.fede.education\/en\/lhomme-et-leurope\/","name":"Man and Europe - FEDE - F\u00e9d\u00e9ration Europ\u00e9enne Des Ecoles","isPartOf":{"@id":"https:\/\/www.fede.education\/#website"},"datePublished":"2022-06-06T23:40:56+00:00","dateModified":"2022-07-31T06:13:55+00:00","breadcrumb":{"@id":"https:\/\/www.fede.education\/en\/lhomme-et-leurope\/#breadcrumb"},"inLanguage":"en-US","potentialAction":[{"@type":"ReadAction","target":["https:\/\/www.fede.education\/en\/lhomme-et-leurope\/"]}]},{"@type":"BreadcrumbList","@id":"https:\/\/www.fede.education\/en\/lhomme-et-leurope\/#breadcrumb","itemListElement":[{"@type":"ListItem","position":1,"name":"Accueil","item":"https:\/\/www.fede.education\/en\/"},{"@type":"ListItem","position":2,"name":"Man and Europe"}]},{"@type":"WebSite","@id":"https:\/\/www.fede.education\/#website","url":"https:\/\/www.fede.education\/","name":"FEDE - F\u00e9d\u00e9ration Europ\u00e9enne Des Ecoles","description":"","publisher":{"@id":"https:\/\/www.fede.education\/#organization"},"potentialAction":[{"@type":"SearchAction","target":{"@type":"EntryPoint","urlTemplate":"https:\/\/www.fede.education\/?s={search_term_string}"},"query-input":{"@type":"PropertyValueSpecification","valueRequired":true,"valueName":"search_term_string"}}],"inLanguage":"en-US"},{"@type":"Organization","@id":"https:\/\/www.fede.education\/#organization","name":"FEDE - F\u00e9d\u00e9ration Europ\u00e9enne Des Ecoles","url":"https:\/\/www.fede.education\/","logo":{"@type":"ImageObject","inLanguage":"en-US","@id":"https:\/\/www.fede.education\/#\/schema\/logo\/image\/","url":"https:\/\/www.fede.education\/wp-content\/uploads\/2022\/08\/cropped-Logo_entete_site_FEDE.png","contentUrl":"https:\/\/www.fede.education\/wp-content\/uploads\/2022\/08\/cropped-Logo_entete_site_FEDE.png","width":512,"height":512,"caption":"FEDE - F\u00e9d\u00e9ration Europ\u00e9enne Des Ecoles"},"image":{"@id":"https:\/\/www.fede.education\/#\/schema\/logo\/image\/"},"sameAs":["https:\/\/www.facebook.com\/fede.education","https:\/\/x.com\/FEDE_OING","https:\/\/twitter.com\/FEDE_OING"]}]}},"_links":{"self":[{"href":"https:\/\/www.fede.education\/en\/wp-json\/wp\/v2\/pages\/37798"}],"collection":[{"href":"https:\/\/www.fede.education\/en\/wp-json\/wp\/v2\/pages"}],"about":[{"href":"https:\/\/www.fede.education\/en\/wp-json\/wp\/v2\/types\/page"}],"author":[{"embeddable":true,"href":"https:\/\/www.fede.education\/en\/wp-json\/wp\/v2\/users\/10"}],"replies":[{"embeddable":true,"href":"https:\/\/www.fede.education\/en\/wp-json\/wp\/v2\/comments?post=37798"}],"version-history":[{"count":3,"href":"https:\/\/www.fede.education\/en\/wp-json\/wp\/v2\/pages\/37798\/revisions"}],"predecessor-version":[{"id":39703,"href":"https:\/\/www.fede.education\/en\/wp-json\/wp\/v2\/pages\/37798\/revisions\/39703"}],"wp:attachment":[{"href":"https:\/\/www.fede.education\/en\/wp-json\/wp\/v2\/media?parent=37798"}],"curies":[{"name":"wp","href":"https:\/\/api.w.org\/{rel}","templated":true}]}}