{"id":37819,"date":"2022-06-07T07:01:10","date_gmt":"2022-06-07T05:01:10","guid":{"rendered":"https:\/\/www.fede.education\/la-gouvernance-et-le-monde\/"},"modified":"2022-07-31T08:28:33","modified_gmt":"2022-07-31T06:28:33","slug":"governance-and-the-world","status":"publish","type":"page","link":"https:\/\/www.fede.education\/en\/governance-and-the-world\/","title":{"rendered":"Governance and the World"},"content":{"rendered":"<p><div class=\"fusion-fullwidth fullwidth-box fusion-builder-row-1 hundred-percent-fullwidth non-hundred-percent-height-scrolling\" style=\"--awb-border-radius-top-left:0px;--awb-border-radius-top-right:0px;--awb-border-radius-bottom-right:0px;--awb-border-radius-bottom-left:0px;--awb-padding-top:0px;--awb-padding-right:0px;--awb-padding-bottom:0px;--awb-padding-left:0px;--awb-margin-bottom:20px;--awb-flex-wrap:wrap;\" ><div class=\"fusion-builder-row fusion-row\"><div class=\"fusion-layout-column fusion_builder_column fusion-builder-column-0 fusion_builder_column_1_1 1_1 fusion-one-full fusion-column-first fusion-column-last\" style=\"--awb-bg-size:cover;--awb-margin-bottom:0px;\"><div class=\"fusion-column-wrapper fusion-column-has-shadow fusion-flex-column-wrapper-legacy\"><div class=\"fusion-title title fusion-title-1 fusion-sep-none fusion-title-text fusion-title-size-one\"><h1 class=\"fusion-title-heading title-heading-left\" style=\"margin:0;\">GOVERNANCE AND THE WORLD<\/h1><\/div><div class=\"fusion-clearfix\"><\/div><\/div><\/div><\/div><\/div><div class=\"fusion-fullwidth fullwidth-box fusion-builder-row-2 hundred-percent-fullwidth non-hundred-percent-height-scrolling\" style=\"--awb-border-radius-top-left:0px;--awb-border-radius-top-right:0px;--awb-border-radius-bottom-right:0px;--awb-border-radius-bottom-left:0px;--awb-padding-top:0px;--awb-padding-right:0px;--awb-padding-bottom:0px;--awb-padding-left:0px;--awb-margin-bottom:20px;--awb-flex-wrap:wrap;\" ><div class=\"fusion-builder-row fusion-row\"><div class=\"fusion-layout-column fusion_builder_column fusion-builder-column-1 fusion_builder_column_1_2 1_2 fusion-one-half fusion-column-first\" style=\"--awb-bg-size:cover;--awb-margin-bottom:0px;width:50%;width:calc(50% - ( ( 4% ) * 0.5 ) );margin-right: 4%;\"><div class=\"fusion-column-wrapper fusion-column-has-shadow fusion-flex-column-wrapper-legacy\"><div class=\"fusion-text fusion-text-1\"><p>Nine authors have written the nine articles of the eight chapters of the present study.<\/p>\n<\/div><style type='text\/css'>.reading-box-container-1 .element-bottomshadow:before,.reading-box-container-1 .element-bottomshadow:after{opacity:0.7;}<\/style><div class=\"fusion-reading-box-container reading-box-container-1\" style=\"--awb-title-color:#333333;--awb-margin-top:40px;--awb-margin-bottom:40px;\"><div class=\"reading-box\" style=\"background-color:#f6f6f6;border-width:1px;border-color:#f6f6f6;border-left-width:3px;border-left-color:var(--primary_color);border-style:solid;\"><div class=\"reading-box-additional\">A form of advocacy for the notion of research\/action, this work consistently demonstrates the educational nature of the FEDE!<\/div><div class=\"fusion-clearfix\"><\/div><\/div><\/div><div class=\"fusion-text fusion-text-2\"><p>It tackles very current topics: from secularism in the world (Jean Michel Quillardet, lawyer), to diplomacy of influence (Genci Burimi, journalist), the FEDE and its associates wished to make this book a research book that is accessible to a broad readership. A guidance review to better navigate the intricacies of global finance (Marc Delachauss\u00e9e, lecturer and researcher), information on the internationalisation of higher education (Salima Laabi Zuber, sociologist), a directive reflection on climatology and natural disasters (Jean-Louis Bischoff, lecturer and researcher), an analysis of the \u201cshadow global government\u201d (Alain Tobelem, lecturer and researcher), synthetic descriptions of public health policies in the world (Alexandre and Jean-No\u00ebl Vall\u00e9e, doctor and professor of medicine respectively), a situational analysis of the nature of trust\/political governance relations (Ali Armand, sociologist and certified coach) argue in favour of the FEDE\u2019s aspiration.<\/p>\n<\/div><div class=\"fusion-clearfix\"><\/div><\/div><\/div><div class=\"fusion-layout-column fusion_builder_column fusion-builder-column-2 fusion_builder_column_1_2 1_2 fusion-one-half fusion-column-last\" style=\"--awb-bg-size:cover;--awb-margin-bottom:0px;width:50%;width:calc(50% - ( ( 4% ) * 0.5 ) );\"><div class=\"fusion-column-wrapper fusion-column-has-shadow fusion-flex-column-wrapper-legacy\"><div class=\"fusion-image-element in-legacy-container\" style=\"--awb-caption-title-font-family:var(--h2_typography-font-family);--awb-caption-title-font-weight:var(--h2_typography-font-weight);--awb-caption-title-font-style:var(--h2_typography-font-style);--awb-caption-title-size:var(--h2_typography-font-size);--awb-caption-title-transform:var(--h2_typography-text-transform);--awb-caption-title-line-height:var(--h2_typography-line-height);--awb-caption-title-letter-spacing:var(--h2_typography-letter-spacing);\"><span class=\" fusion-imageframe imageframe-none imageframe-1 hover-type-none\"><img decoding=\"async\" width=\"720\" height=\"456\" title=\"governance_world\" src=\"https:\/\/www.fede.education\/wp-content\/uploads\/2022\/06\/governance_world.jpg\" alt class=\"img-responsive wp-image-35060\" srcset=\"https:\/\/www.fede.education\/wp-content\/uploads\/2022\/06\/governance_world-200x127.jpg 200w, https:\/\/www.fede.education\/wp-content\/uploads\/2022\/06\/governance_world-400x253.jpg 400w, https:\/\/www.fede.education\/wp-content\/uploads\/2022\/06\/governance_world-600x380.jpg 600w, https:\/\/www.fede.education\/wp-content\/uploads\/2022\/06\/governance_world.jpg 720w\" sizes=\"(max-width: 800px) 100vw, 600px\" \/><\/span><\/div><div class=\"fusion-clearfix\"><\/div><\/div><\/div><div class=\"fusion-layout-column fusion_builder_column fusion-builder-column-3 fusion_builder_column_1_1 1_1 fusion-one-full fusion-column-first fusion-column-last\" style=\"--awb-bg-size:cover;\"><div class=\"fusion-column-wrapper fusion-column-has-shadow fusion-flex-column-wrapper-legacy\"><div class=\"fusion-builder-row fusion-builder-row-inner fusion-row\"><div class=\"fusion-layout-column fusion_builder_column_inner fusion-builder-nested-column-0 fusion_builder_column_inner_1_1 1_1 fusion-one-full fusion-column-first fusion-column-last\" style=\"--awb-padding-top:20px;--awb-padding-right:20px;--awb-padding-bottom:10px;--awb-padding-left:20px;--awb-bg-color:#edf1fa;--awb-bg-color-hover:#edf1fa;--awb-bg-size:cover;\"><div class=\"fusion-column-wrapper fusion-column-has-shadow fusion-flex-column-wrapper-legacy\"><div class=\"fusion-text fusion-text-3\"><p>This book aims to provide an understanding of the global organisational mechanisms in terms of strategy and geopolitics. It enables an analysis of the interactions between states, international institutions, economic stakeholders and civil societies. It is a combination of strategic, geopolitical, economic, social, sociological, historical, legal and even communication skills. It offers tools for analysing international governance in order to understand its complexities and issues. To understand today\u2019s world, is to be able, tomorrow, to deliver more effective, more open, more coherent, more legitimate, more responsible and therefore more efficient managerial decisions.<\/p>\n<\/div><div class=\"fusion-clearfix\"><\/div><\/div><\/div><\/div><div class=\"fusion-clearfix\"><\/div><\/div><\/div><\/div><\/div><div class=\"fusion-fullwidth fullwidth-box fusion-builder-row-3 hundred-percent-fullwidth non-hundred-percent-height-scrolling\" style=\"--awb-border-radius-top-left:0px;--awb-border-radius-top-right:0px;--awb-border-radius-bottom-right:0px;--awb-border-radius-bottom-left:0px;--awb-padding-top:0px;--awb-padding-right:0px;--awb-padding-bottom:0px;--awb-padding-left:0px;--awb-margin-bottom:20px;--awb-flex-wrap:wrap;\" ><div class=\"fusion-builder-row fusion-row\"><div class=\"fusion-layout-column fusion_builder_column fusion-builder-column-4 fusion_builder_column_1_2 1_2 fusion-one-half fusion-column-first\" style=\"--awb-bg-size:cover;--awb-margin-bottom:0px;width:50%;width:calc(50% - ( ( 4% ) * 0.5 ) );margin-right: 4%;\"><div class=\"fusion-column-wrapper fusion-column-has-shadow fusion-flex-column-wrapper-legacy\"><div class=\"fusion-title title fusion-title-2 fusion-sep-none fusion-title-text fusion-title-size-two\" style=\"--awb-margin-bottom:10px;--awb-font-size:26px;\"><h2 class=\"fusion-title-heading title-heading-left\" style=\"margin:0;font-size:1em;\">Contents<\/h2><\/div><div class=\"fusion-text fusion-text-4\"><div class=\"wpb_text_column wpb_content_element \">\n<div class=\"wpb_wrapper\">\n<p><strong>General Introduction<\/strong><br \/>\n<em><strong>Jean-Louis Bischoff<\/strong><\/em><\/p>\n<p><strong>1. Governance and Religious Beliefs<\/strong><br \/>\nSecularism in the world<br \/>\n<em><strong>Jean-Michel Quillardet<\/strong><\/em><\/p>\n<p><strong>2. Governance and Higher Education<\/strong><br \/>\nThe internationalisation of higher education, the case of China and emerging African economies<br \/>\n<em><strong>Salima Laabi Zuber<\/strong><\/em><\/p>\n<p><strong>3. Governance and Finance<\/strong><br \/>\nThe regulation of global finance<br \/>\n<em><strong>Marc Delachauss\u00e9e<\/strong><\/em><\/p>\n<p><strong>4. Governance and the Environment<\/strong><br \/>\nClimates and Disasters in the World<br \/>\nThe Paris accords<br \/>\n<em><strong>Jean-Louis Bischoff<\/strong><\/em><\/p>\n<p><strong>5. Governance and Shadow Government<\/strong><br \/>\nA Global Government in the Shadows<br \/>\n<em><strong>Alain Tobelem<\/strong><\/em><\/p>\n<p><strong>6. Governance and Public Health<\/strong><br \/>\nPublic health policies around the world<br \/>\n<em><strong>Alexandre Vall\u00e9e and Jean Noel Vall\u00e9e<\/strong><\/em><\/p>\n<p><strong>7. Governance and Confidence<\/strong><br \/>\nGovernance and political confidence<br \/>\n<em><strong>Ali Armand<\/strong><\/em><\/p>\n<p><strong>8. Governance and Diplomacy in the World<\/strong><br \/>\nThe diplomacy of influence<br \/>\n<em><strong>Genci Burimi<\/strong><\/em><\/p>\n<\/div>\n<\/div>\n<\/div><div class=\"fusion-clearfix\"><\/div><\/div><\/div><div class=\"fusion-layout-column fusion_builder_column fusion-builder-column-5 fusion_builder_column_1_2 1_2 fusion-one-half fusion-column-last\" style=\"--awb-bg-size:cover;--awb-margin-bottom:0px;width:50%;width:calc(50% - ( ( 4% ) * 0.5 ) );\"><div class=\"fusion-column-wrapper fusion-column-has-shadow fusion-flex-column-wrapper-legacy\"><div class=\"fusion-title title fusion-title-3 fusion-sep-none fusion-title-text fusion-title-size-two\" style=\"--awb-margin-bottom:10px;--awb-font-size:26px;\"><h2 class=\"fusion-title-heading title-heading-left\" style=\"margin:0;font-size:1em;\">The co-authors:<\/h2><\/div><div class=\"accordian fusion-accordian\" style=\"--awb-border-size:1px;--awb-icon-size:16px;--awb-content-font-size:14px;--awb-icon-alignment:left;--awb-hover-color:#f9f9f9;--awb-border-color:#cccccc;--awb-background-color:#ffffff;--awb-divider-color:#e0dede;--awb-divider-hover-color:#e0dede;--awb-icon-color:#ffffff;--awb-title-color:#f0663d;--awb-content-color:#747474;--awb-icon-box-color:#333333;--awb-toggle-hover-accent-color:#f0663d;--awb-title-font-family:&quot;Roboto&quot;;--awb-title-font-weight:700;--awb-title-font-style:normal;--awb-title-font-size:14px;--awb-content-font-family:&quot;Roboto&quot;;--awb-content-font-style:normal;--awb-content-font-weight:400;\"><div class=\"panel-group fusion-toggle-icon-boxed\" id=\"accordion-37819-1\"><div class=\"fusion-panel panel-default panel-26bcb083a918a52bd fusion-toggle-has-divider\"><div class=\"panel-heading\"><h4 class=\"panel-title toggle\" id=\"toggle_26bcb083a918a52bd\"><a aria-expanded=\"false\" aria-controls=\"26bcb083a918a52bd\" role=\"button\" data-toggle=\"collapse\" data-parent=\"#accordion-37819-1\" data-target=\"#26bcb083a918a52bd\" href=\"#26bcb083a918a52bd\"><span class=\"fusion-toggle-icon-wrapper\" aria-hidden=\"true\"><i class=\"fa-fusion-box active-icon awb-icon-minus\" aria-hidden=\"true\"><\/i><i class=\"fa-fusion-box inactive-icon awb-icon-plus\" aria-hidden=\"true\"><\/i><\/span><span class=\"fusion-toggle-heading\">Ali Armand<\/span><\/a><\/h4><\/div><div id=\"26bcb083a918a52bd\" class=\"panel-collapse collapse \" aria-labelledby=\"toggle_26bcb083a918a52bd\"><div class=\"panel-body toggle-content fusion-clearfix\">\n<p>Doctor of sociology, and the holder of a DESS (Diploma of Specialised higher studies) in social psychology. He was responsible for the university diploma \u201cVAE (Validation des Acquis d\u2019Exp\u00e9rience) (Validation of learning through Experience) competence assessment and career management\u201d at the University of Nanterre.<br \/>\nDirector at APAD Consulting Management Training, Ali Armand is a certified coach specializing in executive coaching.<\/p>\n<\/div><\/div><\/div><div class=\"fusion-panel panel-default panel-c0267df0b023ed48e fusion-toggle-has-divider\"><div class=\"panel-heading\"><h4 class=\"panel-title toggle\" id=\"toggle_c0267df0b023ed48e\"><a aria-expanded=\"false\" aria-controls=\"c0267df0b023ed48e\" role=\"button\" data-toggle=\"collapse\" data-parent=\"#accordion-37819-1\" data-target=\"#c0267df0b023ed48e\" href=\"#c0267df0b023ed48e\"><span class=\"fusion-toggle-icon-wrapper\" aria-hidden=\"true\"><i class=\"fa-fusion-box active-icon awb-icon-minus\" aria-hidden=\"true\"><\/i><i class=\"fa-fusion-box inactive-icon awb-icon-plus\" aria-hidden=\"true\"><\/i><\/span><span class=\"fusion-toggle-heading\">Jean-Louis Bischoff<\/span><\/a><\/h4><\/div><div id=\"c0267df0b023ed48e\" class=\"panel-collapse collapse \" aria-labelledby=\"toggle_c0267df0b023ed48e\"><div class=\"panel-body toggle-content fusion-clearfix\">PhD in Philosophy (Ecole Pratique des Hautes \u00c9tudes), Professor empowered and authorised to conduct and oversee research (University of Artois), he is a graduate of the Institute of Training for the Study and Teaching of Religions (IFER), and an associate researcher (Texts and cultures laboratory \u2011 internal team \u201cLiteratures and cultures of childhood and youth \/ Robinson Center\u201d) of the University of Artois.<\/p>\n<p>Jean\u2011Louis Bischoff has always worked in the music, communication and entertainment industries: from the production of musical shows (\u00c9lys\u00e9e Montmartre) to cinematographic productions (Max Linder), on to communication (Young Persons Card of the Secretariat of State for Youth and for Sport, as well as working with the city of Lille municipality and Francaise des Jeux (National French Gaming Organisation).<\/p>\n<p>As a Professor of Philosophy in Higher Education, Jean\u2011Louis Bischoff, works at various art and luxury colleges and also at the Institut Sup\u00e9rieur de P\u00e9dagogie (ISP) (the Higher Institute of Teaching) in Paris. He lectures on the themes of creation and contemporary trends, and proposes research on the philosophy of religions, the reshaping of belief and the sacred in contemporary pop culture, the perception of trends, the philosophy of education and aesthetic philosophy.<\/p>\n<p>Jean\u2011Louis Bischoff is Director of Research of the FEDE and Director of the Trends Division of the FEDE doctoral school.<\/div><\/div><\/div><div class=\"fusion-panel panel-default panel-8cb1de18e39cf7d5c fusion-toggle-has-divider\"><div class=\"panel-heading\"><h4 class=\"panel-title toggle\" id=\"toggle_8cb1de18e39cf7d5c\"><a aria-expanded=\"false\" aria-controls=\"8cb1de18e39cf7d5c\" role=\"button\" data-toggle=\"collapse\" data-parent=\"#accordion-37819-1\" data-target=\"#8cb1de18e39cf7d5c\" href=\"#8cb1de18e39cf7d5c\"><span class=\"fusion-toggle-icon-wrapper\" aria-hidden=\"true\"><i class=\"fa-fusion-box active-icon awb-icon-minus\" aria-hidden=\"true\"><\/i><i class=\"fa-fusion-box inactive-icon awb-icon-plus\" aria-hidden=\"true\"><\/i><\/span><span class=\"fusion-toggle-heading\">Genci Burimi<\/span><\/a><\/h4><\/div><div id=\"8cb1de18e39cf7d5c\" class=\"panel-collapse collapse \" aria-labelledby=\"toggle_8cb1de18e39cf7d5c\"><div class=\"panel-body toggle-content fusion-clearfix\">Graduate of the Institut d\u2019Etudes Politiques de Paris and of the Sorbonne, holding a Master\u2019s degree in International Relations. He teaches at the Faculty of European Studies in Cluj (Romania) as part of a seminar on European funds. Genci Burimi is a journalist in Paris at Radio France Internationale and a former diplomat holding the role of cultural attach\u00e9 of Albania in France. He is also part of the an editorial team of the main daily newspaper in Albania and responsible for the annual economic report of the country in the special issue of the journal Economiste \u201cLe monde en\u2026\u201d.<\/div><\/div><\/div><div class=\"fusion-panel panel-default panel-046c2ac73588eaf14 fusion-toggle-has-divider\"><div class=\"panel-heading\"><h4 class=\"panel-title toggle\" id=\"toggle_046c2ac73588eaf14\"><a aria-expanded=\"false\" aria-controls=\"046c2ac73588eaf14\" role=\"button\" data-toggle=\"collapse\" data-parent=\"#accordion-37819-1\" data-target=\"#046c2ac73588eaf14\" href=\"#046c2ac73588eaf14\"><span class=\"fusion-toggle-icon-wrapper\" aria-hidden=\"true\"><i class=\"fa-fusion-box active-icon awb-icon-minus\" aria-hidden=\"true\"><\/i><i class=\"fa-fusion-box inactive-icon awb-icon-plus\" aria-hidden=\"true\"><\/i><\/span><span class=\"fusion-toggle-heading\">Marc Delachauss\u00e9e<\/span><\/a><\/h4><\/div><div id=\"046c2ac73588eaf14\" class=\"panel-collapse collapse \" aria-labelledby=\"toggle_046c2ac73588eaf14\"><div class=\"panel-body toggle-content fusion-clearfix\">Graduate of the Ecole Normale Sup\u00e9rieure de Cachan, and holder of a DEA (Diploma in Applied Studies) in General Policy and Strategy of Organizations.<br \/>\nMarc Delachauss\u00e9e has been successively in charge of financial management and risk management of the BPCE (Caisse d\u2019Epargne Banque Populaire) (Savings department of the Popular Bank) and treasurer of Natixis Global Asset Management (Groupe BPCE).<\/div><\/div><\/div><div class=\"fusion-panel panel-default panel-51fbca44e03174f5f fusion-toggle-has-divider\"><div class=\"panel-heading\"><h4 class=\"panel-title toggle\" id=\"toggle_51fbca44e03174f5f\"><a aria-expanded=\"false\" aria-controls=\"51fbca44e03174f5f\" role=\"button\" data-toggle=\"collapse\" data-parent=\"#accordion-37819-1\" data-target=\"#51fbca44e03174f5f\" href=\"#51fbca44e03174f5f\"><span class=\"fusion-toggle-icon-wrapper\" aria-hidden=\"true\"><i class=\"fa-fusion-box active-icon awb-icon-minus\" aria-hidden=\"true\"><\/i><i class=\"fa-fusion-box inactive-icon awb-icon-plus\" aria-hidden=\"true\"><\/i><\/span><span class=\"fusion-toggle-heading\">Salima Laabi Zuber<\/span><\/a><\/h4><\/div><div id=\"51fbca44e03174f5f\" class=\"panel-collapse collapse \" aria-labelledby=\"toggle_51fbca44e03174f5f\"><div class=\"panel-body toggle-content fusion-clearfix\">Doctorate in Political Sociology (Paris 8), and is a graduate (sup) of the IRIS (Institut de Relation Internationale et Strategiques) in geo\u2011economics and strategic intelligence, she worked in the Political Department of the Moroccan Embassy and promoted the Think Tank IPEMED founded and directed by Jean Louis Guigou.<\/div><\/div><\/div><div class=\"fusion-panel panel-default panel-8f89b00c3d5bea461 fusion-toggle-has-divider\"><div class=\"panel-heading\"><h4 class=\"panel-title toggle\" id=\"toggle_8f89b00c3d5bea461\"><a aria-expanded=\"false\" aria-controls=\"8f89b00c3d5bea461\" role=\"button\" data-toggle=\"collapse\" data-parent=\"#accordion-37819-1\" data-target=\"#8f89b00c3d5bea461\" href=\"#8f89b00c3d5bea461\"><span class=\"fusion-toggle-icon-wrapper\" aria-hidden=\"true\"><i class=\"fa-fusion-box active-icon awb-icon-minus\" aria-hidden=\"true\"><\/i><i class=\"fa-fusion-box inactive-icon awb-icon-plus\" aria-hidden=\"true\"><\/i><\/span><span class=\"fusion-toggle-heading\">Jean\u2011Michel Quillardet<\/span><\/a><\/h4><\/div><div id=\"8f89b00c3d5bea461\" class=\"panel-collapse collapse \" aria-labelledby=\"toggle_8f89b00c3d5bea461\"><div class=\"panel-body toggle-content fusion-clearfix\">Doctor of Law, lawyer at the Paris Bar, created the Jean Zay chair devoted to the teaching of secularism at Sciences Po Bordeaux. In 2008, he founded with Antoine Sfeir \u201cThe international observatory of secularism against community abuses\u201d. He has been a member of the National Advisory Commission on Human Rights and an academic teacher at the University of \u00c9vry.<\/div><\/div><\/div><div class=\"fusion-panel panel-default panel-4423c4f8b57f3f52a fusion-toggle-has-divider\"><div class=\"panel-heading\"><h4 class=\"panel-title toggle\" id=\"toggle_4423c4f8b57f3f52a\"><a aria-expanded=\"false\" aria-controls=\"4423c4f8b57f3f52a\" role=\"button\" data-toggle=\"collapse\" data-parent=\"#accordion-37819-1\" data-target=\"#4423c4f8b57f3f52a\" href=\"#4423c4f8b57f3f52a\"><span class=\"fusion-toggle-icon-wrapper\" aria-hidden=\"true\"><i class=\"fa-fusion-box active-icon awb-icon-minus\" aria-hidden=\"true\"><\/i><i class=\"fa-fusion-box inactive-icon awb-icon-plus\" aria-hidden=\"true\"><\/i><\/span><span class=\"fusion-toggle-heading\">Alain Tobelem<\/span><\/a><\/h4><\/div><div id=\"4423c4f8b57f3f52a\" class=\"panel-collapse collapse \" aria-labelledby=\"toggle_4423c4f8b57f3f52a\"><div class=\"panel-body toggle-content fusion-clearfix\">\n<p>Doctor in Development Economics (University of Sorbonne\u2011Paris) and Professor empowered and authorized to direct management research (University of Nice). Alain Tobelem is also a graduate of Sciences Po, the Institut de Hautes \u00c9tudes for Latin America, CELSA, (Centre for Literary Studies and Applied Science) and the Sorbonne \u2011 Paris (Hispanic and Lusitanian languages and civilizations). An international conference speaker and lecturer, he is currently leading a doctoral research programme at the Ceram Sophia Antipolis Higher Business School.<br \/>\nAlain Tobelem is the director of the governance division of the FEDE doctoral school.<\/p>\n<\/div><\/div><\/div><div class=\"fusion-panel panel-default panel-e752cd92e06943126 fusion-toggle-has-divider\"><div class=\"panel-heading\"><h4 class=\"panel-title toggle\" id=\"toggle_e752cd92e06943126\"><a aria-expanded=\"false\" aria-controls=\"e752cd92e06943126\" role=\"button\" data-toggle=\"collapse\" data-parent=\"#accordion-37819-1\" data-target=\"#e752cd92e06943126\" href=\"#e752cd92e06943126\"><span class=\"fusion-toggle-icon-wrapper\" aria-hidden=\"true\"><i class=\"fa-fusion-box active-icon awb-icon-minus\" aria-hidden=\"true\"><\/i><i class=\"fa-fusion-box inactive-icon awb-icon-plus\" aria-hidden=\"true\"><\/i><\/span><span class=\"fusion-toggle-heading\">Alexandre Vall\u00e9e<\/span><\/a><\/h4><\/div><div id=\"e752cd92e06943126\" class=\"panel-collapse collapse \" aria-labelledby=\"toggle_e752cd92e06943126\"><div class=\"panel-body toggle-content fusion-clearfix\">\n<p>Alexandre Vall\u00e9e is a doctor of medicine, and a specialist in public health and health economics, and holder of a master\u2019s degree in biomedical ethics. Alexandre Vall\u00e9e, is currently a doctoral student in applied mathematics (CNRS Poitiers). He has taught and worked within the hospital context.<\/p>\n<\/div><\/div><\/div><div class=\"fusion-panel panel-default panel-6a1a7df6456ef7e65 fusion-toggle-has-divider\"><div class=\"panel-heading\"><h4 class=\"panel-title toggle\" id=\"toggle_6a1a7df6456ef7e65\"><a aria-expanded=\"false\" aria-controls=\"6a1a7df6456ef7e65\" role=\"button\" data-toggle=\"collapse\" data-parent=\"#accordion-37819-1\" data-target=\"#6a1a7df6456ef7e65\" href=\"#6a1a7df6456ef7e65\"><span class=\"fusion-toggle-icon-wrapper\" aria-hidden=\"true\"><i class=\"fa-fusion-box active-icon awb-icon-minus\" aria-hidden=\"true\"><\/i><i class=\"fa-fusion-box inactive-icon awb-icon-plus\" aria-hidden=\"true\"><\/i><\/span><span class=\"fusion-toggle-heading\">Jean-No\u00ebl Vall\u00e9e<\/span><\/a><\/h4><\/div><div id=\"6a1a7df6456ef7e65\" class=\"panel-collapse collapse \" aria-labelledby=\"toggle_6a1a7df6456ef7e65\"><div class=\"panel-body toggle-content fusion-clearfix\">Jean-No\u00ebl Vall\u00e9e is a Doctor of Medicine (Necker University \u2013 Paris V), a graduate winner of the Faculty of Medicine and professor empowered and authorised to oversee research in Neurosciences. He also has a Ph.D. in Physical Sciences (Paris 13), is a graduate (3rd cycle) from the Faculty of Letters (Lyon 3), a graduate (2nd cycle) from the Institute of Business Administration (Lyon 3) and graduate of a Grande Ecole d\u2019Ing\u00e9nieur (Higher School of Engineering ) (INSA Lyon).<br \/>\nHe is a former intern and former assistant head of the Clinique des Hopitaux de Paris.<br \/>\nJean-No\u00ebl Vall\u00e9e is Director of the Innovation Division of the FEDE Doctoral School.<\/div><\/div><\/div><\/div><\/div><div class=\"fusion-clearfix\"><\/div><\/div><\/div><\/div><\/div><div class=\"fusion-fullwidth fullwidth-box fusion-builder-row-4 hundred-percent-fullwidth non-hundred-percent-height-scrolling\" style=\"--awb-border-radius-top-left:0px;--awb-border-radius-top-right:0px;--awb-border-radius-bottom-right:0px;--awb-border-radius-bottom-left:0px;--awb-padding-top:0px;--awb-padding-right:0px;--awb-padding-bottom:0px;--awb-padding-left:0px;--awb-margin-bottom:20px;--awb-flex-wrap:wrap;\" ><div class=\"fusion-builder-row fusion-row\"><div class=\"fusion-layout-column fusion_builder_column fusion-builder-column-6 fusion_builder_column_1_1 1_1 fusion-one-full fusion-column-first fusion-column-last\" style=\"--awb-bg-size:cover;\"><div class=\"fusion-column-wrapper fusion-column-has-shadow fusion-flex-column-wrapper-legacy\"><div class=\"fusion-title title fusion-title-4 fusion-title-center fusion-title-text fusion-title-size-four\" style=\"--awb-font-size:20px;\"><div class=\"title-sep-container title-sep-container-left\"><div class=\"title-sep sep-single sep-solid\" style=\"border-color:#e0dede;\"><\/div><\/div><span class=\"awb-title-spacer\"><\/span><h4 class=\"fusion-title-heading title-heading-center\" style=\"margin:0;font-size:1em;\">FEDE News<\/h4><span class=\"awb-title-spacer\"><\/span><div class=\"title-sep-container title-sep-container-right\"><div class=\"title-sep sep-single sep-solid\" style=\"border-color:#e0dede;\"><\/div><\/div><\/div><div class=\"fusion-clearfix\"><\/div><\/div><\/div><\/div><\/div><div class=\"fusion-fullwidth fullwidth-box fusion-builder-row-5 hundred-percent-fullwidth non-hundred-percent-height-scrolling\" style=\"--awb-border-radius-top-left:0px;--awb-border-radius-top-right:0px;--awb-border-radius-bottom-right:0px;--awb-border-radius-bottom-left:0px;--awb-padding-top:0px;--awb-padding-right:0px;--awb-padding-bottom:0px;--awb-padding-left:0px;--awb-margin-bottom:20px;--awb-background-color:#f4f4f4;--awb-flex-wrap:wrap;\" ><div class=\"fusion-builder-row fusion-row\"><div class=\"fusion-layout-column fusion_builder_column fusion-builder-column-7 fusion_builder_column_1_1 1_1 fusion-one-full fusion-column-first fusion-column-last\" style=\"--awb-bg-size:cover;\"><div class=\"fusion-column-wrapper fusion-column-has-shadow fusion-flex-column-wrapper-legacy\"><div class=\"fusion-recent-posts fusion-recent-posts-1 avada-container layout-default layout-columns-4\"><section class=\"fusion-columns columns fusion-columns-4 columns-4\"><article class=\"post fusion-column column col col-lg-3 col-md-3 col-sm-3\"><div class=\"fusion-flexslider fusion-flexslider-loading flexslider flexslider-hover-type-none\"><ul class=\"slides\"><li><a href=\"https:\/\/www.fede.education\/en\/2024\/05\/31\/2024-decisive-elections-for-democracy\/\" aria-label=\"2024: Decisive elections for democracy\" class=\"hover-type-none\"><img decoding=\"async\" width=\"1200\" height=\"627\" src=\"https:\/\/www.fede.education\/wp-content\/uploads\/2024\/05\/Article-democratie.jpg\" class=\"attachment-full size-full\" alt=\"\" srcset=\"https:\/\/www.fede.education\/wp-content\/uploads\/2024\/05\/Article-democratie-200x105.jpg 200w, https:\/\/www.fede.education\/wp-content\/uploads\/2024\/05\/Article-democratie-400x209.jpg 400w, https:\/\/www.fede.education\/wp-content\/uploads\/2024\/05\/Article-democratie-600x314.jpg 600w, https:\/\/www.fede.education\/wp-content\/uploads\/2024\/05\/Article-democratie-800x418.jpg 800w, https:\/\/www.fede.education\/wp-content\/uploads\/2024\/05\/Article-democratie.jpg 1200w\" sizes=\"(min-width: 2200px) 100vw, (min-width: 856px) 253px, (min-width: 784px) 337px, (min-width: 712px) 505px, (min-width: 640px) 712px, \" \/><\/a><\/li><\/ul><\/div><div class=\"recent-posts-content\"><span class=\"vcard\" style=\"display: none;\"><span class=\"fn\"><a href=\"https:\/\/www.fede.education\/en\/author\/tbui\/\" title=\"Posts by Trang BUI\" rel=\"author\">Trang BUI<\/a><\/span><\/span><span class=\"updated\" style=\"display:none;\">2024-05-31T17:17:55+02:00<\/span><h4 class=\"entry-title\"><a href=\"https:\/\/www.fede.education\/en\/2024\/05\/31\/2024-decisive-elections-for-democracy\/\">2024: Decisive elections for democracy<\/a><\/h4><p> The year 2024 promises to be a period of electoral density unequalled since universal suffrage was first introduced in 1792 by a pioneering country, France, at a time when only men had the right<a href=\"https:\/\/www.fede.education\/en\/2024\/05\/31\/2024-decisive-elections-for-democracy\/\"> <strong>[lire plus]<\/strong><\/a><\/p><\/div><\/article><article class=\"post fusion-column column col col-lg-3 col-md-3 col-sm-3\"><div class=\"fusion-flexslider fusion-flexslider-loading flexslider flexslider-hover-type-none\"><ul class=\"slides\"><li><a href=\"https:\/\/www.fede.education\/en\/2024\/03\/06\/womens-day-challenges-for-2024-meeting-with-blerina-zoto\/\" aria-label=\"Women&#8217;s Day: Challenges for 2024 &#8211; Meeting with Blerina Zoto\" class=\"hover-type-none\"><img decoding=\"async\" width=\"1200\" height=\"627\" src=\"https:\/\/www.fede.education\/wp-content\/uploads\/2024\/03\/Blerina-ZOTO.png\" class=\"attachment-full size-full\" alt=\"\" srcset=\"https:\/\/www.fede.education\/wp-content\/uploads\/2024\/03\/Blerina-ZOTO-200x105.png 200w, https:\/\/www.fede.education\/wp-content\/uploads\/2024\/03\/Blerina-ZOTO-400x209.png 400w, https:\/\/www.fede.education\/wp-content\/uploads\/2024\/03\/Blerina-ZOTO-600x314.png 600w, https:\/\/www.fede.education\/wp-content\/uploads\/2024\/03\/Blerina-ZOTO-800x418.png 800w, https:\/\/www.fede.education\/wp-content\/uploads\/2024\/03\/Blerina-ZOTO.png 1200w\" sizes=\"(min-width: 2200px) 100vw, (min-width: 856px) 253px, (min-width: 784px) 337px, (min-width: 712px) 505px, (min-width: 640px) 712px, \" \/><\/a><\/li><\/ul><\/div><div class=\"recent-posts-content\"><span class=\"vcard\" style=\"display: none;\"><span class=\"fn\"><a href=\"https:\/\/www.fede.education\/en\/author\/tbui\/\" title=\"Posts by Trang BUI\" rel=\"author\">Trang BUI<\/a><\/span><\/span><span class=\"updated\" style=\"display:none;\">2024-03-07T12:00:17+01:00<\/span><h4 class=\"entry-title\"><a href=\"https:\/\/www.fede.education\/en\/2024\/03\/06\/womens-day-challenges-for-2024-meeting-with-blerina-zoto\/\">Women&#8217;s Day: Challenges for 2024 &#8211; Meeting with Blerina Zoto<\/a><\/h4><p>  To mark the 61st anniversary of the FEDE and International Women\u2019s Day on March 2024, we had the privilege of meeting Blerina Zoto, member of the FEDE Executive Board. An Albanian-Swiss diplomat, human<a href=\"https:\/\/www.fede.education\/en\/2024\/03\/06\/womens-day-challenges-for-2024-meeting-with-blerina-zoto\/\"> <strong>[lire plus]<\/strong><\/a><\/p><\/div><\/article><article class=\"post fusion-column column col col-lg-3 col-md-3 col-sm-3\"><div class=\"fusion-flexslider fusion-flexslider-loading flexslider flexslider-hover-type-none\"><ul class=\"slides\"><li><a href=\"https:\/\/www.fede.education\/en\/2023\/12\/01\/kerline-paul-boosting-the-identity-and-reputation-of-solidarity-based-economics\/\" aria-label=\"Kerline Paul: \u2018Boosting the identity and reputation of solidarity-based economics\u2019\" class=\"hover-type-none\"><img decoding=\"async\" width=\"1200\" height=\"627\" src=\"https:\/\/www.fede.education\/wp-content\/uploads\/2023\/12\/Kerlin-Paul.png\" class=\"attachment-full size-full\" alt=\"\" srcset=\"https:\/\/www.fede.education\/wp-content\/uploads\/2023\/12\/Kerlin-Paul-200x105.png 200w, https:\/\/www.fede.education\/wp-content\/uploads\/2023\/12\/Kerlin-Paul-400x209.png 400w, https:\/\/www.fede.education\/wp-content\/uploads\/2023\/12\/Kerlin-Paul-600x314.png 600w, https:\/\/www.fede.education\/wp-content\/uploads\/2023\/12\/Kerlin-Paul-800x418.png 800w, https:\/\/www.fede.education\/wp-content\/uploads\/2023\/12\/Kerlin-Paul.png 1200w\" sizes=\"(min-width: 2200px) 100vw, (min-width: 856px) 253px, (min-width: 784px) 337px, (min-width: 712px) 505px, (min-width: 640px) 712px, \" \/><\/a><\/li><\/ul><\/div><div class=\"recent-posts-content\"><span class=\"vcard\" style=\"display: none;\"><span class=\"fn\"><a href=\"https:\/\/www.fede.education\/en\/author\/tbui\/\" title=\"Posts by Trang BUI\" rel=\"author\">Trang BUI<\/a><\/span><\/span><span class=\"updated\" style=\"display:none;\">2023-12-01T12:00:11+01:00<\/span><h4 class=\"entry-title\"><a href=\"https:\/\/www.fede.education\/en\/2023\/12\/01\/kerline-paul-boosting-the-identity-and-reputation-of-solidarity-based-economics\/\">Kerline Paul: \u2018Boosting the identity and reputation of solidarity-based economics\u2019<\/a><\/h4><p> Kerline Paul has worked as a bilingual executive assistant for over 20 years. In preparing meetings and files, in organising seminars and training courses, and in managing customers, she has honed her capacity for<a href=\"https:\/\/www.fede.education\/en\/2023\/12\/01\/kerline-paul-boosting-the-identity-and-reputation-of-solidarity-based-economics\/\"> <strong>[lire plus]<\/strong><\/a><\/p><\/div><\/article><article class=\"post fusion-column column col col-lg-3 col-md-3 col-sm-3\"><div class=\"fusion-flexslider fusion-flexslider-loading flexslider flexslider-hover-type-none\"><ul class=\"slides\"><li><a href=\"https:\/\/www.fede.education\/en\/2023\/12\/01\/jean-frederic-minatchy-wants-to-find-a-fruitful-human-way-to-manage\/\" aria-label=\"Jean Frederic Minatchy wants to find a fruitful, human way to manage\" class=\"hover-type-none\"><img decoding=\"async\" width=\"1200\" height=\"627\" src=\"https:\/\/www.fede.education\/wp-content\/uploads\/2023\/12\/Jean-Frederique-Minatchy.png\" class=\"attachment-full size-full\" alt=\"\" srcset=\"https:\/\/www.fede.education\/wp-content\/uploads\/2023\/12\/Jean-Frederique-Minatchy-200x105.png 200w, https:\/\/www.fede.education\/wp-content\/uploads\/2023\/12\/Jean-Frederique-Minatchy-400x209.png 400w, https:\/\/www.fede.education\/wp-content\/uploads\/2023\/12\/Jean-Frederique-Minatchy-600x314.png 600w, https:\/\/www.fede.education\/wp-content\/uploads\/2023\/12\/Jean-Frederique-Minatchy-800x418.png 800w, https:\/\/www.fede.education\/wp-content\/uploads\/2023\/12\/Jean-Frederique-Minatchy.png 1200w\" sizes=\"(min-width: 2200px) 100vw, (min-width: 856px) 253px, (min-width: 784px) 337px, (min-width: 712px) 505px, (min-width: 640px) 712px, \" \/><\/a><\/li><\/ul><\/div><div class=\"recent-posts-content\"><span class=\"vcard\" style=\"display: none;\"><span class=\"fn\"><a href=\"https:\/\/www.fede.education\/en\/author\/tbui\/\" title=\"Posts by Trang BUI\" rel=\"author\">Trang BUI<\/a><\/span><\/span><span class=\"updated\" style=\"display:none;\">2023-12-01T11:48:55+01:00<\/span><h4 class=\"entry-title\"><a href=\"https:\/\/www.fede.education\/en\/2023\/12\/01\/jean-frederic-minatchy-wants-to-find-a-fruitful-human-way-to-manage\/\">Jean Frederic Minatchy wants to find a fruitful, human way to manage<\/a><\/h4><p> In 2012, Jean Fr\u00e9d\u00e9ric Minatchy set up a firm specialised in training (coaching and professional mentoring). He has also continued his career as a teacher, lecturing at N\u00e9oma Business School and the Universit\u00e9 de<a href=\"https:\/\/www.fede.education\/en\/2023\/12\/01\/jean-frederic-minatchy-wants-to-find-a-fruitful-human-way-to-manage\/\"> <strong>[lire plus]<\/strong><\/a><\/p><\/div><\/article><\/section><\/div><div class=\"fusion-clearfix\"><\/div><\/div><\/div><\/div><\/div><div class=\"fusion-fullwidth fullwidth-box fusion-builder-row-6 fusion-flex-container nonhundred-percent-fullwidth non-hundred-percent-height-scrolling\" style=\"--awb-border-radius-top-left:0px;--awb-border-radius-top-right:0px;--awb-border-radius-bottom-right:0px;--awb-border-radius-bottom-left:0px;--awb-flex-wrap:wrap;\" ><div class=\"fusion-builder-row fusion-row fusion-flex-align-items-flex-start fusion-flex-content-wrap\" style=\"max-width:1144px;margin-left: calc(-4% \/ 2 );margin-right: calc(-4% \/ 2 );\"><div class=\"fusion-layout-column fusion_builder_column fusion-builder-column-8 fusion_builder_column_1_1 1_1 fusion-flex-column\" style=\"--awb-bg-size:cover;--awb-width-large:100%;--awb-margin-top-large:0px;--awb-spacing-right-large:1.92%;--awb-margin-bottom-large:20px;--awb-spacing-left-large:1.92%;--awb-width-medium:100%;--awb-order-medium:0;--awb-spacing-right-medium:1.92%;--awb-spacing-left-medium:1.92%;--awb-width-small:100%;--awb-order-small:0;--awb-spacing-right-small:1.92%;--awb-spacing-left-small:1.92%;\"><div class=\"fusion-column-wrapper fusion-column-has-shadow fusion-flex-justify-content-flex-start fusion-content-layout-column\"><div class=\"fusion-sharing-box fusion-sharing-box-1 has-taglines layout-floated layout-medium-floated layout-small-stacked\" style=\"background-color:#87c35c;border-color:#cccccc;--awb-tagline-text-size:20px;--awb-separator-border-color:#cccccc;--awb-separator-border-sizes:0px;--awb-layout:row;--awb-alignment-small:space-between;--awb-stacked-align-small:center;\" data-title=\"Jean Frederic Minatchy wants to find a fruitful, human way to manage\" data-description=\"In 2012, Jean Fr\u00e9d\u00e9ric Minatchy set up a firm specialised in training (coaching and professional mentoring). He has also continued his career as a teacher, lecturing at N\u00e9oma Business School and the Universit\u00e9 de La R\u00e9union, where he has supervised bachelor\u2019s and master\u2019s dissertations. He also has taught marketing and human resources management at the\" data-link=\"https:\/\/www.fede.education\/en\/2023\/12\/01\/jean-frederic-minatchy-wants-to-find-a-fruitful-human-way-to-manage\/\"><h4 class=\"tagline\" style=\"color:#ffffff;\">Share this FEDE page with your community!<\/h4><div class=\"fusion-social-networks sharingbox-shortcode-icon-wrapper sharingbox-shortcode-icon-wrapper-1\"><span><a href=\"https:\/\/www.facebook.com\/sharer.php?u=https%3A%2F%2Fwww.fede.education%2Fen%2F2023%2F12%2F01%2Fjean-frederic-minatchy-wants-to-find-a-fruitful-human-way-to-manage%2F&amp;t=Jean%20Frederic%20Minatchy%20wants%20to%20find%20a%20fruitful%2C%20human%20way%20to%20manage\" target=\"_blank\" rel=\"noreferrer\" title=\"Facebook\" aria-label=\"Facebook\" data-placement=\"top\" data-toggle=\"tooltip\" data-title=\"Facebook\"><i class=\"fusion-social-network-icon fusion-tooltip fusion-facebook awb-icon-facebook\" style=\"color:#ffffff;\" aria-hidden=\"true\"><\/i><\/a><\/span><span><a href=\"https:\/\/x.com\/share?text=Jean%20Frederic%20Minatchy%20wants%20to%20find%20a%20fruitful%2C%20human%20way%20to%20manage&amp;url=https%3A%2F%2Fwww.fede.education%2Fen%2F2023%2F12%2F01%2Fjean-frederic-minatchy-wants-to-find-a-fruitful-human-way-to-manage%2F\" target=\"_blank\" rel=\"noopener noreferrer\" title=\"X\" aria-label=\"X\" data-placement=\"top\" data-toggle=\"tooltip\" data-title=\"X\"><i class=\"fusion-social-network-icon fusion-tooltip fusion-twitter awb-icon-twitter\" style=\"color:#ffffff;\" aria-hidden=\"true\"><\/i><\/a><\/span><span><a href=\"https:\/\/www.linkedin.com\/shareArticle?mini=true&amp;url=https%3A%2F%2Fwww.fede.education%2Fen%2F2023%2F12%2F01%2Fjean-frederic-minatchy-wants-to-find-a-fruitful-human-way-to-manage%2F&amp;title=Jean%20Frederic%20Minatchy%20wants%20to%20find%20a%20fruitful%2C%20human%20way%20to%20manage&amp;summary=In%202012%2C%20Jean%20Fr%C3%A9d%C3%A9ric%20Minatchy%20set%20up%20a%20firm%20specialised%20in%20training%20%28coaching%20and%20professional%20mentoring%29.%20He%20has%20also%20continued%20his%20career%20as%20a%20teacher%2C%20lecturing%20at%20N%C3%A9oma%20Business%20School%20and%20the%20Universit%C3%A9%20de%20La%20R%C3%A9union%2C%20where%20he%20has%20supervised%20bachelor%E2%80%99s%20and%20master%E2%80%99s%20dissertations.%20He%20also%20has%20taught%20marketing%20and%20human%20resources%20management%20at%20the\" target=\"_blank\" rel=\"noopener noreferrer\" title=\"LinkedIn\" aria-label=\"LinkedIn\" data-placement=\"top\" data-toggle=\"tooltip\" data-title=\"LinkedIn\"><i class=\"fusion-social-network-icon fusion-tooltip fusion-linkedin awb-icon-linkedin\" style=\"color:#ffffff;\" aria-hidden=\"true\"><\/i><\/a><\/span><span><a href=\"mailto:?subject=Jean%20Frederic%20Minatchy%20wants%20to%20find%20a%20fruitful%2C%20human%20way%20to%20manage&amp;body=https%3A%2F%2Fwww.fede.education%2Fen%2F2023%2F12%2F01%2Fjean-frederic-minatchy-wants-to-find-a-fruitful-human-way-to-manage%2F\" target=\"_self\" title=\"Email\" aria-label=\"Email\" data-placement=\"top\" data-toggle=\"tooltip\" data-title=\"Email\"><i class=\"fusion-social-network-icon fusion-tooltip fusion-mail awb-icon-mail\" style=\"color:#ffffff;\" aria-hidden=\"true\"><\/i><\/a><\/span><\/div><\/div><\/div><\/div><\/div><\/div><\/p>\n","protected":false},"excerpt":{"rendered":"","protected":false},"author":10,"featured_media":0,"parent":0,"menu_order":0,"comment_status":"closed","ping_status":"closed","template":"","meta":{"_acf_changed":false,"footnotes":""},"class_list":["post-37819","page","type-page","status-publish","hentry"],"acf":[],"yoast_head":"<!-- This site is optimized with the Yoast SEO plugin v23.5 - https:\/\/yoast.com\/wordpress\/plugins\/seo\/ -->\n<title>Governance and the World - FEDE - F\u00e9d\u00e9ration Europ\u00e9enne Des Ecoles<\/title>\n<meta name=\"robots\" content=\"index, follow, max-snippet:-1, max-image-preview:large, max-video-preview:-1\" \/>\n<link rel=\"canonical\" href=\"https:\/\/www.fede.education\/en\/governance-and-the-world\/\" \/>\n<meta property=\"og:locale\" content=\"en_US\" \/>\n<meta property=\"og:type\" content=\"article\" \/>\n<meta property=\"og:title\" content=\"Governance and the World - FEDE - F\u00e9d\u00e9ration Europ\u00e9enne Des Ecoles\" \/>\n<meta property=\"og:url\" content=\"https:\/\/www.fede.education\/en\/governance-and-the-world\/\" \/>\n<meta property=\"og:site_name\" content=\"FEDE - F\u00e9d\u00e9ration Europ\u00e9enne Des Ecoles\" \/>\n<meta property=\"article:publisher\" content=\"https:\/\/www.facebook.com\/fede.education\" \/>\n<meta property=\"article:modified_time\" content=\"2022-07-31T06:28:33+00:00\" \/>\n<meta name=\"twitter:card\" content=\"summary_large_image\" \/>\n<meta name=\"twitter:site\" content=\"@FEDE_OING\" \/>\n<meta name=\"twitter:label1\" content=\"Est. reading time\" \/>\n\t<meta name=\"twitter:data1\" content=\"35 minutes\" \/>\n<script type=\"application\/ld+json\" class=\"yoast-schema-graph\">{\"@context\":\"https:\/\/schema.org\",\"@graph\":[{\"@type\":\"WebPage\",\"@id\":\"https:\/\/www.fede.education\/en\/governance-and-the-world\/\",\"url\":\"https:\/\/www.fede.education\/en\/governance-and-the-world\/\",\"name\":\"Governance and the World - FEDE - F\u00e9d\u00e9ration Europ\u00e9enne Des Ecoles\",\"isPartOf\":{\"@id\":\"https:\/\/www.fede.education\/#website\"},\"datePublished\":\"2022-06-07T05:01:10+00:00\",\"dateModified\":\"2022-07-31T06:28:33+00:00\",\"breadcrumb\":{\"@id\":\"https:\/\/www.fede.education\/en\/governance-and-the-world\/#breadcrumb\"},\"inLanguage\":\"en-US\",\"potentialAction\":[{\"@type\":\"ReadAction\",\"target\":[\"https:\/\/www.fede.education\/en\/governance-and-the-world\/\"]}]},{\"@type\":\"BreadcrumbList\",\"@id\":\"https:\/\/www.fede.education\/en\/governance-and-the-world\/#breadcrumb\",\"itemListElement\":[{\"@type\":\"ListItem\",\"position\":1,\"name\":\"Accueil\",\"item\":\"https:\/\/www.fede.education\/en\/\"},{\"@type\":\"ListItem\",\"position\":2,\"name\":\"Governance and the World\"}]},{\"@type\":\"WebSite\",\"@id\":\"https:\/\/www.fede.education\/#website\",\"url\":\"https:\/\/www.fede.education\/\",\"name\":\"FEDE - F\u00e9d\u00e9ration Europ\u00e9enne Des Ecoles\",\"description\":\"\",\"publisher\":{\"@id\":\"https:\/\/www.fede.education\/#organization\"},\"potentialAction\":[{\"@type\":\"SearchAction\",\"target\":{\"@type\":\"EntryPoint\",\"urlTemplate\":\"https:\/\/www.fede.education\/?s={search_term_string}\"},\"query-input\":{\"@type\":\"PropertyValueSpecification\",\"valueRequired\":true,\"valueName\":\"search_term_string\"}}],\"inLanguage\":\"en-US\"},{\"@type\":\"Organization\",\"@id\":\"https:\/\/www.fede.education\/#organization\",\"name\":\"FEDE - F\u00e9d\u00e9ration Europ\u00e9enne Des Ecoles\",\"url\":\"https:\/\/www.fede.education\/\",\"logo\":{\"@type\":\"ImageObject\",\"inLanguage\":\"en-US\",\"@id\":\"https:\/\/www.fede.education\/#\/schema\/logo\/image\/\",\"url\":\"https:\/\/www.fede.education\/wp-content\/uploads\/2022\/08\/cropped-Logo_entete_site_FEDE.png\",\"contentUrl\":\"https:\/\/www.fede.education\/wp-content\/uploads\/2022\/08\/cropped-Logo_entete_site_FEDE.png\",\"width\":512,\"height\":512,\"caption\":\"FEDE - F\u00e9d\u00e9ration Europ\u00e9enne Des Ecoles\"},\"image\":{\"@id\":\"https:\/\/www.fede.education\/#\/schema\/logo\/image\/\"},\"sameAs\":[\"https:\/\/www.facebook.com\/fede.education\",\"https:\/\/x.com\/FEDE_OING\",\"https:\/\/twitter.com\/FEDE_OING\"]}]}<\/script>\n<!-- \/ Yoast SEO plugin. -->","yoast_head_json":{"title":"Governance and the World - FEDE - F\u00e9d\u00e9ration Europ\u00e9enne Des Ecoles","robots":{"index":"index","follow":"follow","max-snippet":"max-snippet:-1","max-image-preview":"max-image-preview:large","max-video-preview":"max-video-preview:-1"},"canonical":"https:\/\/www.fede.education\/en\/governance-and-the-world\/","og_locale":"en_US","og_type":"article","og_title":"Governance and the World - FEDE - F\u00e9d\u00e9ration Europ\u00e9enne Des Ecoles","og_url":"https:\/\/www.fede.education\/en\/governance-and-the-world\/","og_site_name":"FEDE - F\u00e9d\u00e9ration Europ\u00e9enne Des Ecoles","article_publisher":"https:\/\/www.facebook.com\/fede.education","article_modified_time":"2022-07-31T06:28:33+00:00","twitter_card":"summary_large_image","twitter_site":"@FEDE_OING","twitter_misc":{"Est. reading time":"35 minutes"},"schema":{"@context":"https:\/\/schema.org","@graph":[{"@type":"WebPage","@id":"https:\/\/www.fede.education\/en\/governance-and-the-world\/","url":"https:\/\/www.fede.education\/en\/governance-and-the-world\/","name":"Governance and the World - FEDE - F\u00e9d\u00e9ration Europ\u00e9enne Des Ecoles","isPartOf":{"@id":"https:\/\/www.fede.education\/#website"},"datePublished":"2022-06-07T05:01:10+00:00","dateModified":"2022-07-31T06:28:33+00:00","breadcrumb":{"@id":"https:\/\/www.fede.education\/en\/governance-and-the-world\/#breadcrumb"},"inLanguage":"en-US","potentialAction":[{"@type":"ReadAction","target":["https:\/\/www.fede.education\/en\/governance-and-the-world\/"]}]},{"@type":"BreadcrumbList","@id":"https:\/\/www.fede.education\/en\/governance-and-the-world\/#breadcrumb","itemListElement":[{"@type":"ListItem","position":1,"name":"Accueil","item":"https:\/\/www.fede.education\/en\/"},{"@type":"ListItem","position":2,"name":"Governance and the World"}]},{"@type":"WebSite","@id":"https:\/\/www.fede.education\/#website","url":"https:\/\/www.fede.education\/","name":"FEDE - F\u00e9d\u00e9ration Europ\u00e9enne Des Ecoles","description":"","publisher":{"@id":"https:\/\/www.fede.education\/#organization"},"potentialAction":[{"@type":"SearchAction","target":{"@type":"EntryPoint","urlTemplate":"https:\/\/www.fede.education\/?s={search_term_string}"},"query-input":{"@type":"PropertyValueSpecification","valueRequired":true,"valueName":"search_term_string"}}],"inLanguage":"en-US"},{"@type":"Organization","@id":"https:\/\/www.fede.education\/#organization","name":"FEDE - F\u00e9d\u00e9ration Europ\u00e9enne Des Ecoles","url":"https:\/\/www.fede.education\/","logo":{"@type":"ImageObject","inLanguage":"en-US","@id":"https:\/\/www.fede.education\/#\/schema\/logo\/image\/","url":"https:\/\/www.fede.education\/wp-content\/uploads\/2022\/08\/cropped-Logo_entete_site_FEDE.png","contentUrl":"https:\/\/www.fede.education\/wp-content\/uploads\/2022\/08\/cropped-Logo_entete_site_FEDE.png","width":512,"height":512,"caption":"FEDE - F\u00e9d\u00e9ration Europ\u00e9enne Des Ecoles"},"image":{"@id":"https:\/\/www.fede.education\/#\/schema\/logo\/image\/"},"sameAs":["https:\/\/www.facebook.com\/fede.education","https:\/\/x.com\/FEDE_OING","https:\/\/twitter.com\/FEDE_OING"]}]}},"_links":{"self":[{"href":"https:\/\/www.fede.education\/en\/wp-json\/wp\/v2\/pages\/37819"}],"collection":[{"href":"https:\/\/www.fede.education\/en\/wp-json\/wp\/v2\/pages"}],"about":[{"href":"https:\/\/www.fede.education\/en\/wp-json\/wp\/v2\/types\/page"}],"author":[{"embeddable":true,"href":"https:\/\/www.fede.education\/en\/wp-json\/wp\/v2\/users\/10"}],"replies":[{"embeddable":true,"href":"https:\/\/www.fede.education\/en\/wp-json\/wp\/v2\/comments?post=37819"}],"version-history":[{"count":3,"href":"https:\/\/www.fede.education\/en\/wp-json\/wp\/v2\/pages\/37819\/revisions"}],"predecessor-version":[{"id":39742,"href":"https:\/\/www.fede.education\/en\/wp-json\/wp\/v2\/pages\/37819\/revisions\/39742"}],"wp:attachment":[{"href":"https:\/\/www.fede.education\/en\/wp-json\/wp\/v2\/media?parent=37819"}],"curies":[{"name":"wp","href":"https:\/\/api.w.org\/{rel}","templated":true}]}}